{"nodes":[{"node":{"title":"Metal-Demenz-Aeon","body":"Sendezeit: jeden 1. und 4. Sonntag von 22 \u2013 24 Uhr\nDJ's:Hubert, Ole, Sandor, Ozzi und Sturm","series_nid":"94","series_start":"2017-08-27T22:00:00+02:00","series_end":"2017-08-28T00:00:00+02:00","nid":"1064","type":"Sendereihe"}},{"node":{"title":"Nachtprogramm","body":"Durch die Nacht mit ausgew\u00e4hlten Musiksendungen von RDL.","series_nid":"405","series_start":"2017-08-28T00:00:00+02:00","series_end":"2017-08-28T07:00:00+02:00","nid":"17168","type":"Sendereihe"}},{"node":{"title":"Historisches Tagesinfo","body":"Das Tagesinfo war bei Radio Dreyeckland \u00fcber Jahrzehnte bis in die sp\u00e4ten 90er Jahre regelm\u00e4\u00dfig um 18 Uhr zu h\u00f6ren.","series_nid":"589","series_start":"2017-08-28T10:00:00+02:00","series_end":"2017-08-28T11:00:00+02:00","nid":"21096","type":"Sendereihe"}},{"node":{"title":"punkt12","body":"Mittagsmagazin mit Veranstaltungshinweisen f\u00fcr das Dreyeckland. Sendezeit: Montag bis Freitag von 12 bis 13 Uhr Fokussiert auf unser Sendegebiet h\u00f6rt ihr mittags zwischen 12:00 und 13:00 Uhr aktuelle Interviews und Portraits, Beitr\u00e4ge, Nachrichten und Rezensionen sowie Veranstaltungs- und Programmhinweise aus und f\u00fcr die subkulturellen Szenen des Dreyecklandes.","series_nid":"954","series_start":"2017-08-28T12:00:00+02:00","series_end":"2017-08-28T13:00:00+02:00","nid":"588","type":"Sendereihe"}},{"node":{"title":"Freistunde FM - Jugendradio (Wdh.)","body":"","series_nid":"202","series_start":"2017-08-28T13:00:00+02:00","series_end":"2017-08-28T14:00:00+02:00","nid":"17219","type":"Sendereihen-Wiederholung"}},{"node":{"title":"Espaco Aberto (Wdh.)","body":"","series_nid":"7","series_start":"2017-08-28T14:00:00+02:00","series_end":"2017-08-28T15:00:00+02:00","nid":"35597","type":"Sendereihen-Wiederholung"}},{"node":{"title":"Slavonic Dances","body":"Sendezeit: Montags 15 Uhr","series_nid":"208","series_start":"2017-08-28T15:00:00+02:00","series_end":"2017-08-28T16:00:00+02:00","nid":"1068","type":"Sendereihe"}},{"node":{"title":"Esperanto Magazin' (Montag)","body":"Sendezeit:\nMontags 2./4./5. im Monat 16-17 Uhr\nSonnntags 1./3./5. im Monat 13-14 Uhr\nprezentado","series_nid":"106","series_start":"2017-08-28T16:00:00+02:00","series_end":"2017-08-28T17:00:00+02:00","nid":"17765","type":"Sendereihe"}},{"node":{"title":"Musikmagazin","body":"Montag bis Freitag immer um 17 Uhr aktuelles Konzertgeschehen, Interviews und Neuheiten. Dazu genre-\u00fcbergreifend Musik.","series_nid":"1,040","series_start":"2017-08-28T17:00:00+02:00","series_end":"2017-08-28T18:00:00+02:00","nid":"766","type":"Sendereihe"}},{"node":{"title":"Infomagazin","body":"Eine Auswahl aktueller Beitr\u00e4ge zu politischen und gesellschaftlichen Themen aus Freiburg und der Welt. Montags, mittwochs und freitags um 18 Uhr.","series_nid":"417","series_start":"2017-08-28T18:00:00+02:00","series_end":"2017-08-28T19:00:00+02:00","nid":"21867","type":"Sendereihe"}},{"node":{"title":"Infomagazin","body":"Eine Auswahl aktueller Beitr\u00e4ge zu politischen und gesellschaftlichen Themen aus Freiburg und der Welt. Montags, mittwochs und freitags um 18 Uhr.","series_nid":"418","series_start":"2017-08-28T18:00:00+02:00","series_end":"2017-08-28T19:00:00+02:00","nid":"21867","type":"Sendereihe"}},{"node":{"title":" Chaosradio Freiburg","body":"Mitmachen und Feedback,\u00a0live hier oder\u00a0anachronistisch\u00a0im Archiv \u2026","series_nid":"9","series_start":"2017-08-28T19:00:00+02:00","series_end":"2017-08-28T20:00:00+02:00","nid":"35236","type":"Sendereihe"}},{"node":{"title":"Restrisiko","body":"Sendezeit: Jeden 4. Montag des Monats um 20 Uhr (Wiederholung am Dienstag um 13 Uhr)","series_nid":"43","series_start":"2017-08-28T20:00:00+02:00","series_end":"2017-08-28T21:00:00+02:00","nid":"19053","type":"Sendereihe"}},{"node":{"title":"Babylon Calling","body":"Sendezeit: jeden Montag von 21 - 22.30 UhrDJs: Wolf, Thomas, Werner und J\u00fcrgen","series_nid":"208","series_start":"2017-08-28T21:00:00+02:00","series_end":"2017-08-28T22:30:00+02:00","nid":"17144","type":"Sendereihe"}},{"node":{"title":"Midnight BBQ","body":"Sizzlin \u00b4Hoz\u00a0 & Soulful funkin\u00b4\nSendezeit: alle 2 Wochen Montags 22.30 - 24 Uhr\n\u00a0","series_nid":"102","series_start":"2017-08-28T22:30:00+02:00","series_end":"2017-08-28T23:55:00+02:00","nid":"17167","type":"Sendereihe"}},{"node":{"title":"Tagesinfo von Dienstag, 25.08.1992","body":"\n\n\n\n\n\n\n\n\nDI\n25.08.92\n1","series_nid":"","series_start":"","series_end":"","nid":"36901","type":"Beitrag"}},{"node":{"title":"Knastfunk 27.08.2017","body":"","series_nid":"","series_start":"","series_end":"","nid":"36900","type":"Beitrag"}},{"node":{"title":"Freistunde FM - Jugendradio 28.08.2017","body":"","series_nid":"","series_start":"","series_end":"","nid":"36902","type":"Beitrag"}},{"node":{"title":"Espaco Aberto (brasilianisch) 27.08.2017","body":"","series_nid":"","series_start":"","series_end":"","nid":"36896","type":"Beitrag"}},{"node":{"title":"Slavonic Dances 28.08.2017","body":"","series_nid":"","series_start":"","series_end":"","nid":"36903","type":"Beitrag"}},{"node":{"title":"Esperanto Magazin' (Montag) 28.08.2017","body":"","series_nid":"","series_start":"","series_end":"","nid":"36904","type":"Beitrag"}},{"node":{"title":"Infomagazin 28.08.2017","body":"","series_nid":"","series_start":"","series_end":"","nid":"36906","type":"Beitrag"}},{"node":{"title":"Greenpeace Radio Freiburg 28.08.2017","body":"","series_nid":"","series_start":"","series_end":"","nid":"36907","type":"Beitrag"}},{"node":{"title":"restrisiko","body":"Die Themen:","series_nid":"","series_start":"","series_end":"","nid":"36905","type":"Beitrag"}}]}