{"nodes":[{"node":{"title":"Nachtprogramm","body":"Durch die Nacht mit ausgew\u00e4hlten Musiksendungen von RDL.","series_nid":"406","series_start":"2017-08-29T00:00:00+02:00","series_end":"2017-08-29T07:00:00+02:00","nid":"17168","type":"Sendereihe"}},{"node":{"title":"Democracy Now (US-Magazin)","body":"Aktueller Hinweis (17.10.2023) von der RDL Betriebsgruppe","series_nid":"1,019","series_start":"2017-08-29T07:00:00+02:00","series_end":"2017-08-29T08:00:00+02:00","nid":"17238","type":"Sendereihe"}},{"node":{"title":"Historisches Tagesinfo","body":"Das Tagesinfo war bei Radio Dreyeckland \u00fcber Jahrzehnte bis in die sp\u00e4ten 90er Jahre regelm\u00e4\u00dfig um 18 Uhr zu h\u00f6ren.","series_nid":"590","series_start":"2017-08-29T10:00:00+02:00","series_end":"2017-08-29T11:00:00+02:00","nid":"21096","type":"Sendereihe"}},{"node":{"title":"Greenpeace Radio Freiburg (Wdh.)","body":"","series_nid":"50","series_start":"2017-08-29T11:00:00+02:00","series_end":"2017-08-29T12:00:00+02:00","nid":"17211","type":"Sendereihen-Wiederholung"}},{"node":{"title":"Chaosradio Freiburg (Wdh.)","body":"","series_nid":"10","series_start":"2017-08-29T11:00:00+02:00","series_end":"2017-08-29T12:00:00+02:00","nid":"35237","type":"Sendereihen-Wiederholung"}},{"node":{"title":"punkt12","body":"Mittagsmagazin mit Veranstaltungshinweisen f\u00fcr das Dreyeckland. Sendezeit: Montag bis Freitag von 12 bis 13 Uhr Fokussiert auf unser Sendegebiet h\u00f6rt ihr mittags zwischen 12:00 und 13:00 Uhr aktuelle Interviews und Portraits, Beitr\u00e4ge, Nachrichten und Rezensionen sowie Veranstaltungs- und Programmhinweise aus und f\u00fcr die subkulturellen Szenen des Dreyecklandes.","series_nid":"955","series_start":"2017-08-29T12:00:00+02:00","series_end":"2017-08-29T13:00:00+02:00","nid":"588","type":"Sendereihe"}},{"node":{"title":"Restrisiko (Wdh.)","body":"","series_nid":"47","series_start":"2017-08-29T13:00:00+02:00","series_end":"2017-08-29T14:00:00+02:00","nid":"19055","type":"Sendereihen-Wiederholung"}},{"node":{"title":"O-Ton Playback (Wdh.)","body":"","series_nid":"220","series_start":"2017-08-29T14:00:00+02:00","series_end":"2017-08-29T15:00:00+02:00","nid":"17237","type":"Sendereihen-Wiederholung"}},{"node":{"title":"Philosophisches Experiment (Wdh.)","body":"","series_nid":"47","series_start":"2017-08-29T14:00:00+02:00","series_end":"2017-08-29T14:00:00+02:00","nid":"19059","type":"Sendereihen-Wiederholung"}},{"node":{"title":"Keine Heimat (Euro Folk)","body":"Sendezeit: jeden Dienstag von 15 - 16 Uhr\nDJ: Christian Rath","series_nid":"204","series_start":"2017-08-29T15:00:00+02:00","series_end":"2017-08-29T16:00:00+02:00","nid":"17151","type":"Sendereihe"}},{"node":{"title":"Musikmagazin","body":"Montag bis Freitag immer um 17 Uhr aktuelles Konzertgeschehen, Interviews und Neuheiten. Dazu genre-\u00fcbergreifend Musik.","series_nid":"1,041","series_start":"2017-08-29T17:00:00+02:00","series_end":"2017-08-29T18:00:00+02:00","nid":"766","type":"Sendereihe"}},{"node":{"title":"D\u00e9rive - Radio f\u00fcr Stadtforschung","body":"Im August 2017 am 15.8, 22.8 und 29.8. um 18 Uhr","series_nid":"2","series_start":"2017-08-29T18:00:00+02:00","series_end":"2017-08-29T19:00:00+02:00","nid":"36737","type":"Sendereihe"}},{"node":{"title":"SpaceFEMfm","body":"Feministische Sendung aus \u00d6sterreich. Immer am 5. Dienstag des Monats um 19 Uhr (Wiederholung am Mittwoch um 11 Uhr)","series_nid":"13","series_start":"2017-08-29T19:00:00+02:00","series_end":"2017-08-29T20:00:00+02:00","nid":"22183","type":"Sendereihe"}},{"node":{"title":"La Radio","body":"LaRadio, fr\u00fcher als FrauenLesbenRadio bekannt, ist das autonome queere und feministische Radio auf der Frequenz von Radio Dreyeckland.","series_nid":"207","series_start":"2017-08-29T20:00:00+02:00","series_end":"2017-08-29T22:00:00+02:00","nid":"776","type":"Sendereihe"}},{"node":{"title":"Magical Mystery Mix","body":"Sendezeit: jeden ersten, dritten (und manchmal f\u00fcnften) Dienstag im Monat von 22 - 23 Uhr. DJ: Kurt Maninouk","series_nid":"107","series_start":"2017-08-29T22:00:00+02:00","series_end":"2017-08-29T23:00:00+02:00","nid":"17758","type":"Sendereihe"}},{"node":{"title":"Bei Tschernobill","body":"Sendezeit: Jeden 1., 3. und 5. Dienstag des Monats (immer nach dem Magical Mystery Mix) von 23-1 Uhr\nDJ: Tschernobill\n\u00a0","series_nid":"112","series_start":"2017-08-29T23:00:00+02:00","series_end":"2017-08-30T01:00:00+02:00","nid":"17146","type":"Sendereihe"}},{"node":{"title":"Tagesinfo von Mittwoch, 26.08.1992","body":"\n\n\n\n\n\n\n\n\nMI\n26.08.92\n1","series_nid":"","series_start":"","series_end":"","nid":"36908","type":"Beitrag"}},{"node":{"title":"Greenpeace Radio Freiburg 28.08.2017","body":"","series_nid":"","series_start":"","series_end":"","nid":"36907","type":"Beitrag"}},{"node":{"title":"Ein Wahlrecht, das alles k\u00f6nnen will und dabei Verzerrungen produziert","body":"Eigentlich sollen nach der Wahl am 24. September 598 Abgeordnete in den Bundestag einziehen. Seit Jahren sind es aber - meist deutlich - mehr.","series_nid":"","series_start":"","series_end":"","nid":"36909","type":"Beitrag"}},{"node":{"title":"Verbotsbegr\u00fcndung \"extrem problematisch\"","body":"Beim Verbot von linksunten.indymedia und in der Berichterstattung geht vieles durcheinander: Da geht es um Waffen, die erst angeblich in Wohnr\u00e4umen, dann doch in der KTS gefunden w","series_nid":"","series_start":"","series_end":"","nid":"36911","type":"Beitrag"}},{"node":{"title":"restrisiko","body":"Die Themen:","series_nid":"","series_start":"","series_end":"","nid":"36905","type":"Beitrag"}},{"node":{"title":"Philosophisches Experiment 25.08.2017","body":"","series_nid":"","series_start":"","series_end":"","nid":"36880","type":"Beitrag"}},{"node":{"title":"Keine Heimat (Euro Folk) 29.08.2017","body":"","series_nid":"","series_start":"","series_end":"","nid":"36910","type":"Beitrag"}},{"node":{"title":"Internationale Solidarit\u00e4tsdemo f\u00fcr Freitag am 9.September in Freiburg angek\u00fcndigt","body":"Aus einer Presseaussendung, die wir unten dokumentieren, ergibt sich, dass am\n09.09.2017, 19:00 Uhr, Freiburg Bertoldsbrunnen ","series_nid":"","series_start":"","series_end":"","nid":"36912","type":"Beitrag"}},{"node":{"title":"De Maiziere belastet \"Sicherheitspartnerschaft\" mit Wahlkampfauftritt in Weil","body":"Polizeimeldung vom 20.8.2017\n\"Am Montagabend, 28.08.2017 hielt sich der \nBundesminister des Innern, Dr. Thomas de Maizi\u00e8re, in der Zeit von ","series_nid":"","series_start":"","series_end":"","nid":"36913","type":"Beitrag"}},{"node":{"title":"d\u00e9rive - Radio f\u00fcr Stadtforschung","body":"Die Zukunft der Menschheit liegt in den St\u00e4dten. Im Jahre 2050 werden mehr als drei Viertel der Weltbev\u00f6lkerung in Megacities leben.","series_nid":"","series_start":"","series_end":"","nid":"36703","type":"Beitrag"}},{"node":{"title":"SpaceFEMfm 29.08.2017","body":"","series_nid":"","series_start":"","series_end":"","nid":"36915","type":"Beitrag"}},{"node":{"title":"La Radio 29.08.2017","body":"","series_nid":"","series_start":"","series_end":"","nid":"36916","type":"Beitrag"}}]}