{"nodes":[{"node":{"title":"Nachtprogramm","body":"Durch die Nacht mit ausgew\u00e4hlten Musiksendungen von RDL.","series_nid":"562","series_start":"2019-02-26T00:00:00+01:00","series_end":"2019-02-26T07:00:00+01:00","nid":"17168","type":"Sendereihe"}},{"node":{"title":"Democracy Now (US-Magazin)","body":"Aktueller Hinweis (17.10.2023) von der RDL Betriebsgruppe","series_nid":"1,404","series_start":"2019-02-26T07:00:00+01:00","series_end":"2019-02-26T08:00:00+01:00","nid":"17238","type":"Sendereihe"}},{"node":{"title":"Morgenradio","body":"Das Morgenradio unterh\u00e4lt und informiert \u00fcber politische, gesellschaftliche kulturelle Themen aus Freiburg und dem Umland, aus Europa und weltweit. Jeden Morgen, Montag bis Freitag von 8-10.","series_nid":"17","series_start":"2019-02-26T08:00:00+01:00","series_end":"2019-02-26T10:00:00+01:00","nid":"44809","type":"Sendereihe"}},{"node":{"title":"Historisches Tagesinfo","body":"Das Tagesinfo war bei Radio Dreyeckland \u00fcber Jahrzehnte bis in die sp\u00e4ten 90er Jahre regelm\u00e4\u00dfig um 18 Uhr zu h\u00f6ren.","series_nid":"901","series_start":"2019-02-26T10:00:00+01:00","series_end":"2019-02-26T11:00:00+01:00","nid":"21096","type":"Sendereihe"}},{"node":{"title":"Chaosradio Freiburg (Wdh.)","body":"","series_nid":"54","series_start":"2019-02-26T11:00:00+01:00","series_end":"2019-02-26T12:00:00+01:00","nid":"35237","type":"Sendereihen-Wiederholung"}},{"node":{"title":"punkt12","body":"Mittagsmagazin mit Veranstaltungshinweisen f\u00fcr das Dreyeckland. Sendezeit: Montag bis Freitag von 12 bis 13 Uhr Fokussiert auf unser Sendegebiet h\u00f6rt ihr mittags zwischen 12:00 und 13:00 Uhr aktuelle Interviews und Portraits, Beitr\u00e4ge, Nachrichten und Rezensionen sowie Veranstaltungs- und Programmhinweise aus und f\u00fcr die subkulturellen Szenen des Dreyecklandes.","series_nid":"1,333","series_start":"2019-02-26T12:00:00+01:00","series_end":"2019-02-26T13:00:00+01:00","nid":"588","type":"Sendereihe"}},{"node":{"title":"Restrisiko (Wdh.)","body":"","series_nid":"71","series_start":"2019-02-26T13:00:00+01:00","series_end":"2019-02-26T14:00:00+01:00","nid":"19055","type":"Sendereihen-Wiederholung"}},{"node":{"title":"Restrisiko (Wdh.)","body":"","series_nid":"72","series_start":"2019-02-26T13:00:00+01:00","series_end":"2019-02-26T14:00:00+01:00","nid":"19055","type":"Sendereihen-Wiederholung"}},{"node":{"title":"O-Ton Playback (Wdh.)","body":"","series_nid":"304","series_start":"2019-02-26T14:00:00+01:00","series_end":"2019-02-26T15:00:00+01:00","nid":"17237","type":"Sendereihen-Wiederholung"}},{"node":{"title":"Philosophisches Experiment (Wdh.)","body":"","series_nid":"63","series_start":"2019-02-26T14:00:00+01:00","series_end":"2019-02-26T14:00:00+01:00","nid":"19059","type":"Sendereihen-Wiederholung"}},{"node":{"title":"Keine Heimat (Euro Folk)","body":"Sendezeit: jeden Dienstag von 15 - 16 Uhr\nDJ: Christian Rath","series_nid":"282","series_start":"2019-02-26T15:00:00+01:00","series_end":"2019-02-26T16:00:00+01:00","nid":"17151","type":"Sendereihe"}},{"node":{"title":"+1C@f\u00e9","body":"+1C@f\u00e9\n... ist ein zweisprachiger Podcast aus Brasilien und Deutschland\n... es um Podcast bilingue do Brasil e Alemana","series_nid":"53","series_start":"2019-02-26T16:00:00+01:00","series_end":"2019-02-26T17:00:00+01:00","nid":"24398","type":"Sendereihe"}},{"node":{"title":"Demenz - Podcast  - F\u00fcr alle die sich mit Demenz befassen","body":"Der Demenz-Podcast des medhochzwei Verlags und der Deutschen Alzheimer Gesellschaft e.V. ist nun auch monatlich bei Radio Dreyeckland zu h\u00f6ren. Autorin und Moderatorin Christine Sch\u00f6n.","series_nid":"47","series_start":"2019-02-26T16:00:00+01:00","series_end":"2019-02-26T17:00:00+01:00","nid":"29345","type":"Sendereihe"}},{"node":{"title":"Musikmagazin","body":"Montag bis Freitag immer um 17 Uhr aktuelles Konzertgeschehen, Interviews und Neuheiten. Dazu genre-\u00fcbergreifend Musik.","series_nid":"1,428","series_start":"2019-02-26T17:00:00+01:00","series_end":"2019-02-26T18:00:00+01:00","nid":"766","type":"Sendereihe"}},{"node":{"title":"Focus Kultur","body":"Focus Kultur ist Eure verl\u00e4ssliche akustische Quelle mit dem lokalen wie internationalen kulturellen Input, hintergr\u00fcndigen Berichten zu Theater, Musik, Kino, Kunst, Literarischem, Kulinarischem un","series_nid":"159","series_start":"2019-02-26T18:00:00+01:00","series_end":"2019-02-26T19:00:00+01:00","nid":"17186","type":"Sendereihe"}},{"node":{"title":"radio%attac","body":"Sendezeit: Jeden 1.,3., 4. und manchmal 5. Dienstag um 19.00 Uhr (Wiederholung am Mittwoch um 11.00 Uhr).\nMagazin von Radio Attac \u00d6sterreich zu Themen des ATTAC-Netzwerkes.\n\u00a0","series_nid":"37","series_start":"2019-02-26T19:00:00+01:00","series_end":"2019-02-26T20:00:00+01:00","nid":"26141","type":"Sendereihe"}},{"node":{"title":"La Radio","body":"LaRadio, fr\u00fcher als FrauenLesbenRadio bekannt, ist das autonome queere und feministische Radio auf der Frequenz von Radio Dreyeckland.","series_nid":"285","series_start":"2019-02-26T20:00:00+01:00","series_end":"2019-02-26T22:00:00+01:00","nid":"776","type":"Sendereihe"}},{"node":{"title":"Chrono-Chartory","body":"[Chronologische Chart Historie] \n\u00a0","series_nid":"131","series_start":"2019-02-26T22:00:00+01:00","series_end":"2019-02-26T23:00:00+01:00","nid":"17148","type":"Sendereihe"}},{"node":{"title":"Der Putsch ist gescheitert, die USA wollen Krieg","body":"Venezuelas Opposition ruft nach einer milit\u00e4rischen Intervention der Vereinigten Staaten und ihren Verb\u00fcndeten um die Regierung von Venezuelas Pr\u00e4sident Nicol\u00e1s Maduro zu st\u00fcrzen. U.S.","series_nid":"","series_start":"","series_end":"","nid":"45019","type":"Beitrag"}},{"node":{"title":"Argentinien: Wieder landesweite Proteste f\u00fcr das Recht auf Abtreibung","body":"(Buenos Aires, 21.","series_nid":"","series_start":"","series_end":"","nid":"45021","type":"Beitrag"}},{"node":{"title":"In Stuttgart demonstrieren 1.200 Streikende im \u00d6ffentlichen Dienst","body":"Auf dem Stuttgarter Schlossplatz versammelten sich gestern 1.200 Streikende aus allen Bereichen des \u00d6ffentlichen Dienstes der L\u00e4nder.","series_nid":"","series_start":"","series_end":"","nid":"45022","type":"Beitrag"}},{"node":{"title":"\u201eStoppt die Rekrutierung von unter 18-J\u00e4hrigen \u2013 weltweit! Keine Waffen in Kinderh\u00e4nde!\u201c","body":"Am heutigen 26.","series_nid":"","series_start":"","series_end":"","nid":"45024","type":"Beitrag"}},{"node":{"title":"Focus Europa Nachrichten vom Dienstag, dem 26. Februar","body":"Labour-Chef Corbyn droht May mit zweitem Referendum\nKonservative Abgeordnete rebellieren gegen Mays Brexit-Kurs","series_nid":"","series_start":"","series_end":"","nid":"45013","type":"Beitrag"}},{"node":{"title":"Labour-Chef Corbyn droht May mit zweitem Referendum","body":"F\u00fcr den Fall, dass die britische Regierungschefin nicht auf die Brexit-Linie des F\u00fchrers der Labour Party, Jeremy Corbyn einschwenkt, will die Labour-F\u00fchrung im Parlament einen Antrag auf ein zweit","series_nid":"","series_start":"","series_end":"","nid":"45014","type":"Beitrag"}},{"node":{"title":"Konservative Abgeordnete rebellieren gegen Mays Brexit-Kurs","body":"Nach einem Bericht des Guardian verlangen 25 Abgeordnete der konservativen Regierungspartei von May, dass sie einen No-Deal-Brexit ausschlie\u00dft.","series_nid":"","series_start":"","series_end":"","nid":"45015","type":"Beitrag"}},{"node":{"title":"Internationaler Gerichtshof f\u00fcr R\u00e4umung des Chagos Archipels durch Gro\u00dfbritannien","body":"In einem Rechtsgutachten erkl\u00e4rt der Internationale Gerichtshof in Den Haag die Zugeh\u00f6rigkeit des Chagos Archipels im Indischen Ozean zu Gro\u00dfbritannien f\u00fcr rechtswidrig.","series_nid":"","series_start":"","series_end":"","nid":"45016","type":"Beitrag"}},{"node":{"title":"Kurienkardinal wegen Kindesmissbrauchs verurteilt","body":"Wegen Missbrauch an zwei damals 13-j\u00e4hrigen Chorknaben in den 90-ger Jahren hat ein Gericht in Melbourne den Kurienkardinal George Pell schuldig gesprochen. Pell bestreitet die Vorw\u00fcrfe.","series_nid":"","series_start":"","series_end":"","nid":"45017","type":"Beitrag"}},{"node":{"title":"Innenministerium will Satire-Video zur Aufnahme Schiffbr\u00fcchiger verbieten","body":"Das Bundesministerium des Inneren undf\u00fcr Heimat will YouTube mit einer einstweiligen Verf\u00fcgung dazu zwingen, ein satirisches Video vom Netz zu nehmen.","series_nid":"","series_start":"","series_end":"","nid":"45018","type":"Beitrag"}},{"node":{"title":"Tagesinfo von Montag, 28.02.1994","body":"Mo\u00a0\u00a0\u00a0\u00a0\u00a0 28.02.1994\u00a0 0\u00a0 Intro\u00a02:54","series_nid":"","series_start":"","series_end":"","nid":"45020","type":"Beitrag"}},{"node":{"title":"\"Unser B\u00fccher riechen nach Heu\"","body":"2015 konnte best\u00e4tigt werden, dass Gras f\u00fcr die Produktion von Wellpappe, Karton und grafischen Papieren eingesetzt werden kann.","series_nid":"","series_start":"","series_end":"","nid":"45023","type":"Beitrag"}},{"node":{"title":"\u201eStoppt die Rekrutierung von unter 18-J\u00e4hrigen \u2013 weltweit! Keine Waffen in Kinderh\u00e4nde!\u201c","body":"Am heutigen 26.","series_nid":"","series_start":"","series_end":"","nid":"45024","type":"Beitrag"}},{"node":{"title":"Warnstreiks im \u00f6ffentlichen Dienst der L\u00e4nder","body":"Allein in Stuttgart beteiligten sich 1200 Menschen am Warnstreik im \u00f6ffentlichen Dienst der L\u00e4nder.","series_nid":"","series_start":"","series_end":"","nid":"45025","type":"Beitrag"}},{"node":{"title":"Aktivist*innen von Ende Gel\u00e4nde zu zwei Monaten Haft verurteilt","body":"Gestern, am 25.2., wurden drei Aktivist*innen von Ende Gel\u00e4nde in Cottbus zu zwei Monaten Haft verurteilt. Ihnen wurde von der Staatsanwaltschaft Hausfriedensbruch vorgeworfen.","series_nid":"","series_start":"","series_end":"","nid":"45026","type":"Beitrag"}},{"node":{"title":"restrisiko","body":"Die Themen: Wir behandeln diesmal ein Schwerpunktthema in mehreren Beitr\u00e4gen - es geht um das AKW Gundremmingen und die Verbrennung radioaktiven M\u00fclls in der MVA Wei\u00dfenhorn.","series_nid":"","series_start":"","series_end":"","nid":"45006","type":"Beitrag"}},{"node":{"title":"Radioaktiver M\u00fcll aus dem AKW Gundremmingen, eine M\u00fcllverbrennungsanlage in Wei\u00dfenhorn und der Irrsinn des Freimessens","body":"Wir hatten schon in der vorangegangenen Ausgabe von 'restrisiko' dar\u00fcber berichtet, da\u00df radioaktiver M\u00fcll aus dem AKW Gundremmingen seit Jahren in der M\u00fcllverbrennungs-Anlage in Wei\u00dfenhorn verbrann","series_nid":"","series_start":"","series_end":"","nid":"45009","type":"Beitrag"}},{"node":{"title":"AKW Gundremmingen und M\u00fcllverbrennung | SPD Wei\u00dfenhorn will Vertrags\u00e4nderung","body":"Der Neu-Ulmer Landrat Thorsten Freudenberger hat die Anlieferung von radioaktivem M\u00fcll zur M\u00fcllverbrennungsanlage in Wei\u00dfenhorn Ende Januar vorl\u00e4ufig gestoppt.","series_nid":"","series_start":"","series_end":"","nid":"45010","type":"Beitrag"}},{"node":{"title":"Radioaktiver M\u00fcll aus dem AKW Gundremmingen | Stellungnahme der Ulmer \u00c4rzte-Initiative","body":"Am 24. Januar wurde bekannt, da\u00df in der M\u00fcllverbrennungsanlage der schw\u00e4bischen Kleinstadt Wei\u00dfenhorn radioaktiver M\u00fcll aus dem AKW Gundremmingen verbrannt wird.","series_nid":"","series_start":"","series_end":"","nid":"45011","type":"Beitrag"}},{"node":{"title":"Es fehlen noch 8,5 ha...","body":"Der Oberb\u00fcrgermeister, der Baub\u00fcrgermeister sowie der Leiter der PG Dietenbach haben in einer PK zum Ausgang des B\u00fcrgerentscheid unterstrichen, auch weiterhin auf die Gegner der Bebauung zu gehen z","series_nid":"","series_start":"","series_end":"","nid":"45027","type":"Beitrag"}},{"node":{"title":"Keine Heimat - Neue Folk-CDs aus dem Baltikum 2/19","body":"In dieser Sendung gibt neue baltische Folk-CDs von Auli/Tautumeitas, Tautumeitas, Maarja Nuut und Etnosf\u00e4\u00e4r.\n\nPlaylisten u.a bei keine-heimat.de","series_nid":"","series_start":"","series_end":"","nid":"45012","type":"Beitrag"}},{"node":{"title":"Focus Kultur 27.02.2019","body":"","series_nid":"","series_start":"","series_end":"","nid":"45033","type":"Beitrag"}},{"node":{"title":"Grenzen Wegdancen","body":"Im Studio war Li von Grenzen Wegdancen und hat mit uns \u00fcber die Partyreihe Grenzen Wegdancen, den dahinter stehenden Verein Movement Motus und ihre n\u00e4chste Party am 26.02. in der KTS berichtet.","series_nid":"","series_start":"","series_end":"","nid":"45030","type":"Beitrag"}},{"node":{"title":"I*D Transidentit\u00e4ten","body":"Ein Interview mit der Fotografin Katrin Karmann \u00fcber ihr Fotoprojekt I*D.","series_nid":"","series_start":"","series_end":"","nid":"45028","type":"Beitrag"}},{"node":{"title":"Der Anfang von 1989 in Musik (heute vor 30 Jahren)","body":"Wir wandeln zur\u00fcck zum Anfang des letzten Jahres der 80er.","series_nid":"","series_start":"","series_end":"","nid":"44971","type":"Beitrag"}}]}