{"nodes":[{"node":{"title":"Metal-Demenz-Aeon","body":"Sendezeit: jeden 1. und 4. Sonntag von 22 \u2013 24 Uhr\nDJ's:Hubert, Ole, Sandor, Ozzi und Sturm","series_nid":"170","series_start":"2020-10-25T22:00:00+01:00","series_end":"2020-10-26T00:00:00+01:00","nid":"1064","type":"Sendereihe"}},{"node":{"title":"Nachtprogramm","body":"Durch die Nacht mit ausgew\u00e4hlten Musiksendungen von RDL.","series_nid":"735","series_start":"2020-10-26T00:00:00+01:00","series_end":"2020-10-26T07:00:00+01:00","nid":"17168","type":"Sendereihe"}},{"node":{"title":"Morgenradio","body":"Das Morgenradio unterh\u00e4lt und informiert \u00fcber politische, gesellschaftliche kulturelle Themen aus Freiburg und dem Umland, aus Europa und weltweit. Jeden Morgen, Montag bis Freitag von 8-10.","series_nid":"400","series_start":"2020-10-26T08:00:00+01:00","series_end":"2020-10-26T10:00:00+01:00","nid":"44809","type":"Sendereihe"}},{"node":{"title":"Historisches Tagesinfo","body":"Das Tagesinfo war bei Radio Dreyeckland \u00fcber Jahrzehnte bis in die sp\u00e4ten 90er Jahre regelm\u00e4\u00dfig um 18 Uhr zu h\u00f6ren.","series_nid":"1,250","series_start":"2020-10-26T10:00:00+01:00","series_end":"2020-10-26T11:00:00+01:00","nid":"21096","type":"Sendereihe"}},{"node":{"title":"Ausbruch - Die Antirepressionswelle (Wdh.)","body":"","series_nid":"29","series_start":"2020-10-26T11:00:00+01:00","series_end":"2020-10-26T12:00:00+01:00","nid":"41002","type":"Sendereihen-Wiederholung"}},{"node":{"title":"punkt12","body":"Mittagsmagazin mit Veranstaltungshinweisen f\u00fcr das Dreyeckland. Sendezeit: Montag bis Freitag von 12 bis 13 Uhr Fokussiert auf unser Sendegebiet h\u00f6rt ihr mittags zwischen 12:00 und 13:00 Uhr aktuelle Interviews und Portraits, Beitr\u00e4ge, Nachrichten und Rezensionen sowie Veranstaltungs- und Programmhinweise aus und f\u00fcr die subkulturellen Szenen des Dreyecklandes.","series_nid":"1,755","series_start":"2020-10-26T12:00:00+01:00","series_end":"2020-10-26T13:00:00+01:00","nid":"588","type":"Sendereihe"}},{"node":{"title":"Freistunde FM - Jugendradio (Wdh.)","body":"","series_nid":"366","series_start":"2020-10-26T13:00:00+01:00","series_end":"2020-10-26T14:00:00+01:00","nid":"17219","type":"Sendereihen-Wiederholung"}},{"node":{"title":"Bebe Y Lucha (Wdh.)","body":"","series_nid":"182","series_start":"2020-10-26T14:00:00+01:00","series_end":"2020-10-26T15:00:00+01:00","nid":"17221","type":"Sendereihen-Wiederholung"}},{"node":{"title":"Espaco Aberto (wdh.)","body":"","series_nid":"129","series_start":"2020-10-26T14:00:00+01:00","series_end":"2020-10-26T15:00:00+01:00","nid":"40724","type":"Sendereihen-Wiederholung"}},{"node":{"title":"Esperanto Magazin' (Montag)","body":"Sendezeit:\nMontags 2./4./5. im Monat 16-17 Uhr\nSonnntags 1./3./5. im Monat 13-14 Uhr\nprezentado","series_nid":"194","series_start":"2020-10-26T16:00:00+01:00","series_end":"2020-10-26T17:00:00+01:00","nid":"17765","type":"Sendereihe"}},{"node":{"title":"Musikmagazin","body":"Montag bis Freitag immer um 17 Uhr aktuelles Konzertgeschehen, Interviews und Neuheiten. Dazu genre-\u00fcbergreifend Musik.","series_nid":"1,860","series_start":"2020-10-26T17:00:00+01:00","series_end":"2020-10-26T18:00:00+01:00","nid":"766","type":"Sendereihe"}},{"node":{"title":"Infomagazin","body":"Eine Auswahl aktueller Beitr\u00e4ge zu politischen und gesellschaftlichen Themen aus Freiburg und der Welt. Montags, mittwochs und freitags um 18 Uhr.","series_nid":"895","series_start":"2020-10-26T18:00:00+01:00","series_end":"2020-10-26T19:00:00+01:00","nid":"21867","type":"Sendereihe"}},{"node":{"title":" Chaosradio Freiburg","body":"Mitmachen und Feedback,\u00a0live hier oder\u00a0anachronistisch\u00a0im Archiv \u2026","series_nid":"98","series_start":"2020-10-26T19:00:00+01:00","series_end":"2020-10-26T20:00:00+01:00","nid":"35236","type":"Sendereihe"}},{"node":{"title":"No Country and no Land","body":"Unser Radioprojekt dient in erster Linie dazu, Vorurteile gegen\u00fcber der Minderheit der Sinti und Roma abzubauen.","series_nid":"9","series_start":"2020-10-26T19:00:00+01:00","series_end":"2020-10-26T20:00:00+01:00","nid":"48915","type":"Sendereihe"}},{"node":{"title":"Restrisiko","body":"Sendezeit: Jeden 4. Montag des Monats um 20 Uhr (Wiederholung am Dienstag um 13 Uhr)","series_nid":"80","series_start":"2020-10-26T20:00:00+01:00","series_end":"2020-10-26T21:00:00+01:00","nid":"19053","type":"Sendereihe"}},{"node":{"title":"Babylon Calling","body":"Sendezeit: jeden Montag von 21 - 22.30 UhrDJs: Wolf, Thomas, Werner und J\u00fcrgen","series_nid":"372","series_start":"2020-10-26T21:00:00+01:00","series_end":"2020-10-26T22:30:00+01:00","nid":"17144","type":"Sendereihe"}},{"node":{"title":"Dub Kali Rootz","body":"DUB KALI ROOTZ-\"REVOLUTIONARY SOUNDS ARE NOT JUST ENTERTAINMENT!\"\nTUNE EEN!","series_nid":"183","series_start":"2020-10-26T22:30:00+01:00","series_end":"2020-10-26T23:55:00+01:00","nid":"17149","type":"Sendereihe"}},{"node":{"title":"Focus Europa Nachrichten vom Montag, dem 26. Oktober","body":"Boykott franz\u00f6sischer Waren wegen Haltung zu Mohammed-Karikaturen\nGro\u00dfdemonstration in Minsk Aufruf zum Generalstreik","series_nid":"","series_start":"","series_end":"","nid":"53931","type":"Beitrag"}},{"node":{"title":"Christlich-konservativer Vaterlandsbund gewinnt Wahlen in Litauen","body":"Nach vorl\u00e4ufigen Ergebnisse gewann der Vaterlandsbund 50 der 141 Sitze im litauischen Parlament.","series_nid":"","series_start":"","series_end":"","nid":"53932","type":"Beitrag"}},{"node":{"title":"Gro\u00dfdemonstration in Minsk Aufruf zum Generalstreik","body":"In der wei\u00dfrussischen Hauptstadt Minsk haben gestern nach Medienberichten 100 000 bis 150 000 Menschen gegen den Dauerpr\u00e4sidenten Alexander Lukaschenko demonstriert.","series_nid":"","series_start":"","series_end":"","nid":"53933","type":"Beitrag"}},{"node":{"title":"Boykott franz\u00f6sischer Waren wegen Haltung zu Mohammed-Karikaturen","body":"Weil der franz\u00f6sische Pr\u00e4sident Emmanuel Macron bei einer Gedenkfeier f\u00fcr den ermordeten Lehrer Samuel Paty das Zeigen von Mohammed-Karikaturen verteidigt hat, haben Handelsketten in Katar, Kuweit ","series_nid":"","series_start":"","series_end":"","nid":"53934","type":"Beitrag"}},{"node":{"title":"Chileninnen stimmen f\u00fcr Ausarbeitung einer neuen Verfassung","body":"Nach Teilausz\u00e4hlungen stimmten gut dreiviertel der Wahlberechtigten am Sonntag gegen die Beibahltung der unter der Pinochet-Diktatur ausgearbeiteten Verfassung.","series_nid":"","series_start":"","series_end":"","nid":"53935","type":"Beitrag"}},{"node":{"title":"Patientenvertreter*innen warnen vor Aufgabe von Kontaktverfolgung","body":"Der Vorsitzende der Deutschen Stiftung f\u00fcr Patientenschutz, Eugen Brysch warnte vor der Aufgabe der Kontaktverfolgung durch die Gesundheits\u00e4mter. Nach Brysch leben \u00fcber 6 Mio.","series_nid":"","series_start":"","series_end":"","nid":"53936","type":"Beitrag"}},{"node":{"title":"Tagesinfo von Freitag, 27.10.1995","body":"\n\n\n\n\n\n\n\n\n\u00a0\n\u00a0\n\u00a0\n\u00a0\nIntro","series_nid":"","series_start":"","series_end":"","nid":"53937","type":"Beitrag"}},{"node":{"title":"Demo in Freiburg gegen Polizeigewalt in Nigeria","body":"Am Samstag, den 24. 10., haben ca. 100 Menschen in Freiburg gegen die Polizeigewalt in Nigeria demonstriert.","series_nid":"","series_start":"","series_end":"","nid":"53938","type":"Beitrag"}},{"node":{"title":"Freistunde FM - Jugendradio 25.10.2020","body":"In dieser Sendung h\u00f6rt man ausnahmsweise alle Mitglieder der Lahrer Redaktion live in einem bunten Mix aus allen Redaktionsmitgliedern und vielen coolen Beitr\u00e4gen.","series_nid":"","series_start":"","series_end":"","nid":"53975","type":"Beitrag"}},{"node":{"title":"Esperanto Magazin' (Montag) 26.10.2020","body":"","series_nid":"","series_start":"","series_end":"","nid":"53939","type":"Beitrag"}},{"node":{"title":"Eilrechtsschutz gegen Entlassung aus Polizeidienst wegen fehlender \"Charakterlicher Eignung\"  bei antisemitischer und rassistischer Bet\u00e4tigung von VG Freiburg verweigert.","body":"Aus dem Polizeilichen Anw\u00e4rterdienst kann jemand wegen fehlender \"charakterlicher Eigenschaften\" auch dann entlassen werden, wenn \"er \u2013 wenn auch weitgehend passiv \u2013 Mitglied einer WhatsApp-Gruppe ","series_nid":"","series_start":"","series_end":"","nid":"53941","type":"Beitrag"}},{"node":{"title":"Musikmagazin 26.10.2020","body":"Die Welt ist schlecht. Oder etwa doch nicht? Und was hat eigentlich Mickey Mouse damit zu tun? Einen Versuch Licht ins Dunkel zu bringen k\u00f6nnt ihr im Musikmagazin h\u00f6ren.\u00a0","series_nid":"","series_start":"","series_end":"","nid":"53948","type":"Beitrag"}},{"node":{"title":"Infomagazin 26.10.2020","body":"","series_nid":"","series_start":"","series_end":"","nid":"53942","type":"Beitrag"}},{"node":{"title":"Aber Personal f\u00fcr mehr Schikane ist da","body":"Ein Bericht von Thomas Meyer Falk aus der Sicherungsverwahrung in Freiburg zum abgelaufenen Monat in eben Selbiger.","series_nid":"","series_start":"","series_end":"","nid":"53930","type":"Beitrag"}},{"node":{"title":"\"Du kannst nicht 90% der Bev\u00f6lkerung Opposition nennen!\"","body":"Seit Anfang August gibt es ununterbrochen riesige Proteste und Streiks und in Belarus.","series_nid":"","series_start":"","series_end":"","nid":"53837","type":"Beitrag"}},{"node":{"title":"Drohnenbewaffnung kommt langsam","body":"Bei Bienen sind Drohnen die M\u00e4nnchen, die ohne Stachel.","series_nid":"","series_start":"","series_end":"","nid":"53867","type":"Beitrag"}},{"node":{"title":"\u00d6ko-Landbau schleppt sich in Deutschland","body":"\u00a0\n\u00a0","series_nid":"","series_start":"","series_end":"","nid":"53870","type":"Beitrag"}},{"node":{"title":"No Country and no Land live von Haus Weingarten!","body":"Wir feiern gemeinsam die letzte Sendung mit live-Musik am Montag, 26.10.","series_nid":"","series_start":"","series_end":"","nid":"53920","type":"Beitrag"}},{"node":{"title":"restrisiko","body":"Die Themen: Das Zeitfester f\u00fcr den bevorstehenden CASTOR-Transport von Sellafield ins s\u00fcdhessische Biblis engt sich ein: Aus vertrauensw\u00fcrdiger Quelle war zu erfahren, da\u00df ab 1.","series_nid":"","series_start":"","series_end":"","nid":"53943","type":"Beitrag"}},{"node":{"title":"Von 50 Staaten ratifiziert | Atomwaffenverbots-Vertrag kann in Kraft treten","body":"Die UNO gab am 24. Oktober bekannt, da\u00df mit Honduras nunmehr der 50. Staat den Atomwaffenverbotsvertrag ratifiziert hat.","series_nid":"","series_start":"","series_end":"","nid":"53944","type":"Beitrag"}},{"node":{"title":"50 Organisationen aus dem Dreyeckland unterst\u00fctzen die \"Fessenheimer Erkl\u00e4rung\" | Kein \"Techno-Centre\" am Standort Fessenheim!","body":"Die Mitglieder der Anti-Atom-Gruppe Freiburg freuen sich zusammen mit der gesamten Anti-AKW-Bewegung im Dreyeckland, da\u00df mittlerweile 50 Organisationen die \"Fessenheimer Erkl\u00e4rung\" unterzeichnet ha","series_nid":"","series_start":"","series_end":"","nid":"53945","type":"Beitrag"}},{"node":{"title":"Biblis-CASTOR ab 1. November zu erwarten","body":"Das Atomm\u00fcll-Bundesamt (BASE) hat die Genehmigung f\u00fcr den CASTOR-Transport hochradioaktiven Atomm\u00fclls aus der britischen Plutonium-Fabrik Sellafield ins \"Zwischen\"-Lager des stillgelegten AKW Bibli","series_nid":"","series_start":"","series_end":"","nid":"53946","type":"Beitrag"}}]}