{"nodes":[{"node":{"title":"Nachtprogramm","body":"Durch die Nacht mit ausgew\u00e4hlten Musiksendungen von RDL.","series_nid":"736","series_start":"2020-10-27T00:00:00+01:00","series_end":"2020-10-27T07:00:00+01:00","nid":"17168","type":"Sendereihe"}},{"node":{"title":"Democracy Now (US-Magazin)","body":"Aktueller Hinweis (17.10.2023) von der RDL Betriebsgruppe","series_nid":"1,838","series_start":"2020-10-27T07:00:00+01:00","series_end":"2020-10-27T08:00:00+01:00","nid":"17238","type":"Sendereihe"}},{"node":{"title":"Morgenradio","body":"Das Morgenradio unterh\u00e4lt und informiert \u00fcber politische, gesellschaftliche kulturelle Themen aus Freiburg und dem Umland, aus Europa und weltweit. Jeden Morgen, Montag bis Freitag von 8-10.","series_nid":"401","series_start":"2020-10-27T08:00:00+01:00","series_end":"2020-10-27T10:00:00+01:00","nid":"44809","type":"Sendereihe"}},{"node":{"title":"Historisches Tagesinfo","body":"Das Tagesinfo war bei Radio Dreyeckland \u00fcber Jahrzehnte bis in die sp\u00e4ten 90er Jahre regelm\u00e4\u00dfig um 18 Uhr zu h\u00f6ren.","series_nid":"1,251","series_start":"2020-10-27T10:00:00+01:00","series_end":"2020-10-27T11:00:00+01:00","nid":"21096","type":"Sendereihe"}},{"node":{"title":"Chaosradio Freiburg (Wdh.)","body":"","series_nid":"101","series_start":"2020-10-27T11:00:00+01:00","series_end":"2020-10-27T12:00:00+01:00","nid":"35237","type":"Sendereihen-Wiederholung"}},{"node":{"title":"No Country and no Land (Wdh.)","body":"","series_nid":"8","series_start":"2020-10-27T11:00:00+01:00","series_end":"2020-10-27T12:00:00+01:00","nid":"50738","type":"Sendereihen-Wiederholung"}},{"node":{"title":"punkt12","body":"Mittagsmagazin mit Veranstaltungshinweisen f\u00fcr das Dreyeckland. Sendezeit: Montag bis Freitag von 12 bis 13 Uhr Fokussiert auf unser Sendegebiet h\u00f6rt ihr mittags zwischen 12:00 und 13:00 Uhr aktuelle Interviews und Portraits, Beitr\u00e4ge, Nachrichten und Rezensionen sowie Veranstaltungs- und Programmhinweise aus und f\u00fcr die subkulturellen Szenen des Dreyecklandes.","series_nid":"1,756","series_start":"2020-10-27T12:00:00+01:00","series_end":"2020-10-27T13:00:00+01:00","nid":"588","type":"Sendereihe"}},{"node":{"title":"Restrisiko (Wdh.)","body":"","series_nid":"93","series_start":"2020-10-27T13:00:00+01:00","series_end":"2020-10-27T14:00:00+01:00","nid":"19055","type":"Sendereihen-Wiederholung"}},{"node":{"title":"O-Ton Playback (Wdh.)","body":"","series_nid":"392","series_start":"2020-10-27T14:00:00+01:00","series_end":"2020-10-27T15:00:00+01:00","nid":"17237","type":"Sendereihen-Wiederholung"}},{"node":{"title":"O-Ton Playback (Wdh.)","body":"","series_nid":"393","series_start":"2020-10-27T14:00:00+01:00","series_end":"2020-10-27T15:00:00+01:00","nid":"17237","type":"Sendereihen-Wiederholung"}},{"node":{"title":"Keine Heimat (Euro Folk)","body":"Sendezeit: jeden Dienstag von 15 - 16 Uhr\nDJ: Christian Rath","series_nid":"369","series_start":"2020-10-27T15:00:00+01:00","series_end":"2020-10-27T16:00:00+01:00","nid":"17151","type":"Sendereihe"}},{"node":{"title":"Demenz - Podcast  - F\u00fcr alle die sich mit Demenz befassen","body":"Der Demenz-Podcast des medhochzwei Verlags und der Deutschen Alzheimer Gesellschaft e.V. ist nun auch monatlich bei Radio Dreyeckland zu h\u00f6ren. Autorin und Moderatorin Christine Sch\u00f6n.","series_nid":"68","series_start":"2020-10-27T16:00:00+01:00","series_end":"2020-10-27T17:00:00+01:00","nid":"29345","type":"Sendereihe"}},{"node":{"title":"Musikmagazin","body":"Montag bis Freitag immer um 17 Uhr aktuelles Konzertgeschehen, Interviews und Neuheiten. Dazu genre-\u00fcbergreifend Musik.","series_nid":"1,861","series_start":"2020-10-27T17:00:00+01:00","series_end":"2020-10-27T18:00:00+01:00","nid":"766","type":"Sendereihe"}},{"node":{"title":"Focus Kultur","body":"Focus Kultur ist Eure verl\u00e4ssliche akustische Quelle mit dem lokalen wie internationalen kulturellen Input, hintergr\u00fcndigen Berichten zu Theater, Musik, Kino, Kunst, Literarischem, Kulinarischem un","series_nid":"240","series_start":"2020-10-27T18:00:00+01:00","series_end":"2020-10-27T19:00:00+01:00","nid":"17186","type":"Sendereihe"}},{"node":{"title":"radio%attac","body":"Sendezeit: Jeden 1.,3., 4. und manchmal 5. Dienstag um 19.00 Uhr (Wiederholung am Mittwoch um 11.00 Uhr).\nMagazin von Radio Attac \u00d6sterreich zu Themen des ATTAC-Netzwerkes.\n\u00a0","series_nid":"103","series_start":"2020-10-27T19:00:00+01:00","series_end":"2020-10-27T20:00:00+01:00","nid":"26141","type":"Sendereihe"}},{"node":{"title":"La Radio","body":"LaRadio, fr\u00fcher als FrauenLesbenRadio bekannt, ist das autonome queere und feministische Radio auf der Frequenz von Radio Dreyeckland.","series_nid":"372","series_start":"2020-10-27T20:00:00+01:00","series_end":"2020-10-27T22:00:00+01:00","nid":"776","type":"Sendereihe"}},{"node":{"title":"Chrono-Chartory","body":"[Chronologische Chart Historie] \n\u00a0","series_nid":"171","series_start":"2020-10-27T22:00:00+01:00","series_end":"2020-10-27T23:00:00+01:00","nid":"17148","type":"Sendereihe"}},{"node":{"title":"Die H\u00e4user denen, die drin wohnen!","body":"Menschen verschiedenen Alters schlie\u00dfen sich zusammen um H\u00e4user in Freiburg dem freien Markt zu entziehen und auf Dauer bezahlbaren Wohnraum zu schaffen.","series_nid":"","series_start":"","series_end":"","nid":"53832","type":"Beitrag"}},{"node":{"title":"Aber Personal f\u00fcr mehr Schikane ist da","body":"Ein Bericht von Thomas Meyer Falk aus der Sicherungsverwahrung in Freiburg zum abgelaufenen Monat in eben Selbiger.","series_nid":"","series_start":"","series_end":"","nid":"53930","type":"Beitrag"}},{"node":{"title":".... sondern f\u00fcr alle","body":"Heute: ma per tutti in der Haslacherstra\u00dfe 2 gegen\u00fcber der Wohnungslosenunterkunft OASE.","series_nid":"","series_start":"","series_end":"","nid":"53958","type":"Beitrag"}},{"node":{"title":"Die H\u00e4user denen, die drin wohnen!","body":"Menschen verschiedenen Alters schlie\u00dfen sich zusammen um H\u00e4user in Freiburg dem freien Markt zu entziehen und auf Dauer bezahlbaren Wohnraum zu schaffen.","series_nid":"","series_start":"","series_end":"","nid":"54030","type":"Programmhinweis"}},{"node":{"title":"Der Versuch eine friedliche Protestform zu kriminalisieren","body":"Im Prozess gegen einen Besetzer der Kronenstr. 21 wurde ein Urteil gef\u00e4llt: 90 Tagess\u00e4tze \u00e0 40 \u20ac.","series_nid":"","series_start":"","series_end":"","nid":"53947","type":"Beitrag"}},{"node":{"title":"\"Antisemitismus ist besonders ekelhaft zwei Tage nach dem Gedenken an die Deportation j\u00fcdischer Menschen nach Gurs\"","body":"Seit Monaten protestieren Corona-Leugner*innen gegen die verh\u00e4ngten Ma\u00dfnahmen, machen mit Angriffen auf die Presse sowie mit wilden Verschw\u00f6rungsmythen von sich reden und scheuen sich auch nicht, m","series_nid":"","series_start":"","series_end":"","nid":"53950","type":"Beitrag"}},{"node":{"title":"Morgenradiobeitr\u00e4ge vom Montag, 30.10.1995","body":"Mit der Aufl\u00f6sung politischer und gestalterischer Widerspr\u00fcche in den aktuell arbeitenden Redaktionen durch eine teils auch Absprengung mi\u00dfliebiger Tendenzen (Personen) im Jahr 1995 begann ein l\u00e4ng","series_nid":"","series_start":"","series_end":"","nid":"53949","type":"Beitrag"}},{"node":{"title":"No Country and no Land live von Haus Weingarten!","body":"Wir feiern gemeinsam die letzte Sendung mit live-Musik am Montag, 26.10.","series_nid":"","series_start":"","series_end":"","nid":"53920","type":"Beitrag"}},{"node":{"title":"Die Klimakatastrophe und ihr Grund aus ungew\u00f6hnlicher Perspektive betrachtet","body":"Der Audio-Mitschnitt enth\u00e4lt zum Teil schockierende und m\u00f6glicherweise auch verletzende Aussagen. Wer ihn nicht h\u00f6ren will, soll es garnicht erst versuchen.","series_nid":"","series_start":"","series_end":"","nid":"53954","type":"Beitrag"}},{"node":{"title":"Steht ein neuer Krieg gegen die Kurd*innen bevor? + Update","body":"In den USA steht eine Wahl an, vielleicht wird die Weltmacht durch einen Streit um den Ausgang der Wahl eine Weile lang paralysiert sein.","series_nid":"","series_start":"","series_end":"","nid":"53952","type":"Beitrag"}},{"node":{"title":"Der Versuch eine friedliche Protestform zu kriminalisieren","body":"Im Prozess gegen einen Besetzer der Kronenstr. 21 wurde ein Urteil gef\u00e4llt: 90 Tagess\u00e4tze \u00e0 40 \u20ac.","series_nid":"","series_start":"","series_end":"","nid":"53947","type":"Beitrag"}},{"node":{"title":"1600 Haushalte in Freiburg in der Wohnungsnothilfe, etliche davon wegen \"Eigenbedarf\"","body":"Michael Menzel von Radio Dreyeckland berichtet kurz aus den Sitzungen des Kinder- und Jugendhilfeausschusses und des Sozialausschusses in der vergangenen Woche.","series_nid":"","series_start":"","series_end":"","nid":"53951","type":"Beitrag"}},{"node":{"title":"restrisiko","body":"Die Themen: Das Zeitfester f\u00fcr den bevorstehenden CASTOR-Transport von Sellafield ins s\u00fcdhessische Biblis engt sich ein: Aus vertrauensw\u00fcrdiger Quelle war zu erfahren, da\u00df ab 1.","series_nid":"","series_start":"","series_end":"","nid":"53943","type":"Beitrag"}},{"node":{"title":"Von 50 Staaten ratifiziert | Atomwaffenverbots-Vertrag kann in Kraft treten","body":"Die UNO gab am 24. Oktober bekannt, da\u00df mit Honduras nunmehr der 50. Staat den Atomwaffenverbotsvertrag ratifiziert hat.","series_nid":"","series_start":"","series_end":"","nid":"53944","type":"Beitrag"}},{"node":{"title":"50 Organisationen aus dem Dreyeckland unterst\u00fctzen die \"Fessenheimer Erkl\u00e4rung\" | Kein \"Techno-Centre\" am Standort Fessenheim!","body":"Die Mitglieder der Anti-Atom-Gruppe Freiburg freuen sich zusammen mit der gesamten Anti-AKW-Bewegung im Dreyeckland, da\u00df mittlerweile 50 Organisationen die \"Fessenheimer Erkl\u00e4rung\" unterzeichnet ha","series_nid":"","series_start":"","series_end":"","nid":"53945","type":"Beitrag"}},{"node":{"title":"Biblis-CASTOR ab 1. November zu erwarten","body":"Das Atomm\u00fcll-Bundesamt (BASE) hat die Genehmigung f\u00fcr den CASTOR-Transport hochradioaktiven Atomm\u00fclls aus der britischen Plutonium-Fabrik Sellafield ins \"Zwischen\"-Lager des stillgelegten AKW Bibli","series_nid":"","series_start":"","series_end":"","nid":"53946","type":"Beitrag"}},{"node":{"title":"Podiumsdiskussion Racial Profiling","body":"","series_nid":"","series_start":"","series_end":"","nid":"53798","type":"Beitrag"}},{"node":{"title":"O-Ton Playback 23.10.2020","body":"","series_nid":"","series_start":"","series_end":"","nid":"53915","type":"Beitrag"}},{"node":{"title":"Kneipen-Sperrstunde bleibt vorerst","body":"Der Antrag zweier Kneipenbetreiber aus M\u00fcllheim und Freiburg, die Sperrzeitverl\u00e4ngerung auf 23 Uhr bis 6 Uhr aufzuheben, ist erstinstanzlich beim VG Freiburg im Eilverfahren gescheitert.\u00a0 Wie das G","series_nid":"","series_start":"","series_end":"","nid":"53955","type":"Beitrag"}},{"node":{"title":"Keine Heimat - neue CDs mit osteurop\u00e4ischem Folk - 10/20","body":"In dieser Sendung gibt es neue CDs mit osteurop\u00e4ischem Folk von Blato Zlato (Louisiana), dem Kozma Orkestar (Bielefeld) und Lakvar (Stuttgart).","series_nid":"","series_start":"","series_end":"","nid":"53926","type":"Beitrag"}},{"node":{"title":"Airwaves Radio Show mit Zweatlana","body":"Mehr DIY geht nicht. Zweatlana singt, rappt, beatboxt, spielt Keyboard und Gitarre und mixt das alles mit Samples in ihrer Loop-Station.","series_nid":"","series_start":"","series_end":"","nid":"53885","type":"Beitrag"}},{"node":{"title":"Focus Kultur 27.10.2020","body":"","series_nid":"","series_start":"","series_end":"","nid":"53959","type":"Beitrag"}},{"node":{"title":"Bleibt einfach liegen, geht nicht zur Arbeit!","body":"That's the spirit! Aus dem Morgenradio am 30.10.1995.....","series_nid":"","series_start":"","series_end":"","nid":"53956","type":"Beitrag"}},{"node":{"title":"\"Trump a product of American imperial history\"","body":"Jeremy Scahill, Mitbegr\u00fcnder des Intercept am 19.","series_nid":"","series_start":"","series_end":"","nid":"53957","type":"Beitrag"}},{"node":{"title":"Beltroses","body":"Die Freiburger \u201eSupergroup\u201c Beltroses hat endlich ihr erstes Album ver\u00f6ffentlicht.","series_nid":"","series_start":"","series_end":"","nid":"53756","type":"Beitrag"}},{"node":{"title":"La Radio 27.10.2020","body":"","series_nid":"","series_start":"","series_end":"","nid":"53960","type":"Beitrag"}},{"node":{"title":"Zwischen Wacken, Diddl, Senna und Golfkrieg: vor 30 Jahren","body":"Vor 30 Jahren wurde der Tag der Deutschen Einheit neu definiert.","series_nid":"","series_start":"","series_end":"","nid":"53921","type":"Beitrag"}}]}