{"nodes":[{"node":{"title":"Metal-Demenz-Aeon","body":"Sendezeit: jeden 1. und 4. Sonntag von 22 \u2013 24 Uhr\nDJ's:Hubert, Ole, Sandor, Ozzi und Sturm","series_nid":"193","series_start":"2021-10-03T22:00:00+02:00","series_end":"2021-10-04T00:00:00+02:00","nid":"1064","type":"Sendereihe"}},{"node":{"title":"Nachtprogramm","body":"Durch die Nacht mit ausgew\u00e4hlten Musiksendungen von RDL.","series_nid":"833","series_start":"2021-10-04T00:00:00+02:00","series_end":"2021-10-04T07:00:00+02:00","nid":"17168","type":"Sendereihe"}},{"node":{"title":"Morgenradio","body":"Das Morgenradio unterh\u00e4lt und informiert \u00fcber politische, gesellschaftliche kulturelle Themen aus Freiburg und dem Umland, aus Europa und weltweit. Jeden Morgen, Montag bis Freitag von 8-10.","series_nid":"625","series_start":"2021-10-04T08:00:00+02:00","series_end":"2021-10-04T10:00:00+02:00","nid":"44809","type":"Sendereihe"}},{"node":{"title":"Historisches Tagesinfo","body":"Das Tagesinfo war bei Radio Dreyeckland \u00fcber Jahrzehnte bis in die sp\u00e4ten 90er Jahre regelm\u00e4\u00dfig um 18 Uhr zu h\u00f6ren.","series_nid":"1,445","series_start":"2021-10-04T10:00:00+02:00","series_end":"2021-10-04T11:00:00+02:00","nid":"21096","type":"Sendereihe"}},{"node":{"title":"Knastfunk (Wdh.)","body":"","series_nid":"226","series_start":"2021-10-04T11:00:00+02:00","series_end":"2021-10-04T12:00:00+02:00","nid":"17227","type":"Sendereihen-Wiederholung"}},{"node":{"title":"punkt12","body":"Mittagsmagazin mit Veranstaltungshinweisen f\u00fcr das Dreyeckland. Sendezeit: Montag bis Freitag von 12 bis 13 Uhr Fokussiert auf unser Sendegebiet h\u00f6rt ihr mittags zwischen 12:00 und 13:00 Uhr aktuelle Interviews und Portraits, Beitr\u00e4ge, Nachrichten und Rezensionen sowie Veranstaltungs- und Programmhinweise aus und f\u00fcr die subkulturellen Szenen des Dreyecklandes.","series_nid":"1,983","series_start":"2021-10-04T12:00:00+02:00","series_end":"2021-10-04T13:00:00+02:00","nid":"588","type":"Sendereihe"}},{"node":{"title":"Freistunde FM - Jugendradio (Wdh.)","body":"","series_nid":"411","series_start":"2021-10-04T13:00:00+02:00","series_end":"2021-10-04T14:00:00+02:00","nid":"17219","type":"Sendereihen-Wiederholung"}},{"node":{"title":"Espaco Aberto (wdh.)","body":"","series_nid":"177","series_start":"2021-10-04T14:00:00+02:00","series_end":"2021-10-04T15:00:00+02:00","nid":"40724","type":"Sendereihen-Wiederholung"}},{"node":{"title":"Musikmagazin","body":"Montag bis Freitag immer um 17 Uhr aktuelles Konzertgeschehen, Interviews und Neuheiten. Dazu genre-\u00fcbergreifend Musik.","series_nid":"2,105","series_start":"2021-10-04T17:00:00+02:00","series_end":"2021-10-04T18:00:00+02:00","nid":"766","type":"Sendereihe"}},{"node":{"title":"Infomagazin","body":"Eine Auswahl aktueller Beitr\u00e4ge zu politischen und gesellschaftlichen Themen aus Freiburg und der Welt. Montags, mittwochs und freitags um 18 Uhr.","series_nid":"1,022","series_start":"2021-10-04T18:00:00+02:00","series_end":"2021-10-04T19:00:00+02:00","nid":"21867","type":"Sendereihe"}},{"node":{"title":"'VielFalter' - Magazin f\u00fcr Polyphonie und Selbstbestimmung","body":"Seit Mai 2012 on Air.","series_nid":"9","series_start":"2021-10-04T20:00:00+02:00","series_end":"2021-10-04T21:00:00+02:00","nid":"17253","type":"Sendereihe"}},{"node":{"title":"Babylon Calling","body":"Sendezeit: jeden Montag von 21 - 22.30 UhrDJs: Wolf, Thomas, Werner und J\u00fcrgen","series_nid":"420","series_start":"2021-10-04T21:00:00+02:00","series_end":"2021-10-04T22:30:00+02:00","nid":"17144","type":"Sendereihe"}},{"node":{"title":"Midnight BBQ","body":"Sizzlin \u00b4Hoz\u00a0 & Soulful funkin\u00b4\nSendezeit: alle 2 Wochen Montags 22.30 - 24 Uhr\n\u00a0","series_nid":"209","series_start":"2021-10-04T22:30:00+02:00","series_end":"2021-10-04T23:55:00+02:00","nid":"17167","type":"Sendereihe"}},{"node":{"title":"Krimi-Fiktion und Realit\u00e4t - Fragen an Wolfgang Schorlau","body":"Wolfgang Schorlau liest heute Abend um 19h im Rahmen der Ausstellung\u00a0","series_nid":"","series_start":"","series_end":"","nid":"28719","type":"Beitrag"}},{"node":{"title":"Baumbesetzung am Hoyerst\u00e4nnle","body":"Zahlreiche Aktivistinnen und Aktivisten aus der Gegend in und um M\u00fcllheim beteiligen sich momentan an der Baumbesetzung im M\u00fclheimer Eichwald.","series_nid":"","series_start":"","series_end":"","nid":"58925","type":"Beitrag"}},{"node":{"title":"Tagesinfo von Donnerstag, 3.10.1996","body":"\n\n\n\n\n\n\n\n\nDo\n03.10.96\n1.","series_nid":"","series_start":"","series_end":"","nid":"58910","type":"Beitrag"}},{"node":{"title":"Knastfunk 03.10.2021","body":"","series_nid":"","series_start":"","series_end":"","nid":"58912","type":"Beitrag"}},{"node":{"title":"Krimi-Fiktion und Realit\u00e4t - Fragen an Wolfgang Schorlau","body":"Wolfgang Schorlau liest heute Abend um 19h im Rahmen der Ausstellung\u00a0","series_nid":"","series_start":"","series_end":"","nid":"28719","type":"Beitrag"}},{"node":{"title":"Auf den \"Klimatischen\" wurde eine Vielfalt an sozialen Bewegungen serviert","body":"Am vergangenen Sonntag, den 3. Oktober 2021, wurde zwischen 11 und 14 Uhr die Schwarzwaldstra\u00dfe zwischen der Hilda- und Dreik\u00f6nigsstra\u00dfe zum Zwecke der Aktion \u201eKlimaTische\u201c gesperrt.","series_nid":"","series_start":"","series_end":"","nid":"58921","type":"Beitrag"}},{"node":{"title":"Baumbesetzung am Hoyerst\u00e4nnle","body":"Zahlreiche Aktivistinnen und Aktivisten aus der Gegend in und um M\u00fcllheim beteiligen sich momentan an der Baumbesetzung im M\u00fclheimer Eichwald.","series_nid":"","series_start":"","series_end":"","nid":"58925","type":"Beitrag"}},{"node":{"title":"Freistunde FM - Jugendradio 04.10.2021","body":"","series_nid":"","series_start":"","series_end":"","nid":"58913","type":"Beitrag"}},{"node":{"title":"Espaco Aberto (brasilianisch) 03.10.2021","body":"","series_nid":"","series_start":"","series_end":"","nid":"58908","type":"Beitrag"}},{"node":{"title":"Musikmagazin 04.10. 21 Various Artists 17 Uhr","body":"Yo!\n\u00a0","series_nid":"","series_start":"","series_end":"","nid":"58919","type":"Beitrag"}},{"node":{"title":"Infomagazin 04.10.2021","body":"","series_nid":"","series_start":"","series_end":"","nid":"58922","type":"Beitrag"}},{"node":{"title":"(Wiederholung) Amnesty Aktuell: Syrien, Folter und Verbrechen gegen die Menschlichkeit","body":"Wiederholung der Sendung vom 03.05.2021 um 19:00 Uhr","series_nid":"","series_start":"","series_end":"","nid":"58899","type":"Beitrag"}},{"node":{"title":"'VielFalter' - Magazin f\u00fcr Polyphonie und Selbstbestimmung 04.10.2021","body":"","series_nid":"","series_start":"","series_end":"","nid":"58924","type":"Beitrag"}}]}