{"nodes":[{"node":{"title":"Nachtprogramm","body":"Durch die Nacht mit ausgew\u00e4hlten Musiksendungen von RDL.","series_nid":"834","series_start":"2021-10-05T00:00:00+02:00","series_end":"2021-10-05T07:00:00+02:00","nid":"17168","type":"Sendereihe"}},{"node":{"title":"Democracy Now (US-Magazin)","body":"Aktueller Hinweis (17.10.2023) von der RDL Betriebsgruppe","series_nid":"2,083","series_start":"2021-10-05T07:00:00+02:00","series_end":"2021-10-05T08:00:00+02:00","nid":"17238","type":"Sendereihe"}},{"node":{"title":"Morgenradio","body":"Das Morgenradio unterh\u00e4lt und informiert \u00fcber politische, gesellschaftliche kulturelle Themen aus Freiburg und dem Umland, aus Europa und weltweit. Jeden Morgen, Montag bis Freitag von 8-10.","series_nid":"626","series_start":"2021-10-05T08:00:00+02:00","series_end":"2021-10-05T10:00:00+02:00","nid":"44809","type":"Sendereihe"}},{"node":{"title":"Historisches Tagesinfo","body":"Das Tagesinfo war bei Radio Dreyeckland \u00fcber Jahrzehnte bis in die sp\u00e4ten 90er Jahre regelm\u00e4\u00dfig um 18 Uhr zu h\u00f6ren.","series_nid":"1,446","series_start":"2021-10-05T10:00:00+02:00","series_end":"2021-10-05T11:00:00+02:00","nid":"21096","type":"Sendereihe"}},{"node":{"title":"Amnesty Aktuell (Wdh.)","body":"","series_nid":"58","series_start":"2021-10-05T11:00:00+02:00","series_end":"2021-10-05T12:00:00+02:00","nid":"32700","type":"Sendereihen-Wiederholung"}},{"node":{"title":"punkt12","body":"Mittagsmagazin mit Veranstaltungshinweisen f\u00fcr das Dreyeckland. Sendezeit: Montag bis Freitag von 12 bis 13 Uhr Fokussiert auf unser Sendegebiet h\u00f6rt ihr mittags zwischen 12:00 und 13:00 Uhr aktuelle Interviews und Portraits, Beitr\u00e4ge, Nachrichten und Rezensionen sowie Veranstaltungs- und Programmhinweise aus und f\u00fcr die subkulturellen Szenen des Dreyecklandes.","series_nid":"1,984","series_start":"2021-10-05T12:00:00+02:00","series_end":"2021-10-05T13:00:00+02:00","nid":"588","type":"Sendereihe"}},{"node":{"title":"'VielFalter' - Magazin f\u00fcr Polyphonie und Selbstbestimmung (Wdh.)","body":"","series_nid":"8","series_start":"2021-10-05T13:00:00+02:00","series_end":"2021-10-05T14:00:00+02:00","nid":"54926","type":"Sendereihen-Wiederholung"}},{"node":{"title":"O-Ton Playback (Wdh.)","body":"","series_nid":"441","series_start":"2021-10-05T14:00:00+02:00","series_end":"2021-10-05T15:00:00+02:00","nid":"17237","type":"Sendereihen-Wiederholung"}},{"node":{"title":"Keine Heimat (Euro Folk)","body":"Sendezeit: jeden Dienstag von 15 - 16 Uhr\nDJ: Christian Rath","series_nid":"418","series_start":"2021-10-05T15:00:00+02:00","series_end":"2021-10-05T16:00:00+02:00","nid":"17151","type":"Sendereihe"}},{"node":{"title":"s\u00fcdnordfunk - in Kooperation mit dem iz3w","body":"Aus Print mach mehr - iz3w on Air! So die Devise der iz3w-Zeitschriftenredaktion.","series_nid":"97","series_start":"2021-10-05T16:00:00+02:00","series_end":"2021-10-05T17:00:00+02:00","nid":"17249","type":"Sendereihe"}},{"node":{"title":"Musikmagazin","body":"Montag bis Freitag immer um 17 Uhr aktuelles Konzertgeschehen, Interviews und Neuheiten. Dazu genre-\u00fcbergreifend Musik.","series_nid":"2,106","series_start":"2021-10-05T17:00:00+02:00","series_end":"2021-10-05T18:00:00+02:00","nid":"766","type":"Sendereihe"}},{"node":{"title":"Focus Kultur","body":"Focus Kultur ist Eure verl\u00e4ssliche akustische Quelle mit dem lokalen wie internationalen kulturellen Input, hintergr\u00fcndigen Berichten zu Theater, Musik, Kino, Kunst, Literarischem, Kulinarischem un","series_nid":"283","series_start":"2021-10-05T18:00:00+02:00","series_end":"2021-10-05T19:00:00+02:00","nid":"17186","type":"Sendereihe"}},{"node":{"title":"radio%attac","body":"Sendezeit: Jeden 1.,3., 4. und manchmal 5. Dienstag um 19.00 Uhr (Wiederholung am Mittwoch um 11.00 Uhr).\nMagazin von Radio Attac \u00d6sterreich zu Themen des ATTAC-Netzwerkes.\n\u00a0","series_nid":"141","series_start":"2021-10-05T19:00:00+02:00","series_end":"2021-10-05T20:00:00+02:00","nid":"26141","type":"Sendereihe"}},{"node":{"title":"La Radio","body":"LaRadio, fr\u00fcher als FrauenLesbenRadio bekannt, ist das autonome queere und feministische Radio auf der Frequenz von Radio Dreyeckland.","series_nid":"421","series_start":"2021-10-05T20:00:00+02:00","series_end":"2021-10-05T22:00:00+02:00","nid":"776","type":"Sendereihe"}},{"node":{"title":"Magical Mystery Mix","body":"Sendezeit: jeden ersten, dritten (und manchmal f\u00fcnften) Dienstag im Monat von 22 - 23 Uhr. DJ: Kurt Maninouk","series_nid":"223","series_start":"2021-10-05T22:00:00+02:00","series_end":"2021-10-05T23:00:00+02:00","nid":"17758","type":"Sendereihe"}},{"node":{"title":"Musikgeschichten","body":"Jeden 1. Dienstag im Monat um 23 Uhr.\nWeltmusik, Reggae, brasilianische Musik, elektronische Musik, aber auch Jazz, Soul, feiner Pop oder einfach Kultur und Klassik.","series_nid":"25","series_start":"2021-10-05T23:00:00+02:00","series_end":"2021-10-06T00:00:00+02:00","nid":"48037","type":"Sendereihe"}},{"node":{"title":"Verfassungsschutz \u00dcberwachung von Michael Moos war zu einem gro\u00dfen Teil rechtswidrig","body":"Update: Das Verwaltungsgericht hat entschieden, dass die Verfassungsschutz Beobachtung von Michael Moos und die Datenspeicherung teilweise rechtswidrig war.","series_nid":"","series_start":"","series_end":"","nid":"47216","type":"Beitrag"}},{"node":{"title":"\"Der Verfassungsschutz ist nicht  nur entbehrlich. Er ist sch\u00e4dlich\"","body":"Im Weingut Andreas Dilger in der Urachstra\u00dfe 3 ist noch bis kommenden Freitag, den 8.","series_nid":"","series_start":"","series_end":"","nid":"58914","type":"Beitrag"}},{"node":{"title":"\"Flexen und fragen: Wem geh\u00f6rt die Stadt?\"","body":"- diese Frage wurde sich zum Abschluss der ersten Ausgabe der Biennale f\u00fcr Freiburg gestellt.","series_nid":"","series_start":"","series_end":"","nid":"58926","type":"Beitrag"}},{"node":{"title":"Nachrichten von Dienstag, den 5. Oktober 2021","body":"\n\nFacebook Dienste au\u00dfer Betrieb","series_nid":"","series_start":"","series_end":"","nid":"58929","type":"Beitrag"}},{"node":{"title":"Facebook Dienste au\u00dfer Betrieb","body":"Die Dienste des Tech-Konzerns Facebook waren am Montag den 04.10. abend f\u00fcr mehrere Stunden nicht erreichbar.","series_nid":"","series_start":"","series_end":"","nid":"58931","type":"Beitrag"}},{"node":{"title":"Nordstream 2 geht an den Start","body":"","series_nid":"","series_start":"","series_end":"","nid":"58932","type":"Beitrag"}},{"node":{"title":"Propaganda gucken, Internet freischalten","body":"In Brasilien steht das Projekt \u201cConecta Brasil\u201d in der Kritik.","series_nid":"","series_start":"","series_end":"","nid":"58933","type":"Beitrag"}},{"node":{"title":"Rodungen im Hasdeowald in Zentralindien","body":"Der Hasdeo Wald in Zentralindien stellt einen der gr\u00f6\u00dften W\u00e4lder Indiens dar.","series_nid":"","series_start":"","series_end":"","nid":"58928","type":"Beitrag"}},{"node":{"title":"Tagesinfo von Samstag, 5.Oktober 1996","body":"\n\n\n\n\n\n\n\n\nSa\n05.10.96\n1.","series_nid":"","series_start":"","series_end":"","nid":"58911","type":"Beitrag"}},{"node":{"title":"Tagesinfo von Samstag,05.10.1996","body":"\n\n\n\n\n\n\n\n\nSa\n05.10.96\n1.","series_nid":"","series_start":"","series_end":"","nid":"58927","type":"Beitrag"}},{"node":{"title":"(Wiederholung) Amnesty Aktuell: Syrien, Folter und Verbrechen gegen die Menschlichkeit","body":"Wiederholung der Sendung vom 03.05.2021 um 19:00 Uhr","series_nid":"","series_start":"","series_end":"","nid":"58899","type":"Beitrag"}},{"node":{"title":"Was die Taliban versprechen hat nichts mit dem zu tun wie sie handeln","body":"Nach ihrer Macht\u00fcbernahme haben die Taliban viel S\u00fc\u00dfholz geraspelt und es gab Leute, die meinten die Taliban h\u00e4tten nun \"eine Chance verdient\".","series_nid":"","series_start":"","series_end":"","nid":"58939","type":"Beitrag"}},{"node":{"title":"Rechte Richter, ein \u00f6ffentlich kaum diskutiertes Problem","body":"In den letzten Jahren fallen immer mehr Richter*innen damit auf, dass sie in Urteilsbegr\u00fcndungen rechte politische Standpunkte einflie\u00dfen lassen.","series_nid":"","series_start":"","series_end":"","nid":"58936","type":"Beitrag"}},{"node":{"title":"Abschiebung von RDL-Korrespondentem aus Frankreich k\u00f6nnte f\u00fcr Innenministerium juristische Folgen haben","body":"Der reine Verdacht und wohl auch ein Wink einer deutschen Beh\u00f6rde reichte dem franz\u00f6sischen Innenministerium, um im Umfeld des G7-Gipfels von Biarritz im Sommer 2019 einen Mitarbeiter von Radio Dre","series_nid":"","series_start":"","series_end":"","nid":"58940","type":"Beitrag"}},{"node":{"title":"'VielFalter' - Magazin f\u00fcr Polyphonie und Selbstbestimmung 04.10.2021","body":"","series_nid":"","series_start":"","series_end":"","nid":"58924","type":"Beitrag"}},{"node":{"title":"Frontex, Push backs, Lager: Warum versagt die europ\u00e4ische Fl\u00fcchtlingspolitik? Podiumsdiskussion Teil 1","body":"Wir berichten laufend vom Elend der deutschen und europ\u00e4ischen Fl\u00fcchtlingspolitik - Abschiebungen, Lager, Ertrinkende im Mittelmeer, Pushbacks und Elend an den EU-Au\u00dfengrenzen...","series_nid":"","series_start":"","series_end":"","nid":"58852","type":"Beitrag"}},{"node":{"title":"Keine Heimat - Deutschfolk-Revival - Teil 3 - 10/21","body":"In dieser Sendung wird erneut und letztmals die 12-CD-Box \"Deutschfolk\" vorgestellt.\n\n\nPlaylist u.a. auf www.keine-heimat.de","series_nid":"","series_start":"","series_end":"","nid":"58934","type":"Beitrag"}},{"node":{"title":"Rap als Revolution, Zementindustrie in Togo","body":"Bevor unsere Redakteurin Rufine Songue im September zur Show des kamerunischen Rappers Vals\u00e9ro nach Paris gefahren ist, war sie aufgeregt wie wohl noch nie vor einem Konzert: Revolution und die Ide","series_nid":"","series_start":"","series_end":"","nid":"58930","type":"Beitrag"}},{"node":{"title":"Vom kamerunischen Gef\u00e4ngnis ins Z\u00e9nith in Paris","body":"Das urspr\u00fcnglich f\u00fcr den 22. Mai 2021 geplante Konzert des kamerunischen Rappers Vals\u00e9ro fand am 18. September 2021 auf der B\u00fchne des Zenith in Paris statt.","series_nid":"","series_start":"","series_end":"","nid":"58937","type":"Beitrag"}},{"node":{"title":"Kalk, Ton und Mondlandschaften","body":"Die Zementproduktion ist f\u00fcr acht Prozent der j\u00e4hrlichen CO2-Emissionen verantwortlich.","series_nid":"","series_start":"","series_end":"","nid":"58938","type":"Beitrag"}},{"node":{"title":"Rap als Revolution, Zementindustrie in Togo","body":"Bevor unsere Redakteurin Rufine Songue im September zur Show des kamerunischen Rappers Vals\u00e9ro nach Paris gefahren ist, war sie aufgeregt wie wohl noch nie vor einem Konzert: Revolu","series_nid":"","series_start":"","series_end":"","nid":"58941","type":"Beitrag"}},{"node":{"title":"Musikmagazin | Playlist | Dienstag 05. Oktober 2021 | 17-18 Uhr","body":"Seit mehr als zwei Jahrzehnten begeistern SOJA mit einer frischen und zeitlosen Interpretation von Roots Reggae und haben sich dabei eine internationale Fangemeinde ","series_nid":"","series_start":"","series_end":"","nid":"58923","type":"Beitrag"}},{"node":{"title":"Focus Kultur 05.10.2021","body":"","series_nid":"","series_start":"","series_end":"","nid":"58942","type":"Beitrag"}},{"node":{"title":"Baumbesetzung am Hoyerst\u00e4nnle","body":"Zahlreiche Aktivistinnen und Aktivisten aus der Gegend in und um M\u00fcllheim beteiligen sich momentan an der Baumbesetzung im M\u00fclheimer Eichwald.","series_nid":"","series_start":"","series_end":"","nid":"58925","type":"Beitrag"}},{"node":{"title":"aka Filmclub startet mit neuer Webseite und aktuellem Programm","body":"Heute gehts nach anderthalb Jahren pandemiebedingter Zwangspause wieder los im Gro\u00dfen H\u00f6rsaal der Biologie mit Nomadland. Aktuelle Film","series_nid":"","series_start":"","series_end":"","nid":"58961","type":"Beitrag"}},{"node":{"title":"radio%attac  06.10.2021","body":"","series_nid":"","series_start":"","series_end":"","nid":"58952","type":"Beitrag"}},{"node":{"title":"La Radio 05.10.2021","body":"","series_nid":"","series_start":"","series_end":"","nid":"58943","type":"Beitrag"}},{"node":{"title":"Magical Mystery Mix am 05.10.2021_Satie remixed","body":"Eric Satie \u2013 Gymnop\u00e9dies remixed","series_nid":"","series_start":"","series_end":"","nid":"58570","type":"Beitrag"}}]}