{"nodes":[{"node":{"title":"Musikgeschichten","body":"Jeden 1. Dienstag im Monat um 23 Uhr.\nWeltmusik, Reggae, brasilianische Musik, elektronische Musik, aber auch Jazz, Soul, feiner Pop oder einfach Kultur und Klassik.","series_nid":"25","series_start":"2021-10-05T23:00:00+02:00","series_end":"2021-10-06T00:00:00+02:00","nid":"48037","type":"Sendereihe"}},{"node":{"title":"Democracy Now (US-Magazin)","body":"Aktueller Hinweis (17.10.2023) von der RDL Betriebsgruppe","series_nid":"2,084","series_start":"2021-10-06T07:00:00+02:00","series_end":"2021-10-06T08:00:00+02:00","nid":"17238","type":"Sendereihe"}},{"node":{"title":"Morgenradio","body":"Das Morgenradio unterh\u00e4lt und informiert \u00fcber politische, gesellschaftliche kulturelle Themen aus Freiburg und dem Umland, aus Europa und weltweit. Jeden Morgen, Montag bis Freitag von 8-10.","series_nid":"627","series_start":"2021-10-06T08:00:00+02:00","series_end":"2021-10-06T10:00:00+02:00","nid":"44809","type":"Sendereihe"}},{"node":{"title":"Focus Kultur (Wdh.)","body":"","series_nid":"372","series_start":"2021-10-06T10:00:00+02:00","series_end":"2021-10-06T11:00:00+02:00","nid":"21863","type":"Sendereihen-Wiederholung"}},{"node":{"title":"radio%attac (Wdh.)","body":"","series_nid":"312","series_start":"2021-10-06T11:00:00+02:00","series_end":"2021-10-06T12:00:00+02:00","nid":"17759","type":"Sendereihen-Wiederholung"}},{"node":{"title":"punkt12","body":"Mittagsmagazin mit Veranstaltungshinweisen f\u00fcr das Dreyeckland. Sendezeit: Montag bis Freitag von 12 bis 13 Uhr Fokussiert auf unser Sendegebiet h\u00f6rt ihr mittags zwischen 12:00 und 13:00 Uhr aktuelle Interviews und Portraits, Beitr\u00e4ge, Nachrichten und Rezensionen sowie Veranstaltungs- und Programmhinweise aus und f\u00fcr die subkulturellen Szenen des Dreyecklandes.","series_nid":"1,985","series_start":"2021-10-06T12:00:00+02:00","series_end":"2021-10-06T13:00:00+02:00","nid":"588","type":"Sendereihe"}},{"node":{"title":"La Radio (Wdh.)","body":"","series_nid":"413","series_start":"2021-10-06T13:00:00+02:00","series_end":"2021-10-06T15:00:00+02:00","nid":"17170","type":"Sendereihen-Wiederholung"}},{"node":{"title":"Interkontinentale Musik","body":"Sendezeit: Jeden Mittwoch um 15 Uhr\nSchwerpunkt: Musik aus Asien","series_nid":"415","series_start":"2021-10-06T15:00:00+02:00","series_end":"2021-10-06T16:00:00+02:00","nid":"17164","type":"Sendereihe"}},{"node":{"title":"Our voice \u2013 Die Stimme der Unsichtbaren","body":"\nDeutsch\n\nSendezeit: Jeden Mittwoch um 16 Uhr und nun auch am Donnerstag in der Wiederholung ab 14 Uhr","series_nid":"217","series_start":"2021-10-06T16:00:00+02:00","series_end":"2021-10-06T17:00:00+02:00","nid":"36152","type":"Sendereihe"}},{"node":{"title":"Musikmagazin","body":"Montag bis Freitag immer um 17 Uhr aktuelles Konzertgeschehen, Interviews und Neuheiten. Dazu genre-\u00fcbergreifend Musik.","series_nid":"2,107","series_start":"2021-10-06T17:00:00+02:00","series_end":"2021-10-06T18:00:00+02:00","nid":"766","type":"Sendereihe"}},{"node":{"title":"Infomagazin","body":"Eine Auswahl aktueller Beitr\u00e4ge zu politischen und gesellschaftlichen Themen aus Freiburg und der Welt. Montags, mittwochs und freitags um 18 Uhr.","series_nid":"1,023","series_start":"2021-10-06T18:00:00+02:00","series_end":"2021-10-06T19:00:00+02:00","nid":"21867","type":"Sendereihe"}},{"node":{"title":"35 Millimeter","body":"Jeden 1. Mittwoch um 20 Uhr- 21 Uhr. (Wdh. Donnerstag 13 Uhr)","series_nid":"97","series_start":"2021-10-06T20:00:00+02:00","series_end":"2021-10-06T21:00:00+02:00","nid":"771","type":"Sendereihe"}},{"node":{"title":"Incubus Succubus","body":"Jeden Mittwoch um 22 Uhr\nNeu ab November 2015: Alle 2 Wochen eine halbe Stunde l\u00e4nger bis 23:30 Uhr!","series_nid":"211","series_start":"2021-10-06T22:00:00+02:00","series_end":"2021-10-06T23:00:00+02:00","nid":"1062","type":"Sendereihe"}},{"node":{"title":"Die Klage von sechs Gefl\u00fcchteten gegen die Hausordnung der LEA (Landeserstaufnahmestelle) in Freiburg","body":"s.g. /Gegen die Hausordnung der LEA in Freiburg (seit Januar 2020 g\u00fcltig) haben sechs Gefl\u00fcchtete geklagt, weil sie gegen Grundrechte verst\u00f6\u00dft z.B.","series_nid":"","series_start":"","series_end":"","nid":"58953","type":"Beitrag"}},{"node":{"title":"Indizienprozess gegen Antifas in Stuttgart","body":"Seit dem 19.April '21 stehen 2 Antifaschisten in Stuttgart vor Gericht. Jo und Dy wird vorgeworfen am Rande einer Querdenker-Demonstration am\u00a016.","series_nid":"","series_start":"","series_end":"","nid":"58935","type":"Beitrag"}},{"node":{"title":"Ausstellung zu FLINTA*-K\u00fcnstler*Innen in Freiburg","body":"Vom 09.Oktober bis 07.November gibt es die Austellung RebElles im ZeitRaum ","series_nid":"","series_start":"","series_end":"","nid":"58956","type":"Beitrag"}},{"node":{"title":"Focus Europa Nachrichten vom Mittwoch, dem 6. Oktober","body":"Wieder \u00f6ffentliche Hinrichtungen in Afghanistan\nVater von Hanau-Attent\u00e4ter wegen Beleidigung vor Gericht ","series_nid":"","series_start":"","series_end":"","nid":"58944","type":"Beitrag"}},{"node":{"title":"Rum\u00e4nien: Nach Misstrauensvotum Regierung nur noch kommissarisch im Amt","body":"Eine Mehrheit im rum\u00e4nischen Parlament hat am Dienstag dem liberal-konservativen Ministerpr\u00e4sidenten Florin Citu das Misstrauen ausgesprochen.","series_nid":"","series_start":"","series_end":"","nid":"58945","type":"Beitrag"}},{"node":{"title":"Kundgebung gegen Antisemitismus vor Hotel in Leipzig","body":"Nachdem der S\u00e4nger und Schauspieler Gil Ofarim von einem antisemitischen Vorfall berichtet hatte haben sich gestern Abend mehrere hundert Menschen vor dem Hotel \u201eThe Westin Hotel\u201c in Leipzig versam","series_nid":"","series_start":"","series_end":"","nid":"58946","type":"Beitrag"}},{"node":{"title":"Nur eine Handvoll LKW-Fahrer*innen will Kurzzeitarbeitsvisa in Gro\u00dfbritannien","body":"Nach Angaben des britischen Regierungschefs Johnson liegen bisher 127 Antr\u00e4ge auf befristete Arbeitsvisa f\u00fcr LKW-Fahrer*innen im Vereinigten K\u00f6nigreich vor.","series_nid":"","series_start":"","series_end":"","nid":"58947","type":"Beitrag"}},{"node":{"title":"Vater von Hanau-Attent\u00e4ter wegen Beleidigung vor Gericht","body":"Am heutigen Mittwoch muss sich der Vater des Attent\u00e4ters von Hanau vor Gericht verantworten. Am 19. Februar 2020 ermordete der 43-j\u00e4hrige Tobias R.","series_nid":"","series_start":"","series_end":"","nid":"58948","type":"Beitrag"}},{"node":{"title":"Wieder \u00f6ffentliche Hinrichtungen in Afghanistan","body":"Nach einem Bericht der britischen Boulevard-Zeitung The Sun wurden in der Provinz Herat drei M\u00e4nner an Baggern aufgeh\u00e4ngt.","series_nid":"","series_start":"","series_end":"","nid":"58949","type":"Beitrag"}},{"node":{"title":"Gestern im Gemeinderat (5. Oktober 2021)","body":"Am Anfang des Interviews mit unserer RDL- Beobachterin \u00fcber die gestrige Sitzung\u00a0 des Gemeinderat ein \u00dcberblick \u00fcber die Themen von gestern, dann ein Bericht \u00fcber die Debatte um die St\u00e4dtepartnersc","series_nid":"","series_start":"","series_end":"","nid":"58954","type":"Beitrag"}},{"node":{"title":"Focus Kultur 05.10.2021","body":"","series_nid":"","series_start":"","series_end":"","nid":"58942","type":"Beitrag"}},{"node":{"title":"radio%attac  06.10.2021","body":"","series_nid":"","series_start":"","series_end":"","nid":"58952","type":"Beitrag"}},{"node":{"title":"Winterblumenkohl bei der GartenCoop Freiburg","body":"Ein Film und ein Interview mit Luciano \u00fcber die Samenfeste Winterkohlsorte.\nGenauer um Wainfleet \u2013 \u00dcberwinterungsblumenkohl. Was fr\u00fcher normal war","series_nid":"","series_start":"","series_end":"","nid":"58993","type":"Beitrag"}},{"node":{"title":"La Radio 05.10.2021","body":"","series_nid":"","series_start":"","series_end":"","nid":"58943","type":"Beitrag"}},{"node":{"title":"Our Voice Live show","body":"This year\u2019s edition of Africa Day was partly streamed live through our live radio show with the new mobil studio of Radio Dreyeckland. The show was aired from 6 to 8 pm.","series_nid":"","series_start":"","series_end":"","nid":"58959","type":"Beitrag"}},{"node":{"title":"Deported after 7 years in Europe","body":"After living in Europe for 7 years, Quashie Tagoe was taking from the first arrival camp in Freiburg on october 23 and deported back to Ghana on October 29.","series_nid":"","series_start":"","series_end":"","nid":"58969","type":"Beitrag"}},{"node":{"title":"\"It feels like a punishment\"","body":"Emmanuel Annor, member of Our Voice, was transferred to Rheinfelder after one year in the first arival camp in Freiburg.","series_nid":"","series_start":"","series_end":"","nid":"58970","type":"Beitrag"}},{"node":{"title":"Episode 1 - \"What's up Freiburg?\" (fran\u00e7ais)","body":"De nombreux hommes r\u00e9fugi\u00e9s vivant dans le camp disent souvent qu'il est tr\u00e8s compliqu\u00e9 pour eux de trouver une femme en Allemagne. Est-ce d\u00fb \u00e0 des diff\u00e9rences culturelles ?","series_nid":"","series_start":"","series_end":"","nid":"59688","type":"Beitrag"}},{"node":{"title":"\u062d\u0644\u0642\u0629 1 - \u201eWhat\u2018s up Freiburg?\u201c (\u0639\u0631\u0628\u064a )","body":"\u00a0\u064a\u0642\u0648\u0644 \u0627\u0644\u0639\u062f\u064a\u062f \u0645\u0646 \u0627\u0644\u0644\u0627\u062c\u0626\u064a\u0646 \u0627\u0644\u0630\u0643\u0648\u0631 \u0627\u0644\u0630\u064a\u0646 \u064a\u0639\u064a\u0634\u0648\u0646 \u0641\u064a \u0627\u0644\u0645\u062e\u064a\u0645 \u0641\u064a \u0643\u062b\u064a\u0631 \u0645\u0646 \u0627\u0644\u0623\u062d\u064a\u0627\u0646 \u0623\u0646\u0647 \u0645\u0646 \u0627\u0644\u0635\u0639\u0628 \u0639\u0644\u064a\u0647\u0645 \u0627\u0644\u0639\u062b\u0648\u0631 \u0639\u0644\u0649 \u0627\u0645\u0631\u0623\u0629 \u0641\u064a \u0623\u0644\u0645\u0627\u0646\u064a\u0627.\u00a0 \u0647\u0644 \u0647\u0630\u0627 \u0628\u0633\u0628\u0628 \u0627\u0644\u0627\u062e\u062a\u0644\u0627\u0641\u0627\u062a \u0627\u0644\u062b\u0642\u0627\u0641\u064a\u0629\u061f\u00a0 \u0623\u0645 \u0623\u0646 \u0627\u0644\u0646\u0633\u0627\u0621 \u0627\u0644\u0623\u0644\u0645\u0627\u0646\u064a\u0627\u062a \u0645\u062c\u0631\u062f \u0639\u0646\u0635\u0631\u064a\u0627\u062a\u061f\u00a0 \u0646","series_nid":"","series_start":"","series_end":"","nid":"59689","type":"Beitrag"}},{"node":{"title":"Episode:1 Relationship  ","body":"14:26Episode 1: What\u2018s up Freiburg?","series_nid":"","series_start":"","series_end":"","nid":"59729","type":"Beitrag"}},{"node":{"title":"Infomagazin 06.10.2021","body":"","series_nid":"","series_start":"","series_end":"","nid":"58960","type":"Beitrag"}},{"node":{"title":"Spendet f\u00fcr Quashie!","body":"Unser Freund und Mitstreiter Quashie wurde in der Nacht zum 23.09.21 aus der LEA heraus verhaftet, und am 29.09. nach Ghana abgeschoben.","series_nid":"","series_start":"","series_end":"","nid":"58962","type":"Beitrag"}},{"node":{"title":"Arbeitsweltradio 06.10.2021","body":"","series_nid":"","series_start":"","series_end":"","nid":"58963","type":"Beitrag"}},{"node":{"title":"35 Millimeter 06.10.2021","body":"","series_nid":"","series_start":"","series_end":"","nid":"58964","type":"Beitrag"}}]}