{"nodes":[{"node":{"title":"Democracy Now (US-Magazin)","body":"Aktueller Hinweis (17.10.2023) von der RDL Betriebsgruppe","series_nid":"2,085","series_start":"2021-10-07T07:00:00+02:00","series_end":"2021-10-07T08:00:00+02:00","nid":"17238","type":"Sendereihe"}},{"node":{"title":"Morgenradio","body":"Das Morgenradio unterh\u00e4lt und informiert \u00fcber politische, gesellschaftliche kulturelle Themen aus Freiburg und dem Umland, aus Europa und weltweit. Jeden Morgen, Montag bis Freitag von 8-10.","series_nid":"628","series_start":"2021-10-07T08:00:00+02:00","series_end":"2021-10-07T10:00:00+02:00","nid":"44809","type":"Sendereihe"}},{"node":{"title":"Historisches Tagesinfo","body":"Das Tagesinfo war bei Radio Dreyeckland \u00fcber Jahrzehnte bis in die sp\u00e4ten 90er Jahre regelm\u00e4\u00dfig um 18 Uhr zu h\u00f6ren.","series_nid":"1,447","series_start":"2021-10-07T10:00:00+02:00","series_end":"2021-10-07T11:00:00+02:00","nid":"21096","type":"Sendereihe"}},{"node":{"title":"punkt12","body":"Mittagsmagazin mit Veranstaltungshinweisen f\u00fcr das Dreyeckland. Sendezeit: Montag bis Freitag von 12 bis 13 Uhr Fokussiert auf unser Sendegebiet h\u00f6rt ihr mittags zwischen 12:00 und 13:00 Uhr aktuelle Interviews und Portraits, Beitr\u00e4ge, Nachrichten und Rezensionen sowie Veranstaltungs- und Programmhinweise aus und f\u00fcr die subkulturellen Szenen des Dreyecklandes.","series_nid":"1,986","series_start":"2021-10-07T12:00:00+02:00","series_end":"2021-10-07T13:00:00+02:00","nid":"588","type":"Sendereihe"}},{"node":{"title":"35 Millimeter (Wdh.)","body":"","series_nid":"97","series_start":"2021-10-07T13:00:00+02:00","series_end":"2021-10-07T13:00:00+02:00","nid":"15139","type":"Sendereihen-Wiederholung"}},{"node":{"title":"Democracy Now (US-Magazin)","body":"","series_nid":"411","series_start":"2021-10-07T14:00:00+02:00","series_end":"2021-10-07T15:00:00+02:00","nid":"17239","type":"Sendereihen-Wiederholung"}},{"node":{"title":"Raices Nomades (spanisch) (Wdh.)","body":"","series_nid":"417","series_start":"2021-10-07T15:00:00+02:00","series_end":"2021-10-07T16:00:00+02:00","nid":"17207","type":"Sendereihen-Wiederholung"}},{"node":{"title":"Logbuch SoLaWi","body":"Der monatliche Podcast rund um solidarische Landwirtschaft, alternative Anbaumethoden, Selbstversorgung, Er","series_nid":"46","series_start":"2021-10-07T16:00:00+02:00","series_end":"2021-10-07T16:00:00+02:00","nid":"783","type":"Sendereihe"}},{"node":{"title":"Musikmagazin","body":"Montag bis Freitag immer um 17 Uhr aktuelles Konzertgeschehen, Interviews und Neuheiten. Dazu genre-\u00fcbergreifend Musik.","series_nid":"2,108","series_start":"2021-10-07T17:00:00+02:00","series_end":"2021-10-07T18:00:00+02:00","nid":"766","type":"Sendereihe"}},{"node":{"title":"Fokus S\u00fcdwest","body":"Landespolitik Baden-W\u00fcrttemberg","series_nid":"344","series_start":"2021-10-07T18:00:00+02:00","series_end":"2021-10-07T18:30:00+02:00","nid":"769","type":"Sendereihe"}},{"node":{"title":"Focus International","body":"Alle 2 Wochen am Donnerstag von 18.30-19 Uhr (im Wechsel mit onda-info). Wiederholung am Freitag um 10.30 Uhr.","series_nid":"177","series_start":"2021-10-07T18:30:00+02:00","series_end":"2021-10-07T19:00:00+02:00","nid":"18786","type":"Sendereihe"}},{"node":{"title":"Radio Ech (deutsch)","body":"Das ist die halbst\u00fcndige deutsche Ausgabe der russischen Redaktion.","series_nid":"162","series_start":"2021-10-07T19:00:00+02:00","series_end":"2021-10-07T19:30:00+02:00","nid":"57548","type":"Sendereihe"}},{"node":{"title":"Schwule Welle","body":"Die Schwule Welle ist seit dem Radio Fr\u00fchling 1985 on Air\n19.30 - 21.00 Uhr: Schwule Welle\n\"Donnerstags habe ich nichts an... nur das Radio auf 102,3!\"","series_nid":"418","series_start":"2021-10-07T19:30:00+02:00","series_end":"2021-10-07T21:00:00+02:00","nid":"17177","type":"Sendereihe"}},{"node":{"title":"Black Channel","body":"Sendezeit: Jeden zweiten Donnerstag von 21 - 22 Uhr\nDJ: Tobias","series_nid":"209","series_start":"2021-10-07T21:00:00+02:00","series_end":"2021-10-07T22:00:00+02:00","nid":"1060","type":"Sendereihe"}},{"node":{"title":"Laut und Deutlich","body":"Sendezeit: jeden zweiten Donnerstag von 22 - 23.30 Uhr\nDJ: Henning","series_nid":"209","series_start":"2021-10-07T22:00:00+02:00","series_end":"2021-10-07T23:30:00+02:00","nid":"17154","type":"Sendereihe"}},{"node":{"title":"Bluesclubradio","body":"Jeden Donnerstag 23:30-0:30 Uhr\nModeration: ArneHomepage: www.bluesclubradio.de","series_nid":"262","series_start":"2021-10-07T23:30:00+02:00","series_end":"2021-10-08T00:30:00+02:00","nid":"32270","type":"Sendereihe"}},{"node":{"title":"Interview mit Ende Gel\u00e4nde zu Aktionswochende in L\u00fctzerath","body":"Trotz beschlossenem Kohleausstieg m\u00f6chte der Kohlekonzern RWE f\u00fcr den Tagebau Garzweiler II weiterhin D\u00f6rfer abrei\u00dfen. Eins dieser D\u00f6rfer ist L\u00fctzerath, oft L\u00fctzi genannt.","series_nid":"","series_start":"","series_end":"","nid":"58966","type":"Beitrag"}},{"node":{"title":"Winterblumenkohl bei der GartenCoop Freiburg","body":"Ein Film und ein Interview mit Luciano \u00fcber die Samenfeste Winterkohlsorte.\nGenauer um Wainfleet \u2013 \u00dcberwinterungsblumenkohl. Was fr\u00fcher normal war","series_nid":"","series_start":"","series_end":"","nid":"58993","type":"Beitrag"}},{"node":{"title":"Tagesinfo von Montag, 07.10.1996","body":"\n\n\n\n\n\n\n\n\nMo\n07.10.96\n1.","series_nid":"","series_start":"","series_end":"","nid":"58967","type":"Beitrag"}},{"node":{"title":"Arbeitsweltradio 06.10.2021","body":"","series_nid":"","series_start":"","series_end":"","nid":"58963","type":"Beitrag"}},{"node":{"title":"Asterix lebt zu Wien an der Donau","body":"\"Ganz Galien wurde von Caesar beherrscht.. Ganz Galien? Ein kleines gallisches Dorf...\" Galien hei\u00dft heute \u00d6sterreich, bzw. \u00f6sterreichische Justiz.","series_nid":"","series_start":"","series_end":"","nid":"58968","type":"Beitrag"}},{"node":{"title":"35 Millimeter 06.10.2021","body":"","series_nid":"","series_start":"","series_end":"","nid":"58964","type":"Beitrag"}},{"node":{"title":"Direkte solidarit\u00e4t mit den Gefl\u00fcchteten an der Polnisch-Belarusischen Grenze","body":"Seit \u00fcber einem Monat versuchen immer mehr gefl\u00fcchtete Menschen, die aus Afghanistan, Syrien, dem Irak und vielen anderen krisengesch\u00fcttelten Gebieten stammen oder aus Regionen kommen, wo sie verfo","series_nid":"","series_start":"","series_end":"","nid":"58971","type":"Beitrag"}},{"node":{"title":"Raices Nomades (spanisch) 02.10.2021","body":"","series_nid":"","series_start":"","series_end":"","nid":"58906","type":"Beitrag"}},{"node":{"title":"Logbuch SoLaWi Oktober 2021 ","body":"* Umgang mit Corona in linken selbstverwalteten Solawi-Strukturen\n* Landwirtschaftsministerium in CDU Hand - Bilanz J. Kl\u00f6ckner","series_nid":"","series_start":"","series_end":"","nid":"58950","type":"Beitrag"}},{"node":{"title":"Die Sterne live im Jazzhaus","body":"Am 10.10. endlich wieder in Freiburg.","series_nid":"","series_start":"","series_end":"","nid":"58951","type":"Beitrag"}},{"node":{"title":"Fokus S\u00fcdwest 07.10.2021","body":"# Verfassungsschutz \u00dcberwachung von Michael Moos war zu einem gro\u00dfen Teil rechtswidrig\n\u00a0\n# Neue Stra\u00dfennamen in Mannheim \n# Winterblumenkohl bei der GartenCoop Freiburg","series_nid":"","series_start":"","series_end":"","nid":"58973","type":"Beitrag"}},{"node":{"title":"Winterblumenkohl bei der GartenCoop Freiburg","body":"Ein Film und ein Interview mit Luciano \u00fcber die Samenfeste Winterkohlsorte.\nGenauer um Wainfleet \u2013 \u00dcberwinterungsblumenkohl. Was fr\u00fcher normal war","series_nid":"","series_start":"","series_end":"","nid":"58993","type":"Beitrag"}},{"node":{"title":"Focus International 07.10.2021","body":"","series_nid":"","series_start":"","series_end":"","nid":"58974","type":"Beitrag"}},{"node":{"title":"GayHistory: \"Queere Weimarer Republik - Zwischen Lila Lied und Paragraf 175\"","body":"2020 wurde das \u201eLila Lied\u201c 100 Jahre alt \u2013 aufgrund von Covid-19 wurde dies nicht allzu sehr gefeiert. Ein Grund f\u00fcr uns, noch einmal die Zeit der 20er Jahre des 20. Jahrhunderts noch einmal zu beleuchten.","series_nid":"","series_start":"","series_end":"","nid":"58612","type":"Beitrag"}},{"node":{"title":"Black Channel 07.10.2021","body":"","series_nid":"","series_start":"","series_end":"","nid":"58975","type":"Beitrag"}},{"node":{"title":"Laut und Deutlich 07.10.2021","body":"","series_nid":"","series_start":"","series_end":"","nid":"58977","type":"Beitrag"}},{"node":{"title":"Bluesclubradio vom 7.10.2021","body":"","series_nid":"","series_start":"","series_end":"","nid":"58988","type":"Beitrag"}},{"node":{"title":"Bluesclubradio vom 7.10.2021","body":"","series_nid":"","series_start":"","series_end":"","nid":"58989","type":"Beitrag"}}]}