{"nodes":[{"node":{"title":"Nachtprogramm","body":"Durch die Nacht mit ausgew\u00e4hlten Musiksendungen von RDL.","series_nid":"836","series_start":"2021-10-12T00:00:00+02:00","series_end":"2021-10-12T07:00:00+02:00","nid":"17168","type":"Sendereihe"}},{"node":{"title":"Democracy Now (US-Magazin)","body":"Aktueller Hinweis (17.10.2023) von der RDL Betriebsgruppe","series_nid":"2,088","series_start":"2021-10-12T07:00:00+02:00","series_end":"2021-10-12T08:00:00+02:00","nid":"17238","type":"Sendereihe"}},{"node":{"title":"Morgenradio","body":"Das Morgenradio unterh\u00e4lt und informiert \u00fcber politische, gesellschaftliche kulturelle Themen aus Freiburg und dem Umland, aus Europa und weltweit. Jeden Morgen, Montag bis Freitag von 8-10.","series_nid":"631","series_start":"2021-10-12T08:00:00+02:00","series_end":"2021-10-12T10:00:00+02:00","nid":"44809","type":"Sendereihe"}},{"node":{"title":"Historisches Tagesinfo","body":"Das Tagesinfo war bei Radio Dreyeckland \u00fcber Jahrzehnte bis in die sp\u00e4ten 90er Jahre regelm\u00e4\u00dfig um 18 Uhr zu h\u00f6ren.","series_nid":"1,450","series_start":"2021-10-12T10:00:00+02:00","series_end":"2021-10-12T11:00:00+02:00","nid":"21096","type":"Sendereihe"}},{"node":{"title":"Chaosradio Freiburg (Wdh.)","body":"","series_nid":"126","series_start":"2021-10-12T11:00:00+02:00","series_end":"2021-10-12T12:00:00+02:00","nid":"35237","type":"Sendereihen-Wiederholung"}},{"node":{"title":"punkt12","body":"Mittagsmagazin mit Veranstaltungshinweisen f\u00fcr das Dreyeckland. Sendezeit: Montag bis Freitag von 12 bis 13 Uhr Fokussiert auf unser Sendegebiet h\u00f6rt ihr mittags zwischen 12:00 und 13:00 Uhr aktuelle Interviews und Portraits, Beitr\u00e4ge, Nachrichten und Rezensionen sowie Veranstaltungs- und Programmhinweise aus und f\u00fcr die subkulturellen Szenen des Dreyecklandes.","series_nid":"1,989","series_start":"2021-10-12T12:00:00+02:00","series_end":"2021-10-12T13:00:00+02:00","nid":"588","type":"Sendereihe"}},{"node":{"title":"Burning Beds (Wdh.)","body":"","series_nid":"98","series_start":"2021-10-12T13:00:00+02:00","series_end":"2021-10-12T14:00:00+02:00","nid":"17231","type":"Sendereihen-Wiederholung"}},{"node":{"title":"O-Ton Playback (Wdh.)","body":"","series_nid":"442","series_start":"2021-10-12T14:00:00+02:00","series_end":"2021-10-12T15:00:00+02:00","nid":"17237","type":"Sendereihen-Wiederholung"}},{"node":{"title":"Keine Heimat (Euro Folk)","body":"Sendezeit: jeden Dienstag von 15 - 16 Uhr\nDJ: Christian Rath","series_nid":"419","series_start":"2021-10-12T15:00:00+02:00","series_end":"2021-10-12T16:00:00+02:00","nid":"17151","type":"Sendereihe"}},{"node":{"title":"Musikmagazin","body":"Montag bis Freitag immer um 17 Uhr aktuelles Konzertgeschehen, Interviews und Neuheiten. Dazu genre-\u00fcbergreifend Musik.","series_nid":"2,111","series_start":"2021-10-12T17:00:00+02:00","series_end":"2021-10-12T18:00:00+02:00","nid":"766","type":"Sendereihe"}},{"node":{"title":"Focus Kultur","body":"Focus Kultur ist Eure verl\u00e4ssliche akustische Quelle mit dem lokalen wie internationalen kulturellen Input, hintergr\u00fcndigen Berichten zu Theater, Musik, Kino, Kunst, Literarischem, Kulinarischem un","series_nid":"284","series_start":"2021-10-12T18:00:00+02:00","series_end":"2021-10-12T19:00:00+02:00","nid":"17186","type":"Sendereihe"}},{"node":{"title":"La Radio","body":"LaRadio, fr\u00fcher als FrauenLesbenRadio bekannt, ist das autonome queere und feministische Radio auf der Frequenz von Radio Dreyeckland.","series_nid":"422","series_start":"2021-10-12T20:00:00+02:00","series_end":"2021-10-12T22:00:00+02:00","nid":"776","type":"Sendereihe"}},{"node":{"title":"Chrono-Chartory","body":"[Chronologische Chart Historie] \n\u00a0","series_nid":"194","series_start":"2021-10-12T22:00:00+02:00","series_end":"2021-10-12T23:00:00+02:00","nid":"17148","type":"Sendereihe"}},{"node":{"title":"303 Belegungrechte im betreuten Wohnen drohen auszulaufen","body":"Nach der Beratung \u00fcber die Fortentwicklung der Sozialplanung in der Stadt Freiburg im Juni 2021 im Sozialausschu\u00df verlangten die Gemeinder\u00e4te in einem Nachgepr\u00e4ch am 12.Juli Ausk\u00fcnfte\u00a0 zum ","series_nid":"","series_start":"","series_end":"","nid":"59017","type":"Beitrag"}},{"node":{"title":"Erfahrungsbericht \u00fcber das \"Tribunal\" bei Heckler & Koch in Oberndorf","body":"Letzten Freitag, den 8. Oktober 2021, fand vor dem Gel\u00e4nde des Waffenherstellers Heckler & Koch, eine Blockadeaktion statt.","series_nid":"","series_start":"","series_end":"","nid":"59020","type":"Beitrag"}},{"node":{"title":"\"Ich bin gewachsen durch diese Arbeit\"","body":"Robin sprach mit Celine K\u00fcnzle \u00fcber ihre gezeichnete Reportage \"Lockdown\".\n\nLink zur I Never Read, Bookfair\n","series_nid":"","series_start":"","series_end":"","nid":"59027","type":"Beitrag"}},{"node":{"title":"Aven","body":"Am Samstag fand im Rahmen der Interkulturellen Wochen Freiburg 2021 das erste Sintifestival statt.","series_nid":"","series_start":"","series_end":"","nid":"59036","type":"Beitrag"}},{"node":{"title":"Mit revolution\u00e4ren Puppen durch Europa","body":"Drei compa\u00f1eroas vom Nationalen Indigenenkongre\u00df aus Mexiko begleiten die Delegation der EZLN, der zapatistischen Befreiungsarmee, bei ihrem Weg durch Europa.","series_nid":"","series_start":"","series_end":"","nid":"59039","type":"Beitrag"}},{"node":{"title":"Pushbacks an den EU-Au\u00dfengrenzen Kroatien & Litauen","body":"Seit mehreren Wochen sterben Menschen in den polnischen-belarussischen Grenzgebieten, wo sie durch illegale R\u00fcckf\u00fchrungen immer wieder aus der Europ\u00e4ischen Union verdr\u00e4ngt werden.","series_nid":"","series_start":"","series_end":"","nid":"59038","type":"Beitrag"}},{"node":{"title":"Tagesinfo von Donnerstag,10.10.1996","body":"\n\n\n\n\n\n\n\n\nDo\n10.10.96\n1.","series_nid":"","series_start":"","series_end":"","nid":"59037","type":"Beitrag"}},{"node":{"title":"\"Facebook ist eine Datenkrake, die uns im Internet nackt macht\"","body":"Durch die Whistleblowerin Frances Haugen sind die unheimlichen Gesch\u00e4ftspraktiken von Facebook einmal mehr in die Kritik gekommen.","series_nid":"","series_start":"","series_end":"","nid":"59040","type":"Beitrag"}},{"node":{"title":"\"man wird sehen, ob alles so weitergeht\" - ein (Kurz-)R\u00fccktritt ist noch kein Abschied","body":"Nachdem ein 104 Seiten starkes Dokument der Staatsanwaltschaft offengelegt hat, dass sein Umfeld mit bestellten Umfragen und bestellten Artikeln - bezahlt letztlich aus Steuergeldern - Sebastian Ku","series_nid":"","series_start":"","series_end":"","nid":"59042","type":"Beitrag"}},{"node":{"title":"Frauen sind gezwungen ihre Kinder zu verkaufen","body":"Seit bald zwei Jahrzehnten arbeitet die Deutsch-Afghanische Initiative (DAI) am friedlichen Wiederaufbau Afghanistans.","series_nid":"","series_start":"","series_end":"","nid":"59043","type":"Beitrag"}},{"node":{"title":"burning beds","body":"Die Themen: Wie werden Leute bezeichnet, die das Gegenteil dessen tun, was sie predigen?","series_nid":"","series_start":"","series_end":"","nid":"59028","type":"Beitrag"}},{"node":{"title":"US-Pr\u00e4sident Joseph Biden vergr\u00f6\u00dfert Naturschutzgebiete | Umweltpolitisch dennoch weiterhin r\u00fcckst\u00e4ndig","body":"US-Pr\u00e4sident Joseph Biden hat drei unter seinem Vorg\u00e4nger Donald Trump verkleinerte Naturschutzgebiete wieder vergr\u00f6\u00dfert.","series_nid":"","series_start":"","series_end":"","nid":"59029","type":"Beitrag"}},{"node":{"title":"Aktionstage zu den Koalitions-Verhandlungen angek\u00fcndigt | Breites B\u00fcndnis 'Gerechtigkeit Jetzt!' ruft zu Protesten gegen Ampel- und Jamaika-Koalition auf","body":"Mit dem heutigen Start der Ampel-Sondierungen ruft ein breites B\u00fcndnis aus sozialen Bewegungen und zivilgesellschaftlichen AkteurInnen vom 20. bis 29.","series_nid":"","series_start":"","series_end":"","nid":"59030","type":"Beitrag"}},{"node":{"title":"burning beds 11.10.2021","body":"","series_nid":"","series_start":"","series_end":"","nid":"59031","type":"Beitrag"}},{"node":{"title":"Illegales Tropenholz f\u00fcr 'Gorch Fock' | Bundesregierung mi\u00dfachtet Gesetze","body":"Ein Aktions-B\u00fcndnis aus f\u00fcnf Umweltschutz-Organisationen protestierte am Mo., 4. Oktober, beim Eintreffen des instandgesetzten Segelschulschiffs 'Gorch Fock' in Kiel.","series_nid":"","series_start":"","series_end":"","nid":"59034","type":"Beitrag"}},{"node":{"title":"Frontex, Pushbacks, Lager: Warum versagt die europ\u00e4ische Fl\u00fcchtlingspolitik? Podiumsdiskussion Teil 2 ","body":"Frontex, Push backs, Lager: Warum versagt die europ\u00e4ische Fl\u00fcchtlingspolitik?\nDiese explizit parteiische Frage stand im Mittelpunkt einer Podiumsdiskussion am 28. Juli 2021.","series_nid":"","series_start":"","series_end":"","nid":"58979","type":"Beitrag"}},{"node":{"title":"Keine Heimat - neue Folk-CDs aus Polen - 10/21","body":"In dieser Sendung gibt es neue Folk-CDs aus Polen mit Karolina Cicha, Enej und Hanba.\n\nPlaylisten u.a. auf www.keine-heimat.de","series_nid":"","series_start":"","series_end":"","nid":"59035","type":"Beitrag"}},{"node":{"title":"Station 6 12.10.2021","body":"","series_nid":"","series_start":"","series_end":"","nid":"59041","type":"Beitrag"}},{"node":{"title":"Freiburger Frauenobdachlosigkeit steigt, Wohnungen f\u00fcr Frauen mit besonderen Bed\u00fcrfnissen fehlt - Aber Stadt will Wonnhalde und Eschholzstr. abstossen?","body":"Es war eine beil\u00e4ufige Bemerkung im Zusammenhang mit WLAN Ausstattung der st\u00e4dtischen Wohnheime.","series_nid":"","series_start":"","series_end":"","nid":"59044","type":"Beitrag"}},{"node":{"title":"Focus Kultur 12.10.2021","body":"Heute dreht sich alles um den Agent mit der Lizenz zum T\u00f6ten - Elmar und Danny werfen einen kritischen Blick auf den aktuellen 007-Streifen \"No Time To Die\" und die Historie des popkulturellen Ph\u00e4n","series_nid":"","series_start":"","series_end":"","nid":"59046","type":"Beitrag"}},{"node":{"title":"Cuba-Gruppe 13.10.2021","body":"","series_nid":"","series_start":"","series_end":"","nid":"59057","type":"Beitrag"}},{"node":{"title":"La Radio 12.10.2021","body":"","series_nid":"","series_start":"","series_end":"","nid":"59047","type":"Beitrag"}},{"node":{"title":"Lange Ohren f\u00fcr lange St\u00fccke (vom Herbst 1971)","body":"Ist tats\u00e4chlich bereits vor 50 Jahren die erste e-mail verschickt worden?\nUnd.... ist sie denn schon angekommen?","series_nid":"","series_start":"","series_end":"","nid":"59013","type":"Beitrag"}}]}