{"nodes":[{"node":{"title":"Democracy Now (US-Magazin)","body":"Aktueller Hinweis (17.10.2023) von der RDL Betriebsgruppe","series_nid":"2,090","series_start":"2021-10-14T07:00:00+02:00","series_end":"2021-10-14T08:00:00+02:00","nid":"17238","type":"Sendereihe"}},{"node":{"title":"Morgenradio","body":"Das Morgenradio unterh\u00e4lt und informiert \u00fcber politische, gesellschaftliche kulturelle Themen aus Freiburg und dem Umland, aus Europa und weltweit. Jeden Morgen, Montag bis Freitag von 8-10.","series_nid":"633","series_start":"2021-10-14T08:00:00+02:00","series_end":"2021-10-14T10:00:00+02:00","nid":"44809","type":"Sendereihe"}},{"node":{"title":"Historisches Tagesinfo","body":"Das Tagesinfo war bei Radio Dreyeckland \u00fcber Jahrzehnte bis in die sp\u00e4ten 90er Jahre regelm\u00e4\u00dfig um 18 Uhr zu h\u00f6ren.","series_nid":"1,451","series_start":"2021-10-14T10:00:00+02:00","series_end":"2021-10-14T11:00:00+02:00","nid":"21096","type":"Sendereihe"}},{"node":{"title":"Arbeitsweltradio (Wdh.)","body":"","series_nid":"225","series_start":"2021-10-14T11:00:00+02:00","series_end":"2021-10-14T12:00:00+02:00","nid":"17176","type":"Sendereihen-Wiederholung"}},{"node":{"title":"punkt12","body":"Mittagsmagazin mit Veranstaltungshinweisen f\u00fcr das Dreyeckland. Sendezeit: Montag bis Freitag von 12 bis 13 Uhr Fokussiert auf unser Sendegebiet h\u00f6rt ihr mittags zwischen 12:00 und 13:00 Uhr aktuelle Interviews und Portraits, Beitr\u00e4ge, Nachrichten und Rezensionen sowie Veranstaltungs- und Programmhinweise aus und f\u00fcr die subkulturellen Szenen des Dreyecklandes.","series_nid":"1,991","series_start":"2021-10-14T12:00:00+02:00","series_end":"2021-10-14T13:00:00+02:00","nid":"588","type":"Sendereihe"}},{"node":{"title":"Feature (Wh)","body":"","series_nid":"104","series_start":"2021-10-14T13:00:00+02:00","series_end":"2021-10-14T14:00:00+02:00","nid":"27192","type":"Sendereihen-Wiederholung"}},{"node":{"title":"Democracy Now (US-Magazin)","body":"","series_nid":"412","series_start":"2021-10-14T14:00:00+02:00","series_end":"2021-10-14T15:00:00+02:00","nid":"17239","type":"Sendereihen-Wiederholung"}},{"node":{"title":"Raices Nomades (spanisch) (Wdh.)","body":"","series_nid":"418","series_start":"2021-10-14T15:00:00+02:00","series_end":"2021-10-14T16:00:00+02:00","nid":"17207","type":"Sendereihen-Wiederholung"}},{"node":{"title":"Das lesew\u00fctige Kaffeekr\u00e4nzchen","body":"Literatur ist unsere Leidenschaft. Unsere Sendungen widmen wir komplett der Belletristik. Sie bietet uns Blicke auf die Wirklichkeit, die uns die Wirklichkeit verstellt.","series_nid":"97","series_start":"2021-10-14T16:00:00+02:00","series_end":"2021-10-14T17:00:00+02:00","nid":"17181","type":"Sendereihe"}},{"node":{"title":"Musikmagazin","body":"Montag bis Freitag immer um 17 Uhr aktuelles Konzertgeschehen, Interviews und Neuheiten. Dazu genre-\u00fcbergreifend Musik.","series_nid":"2,113","series_start":"2021-10-14T17:00:00+02:00","series_end":"2021-10-14T18:00:00+02:00","nid":"766","type":"Sendereihe"}},{"node":{"title":"Fokus S\u00fcdwest","body":"Landespolitik Baden-W\u00fcrttemberg","series_nid":"345","series_start":"2021-10-14T18:00:00+02:00","series_end":"2021-10-14T18:30:00+02:00","nid":"769","type":"Sendereihe"}},{"node":{"title":"Onda-Info","body":"Sendezeit: Alle 2 Wochen am Donnerstag von 18.30 - 19 Uhr (im Wechsel mit focus international). ","series_nid":"177","series_start":"2021-10-14T18:30:00+02:00","series_end":"2021-10-14T19:00:00+02:00","nid":"772","type":"Sendereihe"}},{"node":{"title":"Radio Ech (deutsch)","body":"Das ist die halbst\u00fcndige deutsche Ausgabe der russischen Redaktion.","series_nid":"163","series_start":"2021-10-14T19:00:00+02:00","series_end":"2021-10-14T19:30:00+02:00","nid":"57548","type":"Sendereihe"}},{"node":{"title":"Schwule Welle","body":"Die Schwule Welle ist seit dem Radio Fr\u00fchling 1985 on Air\n19.30 - 21.00 Uhr: Schwule Welle\n\"Donnerstags habe ich nichts an... nur das Radio auf 102,3!\"","series_nid":"419","series_start":"2021-10-14T19:30:00+02:00","series_end":"2021-10-14T21:00:00+02:00","nid":"17177","type":"Sendereihe"}},{"node":{"title":"la vie avant tout","body":"Alle 2 Wochen am Donnerstag um 21 Uhr. 'La vie avant tout' - eine Sendung, die sich einer Musik verschrieben hat, die ber\u00fchrt, begeistert, bewegt - mal t\u00e4nzerisch, mal tr\u00e4umerisch.","series_nid":"164","series_start":"2021-10-14T21:00:00+02:00","series_end":"2021-10-14T22:00:00+02:00","nid":"26237","type":"Sendereihe"}},{"node":{"title":"musiVersity","body":"The Musical Diversity of Europe - Die musikalische und sprachliche Vielfalt Europas","series_nid":"150","series_start":"2021-10-14T22:00:00+02:00","series_end":"2021-10-14T23:00:00+02:00","nid":"28243","type":"Sendereihe"}},{"node":{"title":"Bluesclubradio","body":"Jeden Donnerstag 23:30-0:30 Uhr\nModeration: ArneHomepage: www.bluesclubradio.de","series_nid":"263","series_start":"2021-10-14T23:30:00+02:00","series_end":"2021-10-15T00:30:00+02:00","nid":"32270","type":"Sendereihe"}},{"node":{"title":"Eiliges Projektentwickler Feed Up im Neunlinden Carree","body":"(kmm) Es war eine f\u00fcr den Freiburger Gemeinderat einmal wieder typische Sitzung, die der BAU-Ausschu\u00df\u00a0 am 13. Oktober 21 hinlegte.","series_nid":"","series_start":"","series_end":"","nid":"59071","type":"Beitrag"}},{"node":{"title":"Freie B\u00fcrger im Oktober 2021","body":"\u00a0","series_nid":"","series_start":"","series_end":"","nid":"59068","type":"Beitrag"}},{"node":{"title":"AUKUS der neue milit\u00e4rischer Pakt zwischen Australien, United Kingdom, US-Amerika","body":"\u00a0\n\u00a0","series_nid":"","series_start":"","series_end":"","nid":"59075","type":"Beitrag"}},{"node":{"title":"Giftfall Kesslergrube: BUND legt Beschwerde gegen Urteil des VGH ein  ","body":"F\u00fcr den BUND Baden-W\u00fcrttemberg ist es nicht akzeptabel, dass weder er noch die betroffenen Gemeinden gegen die problematischen Sanierungspl\u00e4ne in der ehemaligen Kiesgrube klagen d\u00fcrfen.","series_nid":"","series_start":"","series_end":"","nid":"59070","type":"Beitrag"}},{"node":{"title":"Bockade Waffenfabrik Heckler und Koch","body":"Die durch weltweiten Verkauf von T\u00f6tungsmitteln in Form von Kleinwaffen bekannte R\u00fcstungsfirma Heckler und Koch bekannte Waffenschmied aus Baden-W\u00fcrttemberg wurde am Freitag von 200 Menschen aufges","series_nid":"","series_start":"","series_end":"","nid":"59074","type":"Beitrag"}},{"node":{"title":"Tagesinfo von Freitag, 11.10.1996","body":"\n\n\n\n\n\n\n\n\nFr\n11.10.96\n1.","series_nid":"","series_start":"","series_end":"","nid":"59072","type":"Beitrag"}},{"node":{"title":"Macron / Frankreich: Neue kleine Atomkraftwerke und zuk\u00fcnftige Atomkraftwaffen","body":"\u00a0","series_nid":"","series_start":"","series_end":"","nid":"59073","type":"Beitrag"}},{"node":{"title":"Arbeitsweltradio 13.10.2021","body":"","series_nid":"","series_start":"","series_end":"","nid":"59066","type":"Beitrag"}},{"node":{"title":"Freiburger Frauenobdachlosigkeit steigt, Wohnungen f\u00fcr Frauen mit besonderen Bed\u00fcrfnissen fehlt - Aber Stadt will Wonnhalde und Eschholzstr. abstossen?","body":"Es war eine beil\u00e4ufige Bemerkung im Zusammenhang mit WLAN Ausstattung der st\u00e4dtischen Wohnheime.","series_nid":"","series_start":"","series_end":"","nid":"59044","type":"Beitrag"}},{"node":{"title":"Politchaos \u00d6sterreich - \u00dcber den R\u00fccktritt von Sebastian Kurz","body":"Das \u00f6sterreichische Bundeskanzleramt ist aktuell Lieferant unz\u00e4hliger Schlagzeilen. Anfang der Woche verk\u00fcndete Sebastian Kurz von der konservativen \u00d6VP seinen R\u00fccktritt.","series_nid":"","series_start":"","series_end":"","nid":"59076","type":"Beitrag"}},{"node":{"title":"Raices Nomades (spanisch) 09.10.2021","body":"","series_nid":"","series_start":"","series_end":"","nid":"58998","type":"Beitrag"}},{"node":{"title":"Episode 2: What's up Freiburg?","body":"Life in LEA or first reception camp for refugee is very precarious, patronized, restricted, controlled, monitored and isolated. Therefore, the residents always ask what are actually their rights.","series_nid":"","series_start":"","series_end":"","nid":"59907","type":"Beitrag"}},{"node":{"title":"Episode 2: What's up Freiburg?","body":"La vie dans le LEA ou le camp de premier accueil pour les r\u00e9fugi\u00e9s est tr\u00e8s pr\u00e9caire, contr\u00f4l\u00e9e, surveill\u00e9e et isol\u00e9e. Par cons\u00e9quent, les r\u00e9sidents se demandent toujours quels sont leurs droits.","series_nid":"","series_start":"","series_end":"","nid":"59909","type":"Beitrag"}},{"node":{"title":"Das lesew\u00fctige Kaffeekr\u00e4nzchen vom 14.10.2021","body":"Literatur ist unsere Leidenschaft. Unsere Sendungen widmen wir komplett der Belletristik. Sie bietet uns Blicke auf die Wirklichkeit, die uns die Wirklichkeit verstellt.","series_nid":"","series_start":"","series_end":"","nid":"59152","type":"Beitrag"}},{"node":{"title":"Daheim - Judith Herman","body":"Eine alleinstehende Frau in mittleren Jahren, geschieden und Mutter einer erwachsenen Tochter, hat es in ein Dorf an der K\u00fcste verschlagen, weil ihr Bruder dort eine Kneipe am Hafen betreibt und sie b","series_nid":"","series_start":"","series_end":"","nid":"59339","type":"Beitrag"}},{"node":{"title":"Julie Zeh - \u00dcber Menschen","body":"Mitten in der Pandemie fl\u00fcchtet eine junge Werbetexterin aus ihrem Berliner Gro\u00dfstadtleben in die brandenburgische Provinz.","series_nid":"","series_start":"","series_end":"","nid":"59618","type":"Beitrag"}},{"node":{"title":"2 \u062d\u0644\u0642\u0629 - \u201eWhat\u2018s up Freiburg?\u201c","body":"\u00a0\n\u0641\u064a \u0645\u0631\u0643\u0632 \u0627\u0644\u0623\u0633\u062a\u0642\u0628\u0627\u0644 \u0627\u0644\u0623\u0648\u0644\u064a \u0644\u0644\u0627\u062c\u0626\u064a\u0646 \u0645\u062d\u0641\u0648\u0641\u0629 \u0628\u0627\u0644\u062e\u0648\u0627\u0637\u0631\u060c \u0627\u0644\u062d\u064a\u0627\u0629 \u0647\u0646\u0627\u0643\u00a0\u0645\u0642\u064a\u062f\u0629\u060c \u0645\u0631\u0627\u0642\u0628\u0629\u060c\u00a0\u0645\u062a\u0639\u0628\u0629 \u0648\u0645\u0639\u0632\u0648\u0644\u0629.\n\u0644\u0630\u0644\u0643 \u064a\u0633\u062a\u0645\u0631 \u0627\u0644\u0633\u0643\u0627\u0646 \u0641\u064a \u0627\u0644\u062a\u0633\u0627\u0624\u0644 \u0639\u0646 \u062d\u0642\u0648\u0642\u0647\u0645\u060c \u0641\u064a \u0647\u0630\u0647 \u0627\u0644\u062d\u0644\u0642\u0629 \u0646\u062d\u0627\u0648\u0644 \u0627\u0644\u0625\u062c\u0627\u0628\u0629 \u0639\u0644\u0649 \u0647\u0630\u0627 \u0627\u0644\u0633\u0624\u0627\u0644.\u00a0","series_nid":"","series_start":"","series_end":"","nid":"59910","type":"Beitrag"}},{"node":{"title":"Der Gro\u00dfe Garten - Lola Randl","body":"In einem Dorf in der Brandenburg beackert die Filmemacherin Lola Randl gemeinsam mit ihrer Mutter den titelgebenden gro\u00dfen Garten und mit ihrer Therapeutin diverse Neurosen.","series_nid":"","series_start":"","series_end":"","nid":"59340","type":"Beitrag"}},{"node":{"title":"Torres - Thirstier","body":"Die US-amerikanische Singer-Songwriterin Mackenzie Ruth Scott, die ihre Musik unter dem K\u00fcnstlernamen Torres ver\u00f6ffentlicht, stellt 2021 ihr neues, f\u00fcnftes Album vor.","series_nid":"","series_start":"","series_end":"","nid":"59062","type":"Beitrag"}},{"node":{"title":"Fokus S\u00fcdwest 14.10.2021","body":"Zu den Themen:\n# Blockade der R\u00fcstungsfirma Heckler und Koch am Freitag 8.Oktober# Schwierige Stadtpartnerschaft Freiburg - Isfahan","series_nid":"","series_start":"","series_end":"","nid":"59078","type":"Beitrag"}},{"node":{"title":"Onda-Info 14.10.2021","body":"","series_nid":"","series_start":"","series_end":"","nid":"59080","type":"Beitrag"}},{"node":{"title":"Schwule Welle - Das Magazin im Oktober 21","body":"Spannende Themen aus Boulevard, Kultur, Politik und Gesellschaft, dazu viel Musik und Information: das ist unser MAGAZIN.","series_nid":"","series_start":"","series_end":"","nid":"58613","type":"Beitrag"}},{"node":{"title":"Bluesclubradio 14.10.2021","body":"","series_nid":"","series_start":"","series_end":"","nid":"59083","type":"Beitrag"}}]}