{"nodes":[{"node":{"title":"Democracy Now (US-Magazin)","body":"Aktueller Hinweis (17.10.2023) von der RDL Betriebsgruppe","series_nid":"2,095","series_start":"2021-10-21T07:00:00+02:00","series_end":"2021-10-21T08:00:00+02:00","nid":"17238","type":"Sendereihe"}},{"node":{"title":"Morgenradio","body":"Das Morgenradio unterh\u00e4lt und informiert \u00fcber politische, gesellschaftliche kulturelle Themen aus Freiburg und dem Umland, aus Europa und weltweit. Jeden Morgen, Montag bis Freitag von 8-10.","series_nid":"638","series_start":"2021-10-21T08:00:00+02:00","series_end":"2021-10-21T10:00:00+02:00","nid":"44809","type":"Sendereihe"}},{"node":{"title":"Historisches Tagesinfo","body":"Das Tagesinfo war bei Radio Dreyeckland \u00fcber Jahrzehnte bis in die sp\u00e4ten 90er Jahre regelm\u00e4\u00dfig um 18 Uhr zu h\u00f6ren.","series_nid":"1,455","series_start":"2021-10-21T10:00:00+02:00","series_end":"2021-10-21T11:00:00+02:00","nid":"21096","type":"Sendereihe"}},{"node":{"title":"punkt12","body":"Mittagsmagazin mit Veranstaltungshinweisen f\u00fcr das Dreyeckland. Sendezeit: Montag bis Freitag von 12 bis 13 Uhr Fokussiert auf unser Sendegebiet h\u00f6rt ihr mittags zwischen 12:00 und 13:00 Uhr aktuelle Interviews und Portraits, Beitr\u00e4ge, Nachrichten und Rezensionen sowie Veranstaltungs- und Programmhinweise aus und f\u00fcr die subkulturellen Szenen des Dreyecklandes.","series_nid":"1,996","series_start":"2021-10-21T12:00:00+02:00","series_end":"2021-10-21T13:00:00+02:00","nid":"588","type":"Sendereihe"}},{"node":{"title":"Ambossquietschen (Wdh.)","body":"","series_nid":"86","series_start":"2021-10-21T13:00:00+02:00","series_end":"2021-10-21T14:00:00+02:00","nid":"17232","type":"Sendereihen-Wiederholung"}},{"node":{"title":"Sicherheit f\u00fcr wen?! (Wdh.)","body":"","series_nid":"5","series_start":"2021-10-21T13:00:00+02:00","series_end":"2021-10-21T13:00:00+02:00","nid":"57129","type":"Sendereihen-Wiederholung"}},{"node":{"title":"Democracy Now (US-Magazin)","body":"","series_nid":"413","series_start":"2021-10-21T14:00:00+02:00","series_end":"2021-10-21T15:00:00+02:00","nid":"17239","type":"Sendereihen-Wiederholung"}},{"node":{"title":"Raices Nomades (spanisch) (Wdh.)","body":"","series_nid":"419","series_start":"2021-10-21T15:00:00+02:00","series_end":"2021-10-21T16:00:00+02:00","nid":"17207","type":"Sendereihen-Wiederholung"}},{"node":{"title":"Auftakte","body":"Ein bunt gew\u00fcrfeltes Magazin. Die Schnuppersendung bei Radio Dreyeckland f\u00fcr Neu-Einsteiger und Neu-Einsteigerinnen.\u00a0 Einf\u00fchrungsworkshop machen und los gehts.","series_nid":"90","series_start":"2021-10-21T16:00:00+02:00","series_end":"2021-10-21T17:00:00+02:00","nid":"20401","type":"Sendereihe"}},{"node":{"title":"Musikmagazin","body":"Montag bis Freitag immer um 17 Uhr aktuelles Konzertgeschehen, Interviews und Neuheiten. Dazu genre-\u00fcbergreifend Musik.","series_nid":"2,118","series_start":"2021-10-21T17:00:00+02:00","series_end":"2021-10-21T18:00:00+02:00","nid":"766","type":"Sendereihe"}},{"node":{"title":"Fokus S\u00fcdwest","body":"Landespolitik Baden-W\u00fcrttemberg","series_nid":"346","series_start":"2021-10-21T18:00:00+02:00","series_end":"2021-10-21T18:30:00+02:00","nid":"769","type":"Sendereihe"}},{"node":{"title":"Focus International","body":"Alle 2 Wochen am Donnerstag von 18.30-19 Uhr (im Wechsel mit onda-info). Wiederholung am Freitag um 10.30 Uhr.","series_nid":"178","series_start":"2021-10-21T18:30:00+02:00","series_end":"2021-10-21T19:00:00+02:00","nid":"18786","type":"Sendereihe"}},{"node":{"title":"Oida (deutsch)","body":"Oida (auf Deutsch)\n\n\n\n\n\n\n\n\n\n\n\nSendezeit: Jeden 3, 4. und 5. Donnerstag des Monats 19-19:30 Uhr, \u00a0Wiederholung am Freitag 13 Uhr)","series_nid":"196","series_start":"2021-10-21T19:00:00+02:00","series_end":"2021-10-21T19:30:00+02:00","nid":"23347","type":"Sendereihe"}},{"node":{"title":"Schwule Welle","body":"Die Schwule Welle ist seit dem Radio Fr\u00fchling 1985 on Air\n19.30 - 21.00 Uhr: Schwule Welle\n\"Donnerstags habe ich nichts an... nur das Radio auf 102,3!\"","series_nid":"420","series_start":"2021-10-21T19:30:00+02:00","series_end":"2021-10-21T21:00:00+02:00","nid":"17177","type":"Sendereihe"}},{"node":{"title":"Black Channel","body":"Sendezeit: Jeden zweiten Donnerstag von 21 - 22 Uhr\nDJ: Tobias","series_nid":"210","series_start":"2021-10-21T21:00:00+02:00","series_end":"2021-10-21T22:00:00+02:00","nid":"1060","type":"Sendereihe"}},{"node":{"title":"Laut und Deutlich","body":"Sendezeit: jeden zweiten Donnerstag von 22 - 23.30 Uhr\nDJ: Henning","series_nid":"210","series_start":"2021-10-21T22:00:00+02:00","series_end":"2021-10-21T23:30:00+02:00","nid":"17154","type":"Sendereihe"}},{"node":{"title":"Bluesclubradio","body":"Jeden Donnerstag 23:30-0:30 Uhr\nModeration: ArneHomepage: www.bluesclubradio.de","series_nid":"264","series_start":"2021-10-21T23:30:00+02:00","series_end":"2021-10-22T00:30:00+02:00","nid":"32270","type":"Sendereihe"}},{"node":{"title":"KZ Struthof und seine Verstrickungen mit der Wirtschaft","body":"Im kommenden April finden in Frankreich Pr\u00e4sidentschaftswahlen statt und alle Parteien setzten auf Atomkraft.","series_nid":"","series_start":"","series_end":"","nid":"59147","type":"Beitrag"}},{"node":{"title":"Bettelverbot in Basel Stadt","body":"Am 1. Sptember trat ein de facto Bettelverbot im Kanton Basel Stadt in Kraft, welches das Betteln an \u00f6ffentlichen Pl\u00e4tzen und um bestimmte Orte herum untersagt.","series_nid":"","series_start":"","series_end":"","nid":"59139","type":"Beitrag"}},{"node":{"title":"Atomkraft-Ausbau in Frankreich","body":"\u00a0\n\u00a0","series_nid":"","series_start":"","series_end":"","nid":"59148","type":"Beitrag"}},{"node":{"title":"Man\u00f6ver als Brandbeschleuniger","body":"Baltops, Zapad, Defender \u2013 milit\u00e4rische Man\u00f6ver machen zunehmend wieder Schlagzeilen.","series_nid":"","series_start":"","series_end":"","nid":"59146","type":"Beitrag"}},{"node":{"title":"Pariser Verwaltungsgericht urteilt zugunsten von RDL-Korrespondent","body":"Nachdem unser Korrespondent Luc im Sommer 2019 zweifach aus Frankreich ausgewiesen wurde, klagte er gegen das franz\u00f6sische Innenministerium.","series_nid":"","series_start":"","series_end":"","nid":"59137","type":"Beitrag"}},{"node":{"title":"Tagesinfo von Donnerstag, 17. Oktober 1996","body":"\n\n\n\n\n\n\n\n\nDo\n17.10.96\n\u00a0","series_nid":"","series_start":"","series_end":"","nid":"59103","type":"Beitrag"}},{"node":{"title":"Arbeitsweltradio 20.10.2021","body":"","series_nid":"","series_start":"","series_end":"","nid":"59143","type":"Beitrag"}},{"node":{"title":"Feministischer Kampftags-Gerichtsprozess auf unbestimmte Zeit verschoben","body":"Am vergangenen Dienstag, den 19. Oktober 2021, fand vor dem Amtsgericht in Waldkirch der Prozess gegen die 19-j\u00e4hrige Person statt, die im Zuge der feministischen Kampftagsdemo am 8.","series_nid":"","series_start":"","series_end":"","nid":"59129","type":"Beitrag"}},{"node":{"title":"Seit vergangenem Freitag: Check-In \u00fcber die Corona Warn App im Sinne der Kontaktdatenerfassung erlaubt","body":"Betreiber*innen k\u00f6nnen ab sofort zus\u00e4tzlich zu Papierlisten \u00fcber einen QR Code der Corona Warn-App die Pflicht zur Kontaktdatenerf","series_nid":"","series_start":"","series_end":"","nid":"59110","type":"Beitrag"}},{"node":{"title":"Episode 6 - Militarisierung der Polizei","body":"Olivgr\u00fcne Uniformen des SEKs zu G20, Vermummung, Maschinengewehre und Sprengmittel als polizeiliche Waffen in Baden-W\u00fcrttemberg - Wenn wir die j\u00fcngsten Entwicklungen in der Aufr\u00fcstung der Polizei und ","series_nid":"","series_start":"","series_end":"","nid":"59140","type":"Beitrag"}},{"node":{"title":"Raices Nomades (spanisch) 16.10.2021","body":"","series_nid":"","series_start":"","series_end":"","nid":"59097","type":"Beitrag"}},{"node":{"title":"Auftakte - Politikerremixe","body":"Ulbricht goes Dub, Honnecker goes Techno, Politparade anno '72 und RX-Variationen erwarten euch heute bei der Auftakte-Sendung auf eurem Radio Dreyeckland 102,3 !!!","series_nid":"","series_start":"","series_end":"","nid":"59149","type":"Beitrag"}},{"node":{"title":"Auftakte 21.10.2021","body":"","series_nid":"","series_start":"","series_end":"","nid":"59154","type":"Beitrag"}},{"node":{"title":"Wolfgang P\u00e9rez","body":"In den letzten Jahren war Wolfgang P\u00e9rez vor allem als Keyboarder der deutschsprachigen Pop-Band Golf besch\u00e4ftigt.","series_nid":"","series_start":"","series_end":"","nid":"59125","type":"Beitrag"}},{"node":{"title":"Fokus S\u00fcdwest 21.10.2021","body":"Beit\u00e4ge:\n#Bettelverbot in Basel\n#Nachbarland Frankreich auf Atomkurs\n# Informationsstelle Militarisierung plant Kongress im November\n\u00a0\nNachrichten:","series_nid":"","series_start":"","series_end":"","nid":"59155","type":"Beitrag"}},{"node":{"title":"Focus International 21.10.2021","body":"","series_nid":"","series_start":"","series_end":"","nid":"59157","type":"Beitrag"}},{"node":{"title":"Ech, Oida (deutsch) 21.10.2021","body":"","series_nid":"","series_start":"","series_end":"","nid":"59158","type":"Beitrag"}},{"node":{"title":"GayMusic - Oktober 2021","body":"Hier stellen wir Euch schwule/queere Songs und K\u00fcnstler vor. Aber auch Musikerinnen und Musiker, die f\u00fcr Schwule eine besondere Bedeutung oder Anziehung haben.","series_nid":"","series_start":"","series_end":"","nid":"58614","type":"Beitrag"}},{"node":{"title":"Black Channel 21.10.2021","body":"","series_nid":"","series_start":"","series_end":"","nid":"59159","type":"Beitrag"}},{"node":{"title":"Laut und Deutlich 21.10.2021","body":"","series_nid":"","series_start":"","series_end":"","nid":"59160","type":"Beitrag"}},{"node":{"title":"Bluesclubradio 21.10.2021","body":"","series_nid":"","series_start":"","series_end":"","nid":"59161","type":"Beitrag"}}]}