{"nodes":[{"node":{"title":"Morgenradio","body":"Das Morgenradio unterh\u00e4lt und informiert \u00fcber politische, gesellschaftliche kulturelle Themen aus Freiburg und dem Umland, aus Europa und weltweit. Jeden Morgen, Montag bis Freitag von 8-10.","series_nid":"884","series_start":"2022-10-31T08:00:00+01:00","series_end":"2022-10-31T10:00:00+01:00","nid":"44809","type":"Sendereihe"}},{"node":{"title":"Historisches Tagesinfo","body":"Das Tagesinfo war bei Radio Dreyeckland \u00fcber Jahrzehnte bis in die sp\u00e4ten 90er Jahre regelm\u00e4\u00dfig um 18 Uhr zu h\u00f6ren.","series_nid":"1,652","series_start":"2022-10-31T10:00:00+01:00","series_end":"2022-10-31T11:00:00+01:00","nid":"21096","type":"Sendereihe"}},{"node":{"title":"Knastfunk (Wdh.)","body":"","series_nid":"256","series_start":"2022-10-31T11:00:00+01:00","series_end":"2022-10-31T12:00:00+01:00","nid":"17227","type":"Sendereihen-Wiederholung"}},{"node":{"title":"punkt12","body":"Mittagsmagazin mit Veranstaltungshinweisen f\u00fcr das Dreyeckland. Sendezeit: Montag bis Freitag von 12 bis 13 Uhr Fokussiert auf unser Sendegebiet h\u00f6rt ihr mittags zwischen 12:00 und 13:00 Uhr aktuelle Interviews und Portraits, Beitr\u00e4ge, Nachrichten und Rezensionen sowie Veranstaltungs- und Programmhinweise aus und f\u00fcr die subkulturellen Szenen des Dreyecklandes.","series_nid":"2,250","series_start":"2022-10-31T12:00:00+01:00","series_end":"2022-10-31T13:00:00+01:00","nid":"588","type":"Sendereihe"}},{"node":{"title":"Freistunde FM - Jugendradio (Wdh.)","body":"","series_nid":"467","series_start":"2022-10-31T13:00:00+01:00","series_end":"2022-10-31T14:00:00+01:00","nid":"17219","type":"Sendereihen-Wiederholung"}},{"node":{"title":"Espaco Aberto (wdh.)","body":"","series_nid":"233","series_start":"2022-10-31T14:00:00+01:00","series_end":"2022-10-31T15:00:00+01:00","nid":"40724","type":"Sendereihen-Wiederholung"}},{"node":{"title":"Esperanto Magazin' (Montag)","body":"Sendezeit:\nMontags 2./4./5. im Monat 16-17 Uhr\nSonnntags 1./3./5. im Monat 13-14 Uhr\nprezentado","series_nid":"250","series_start":"2022-10-31T16:00:00+01:00","series_end":"2022-10-31T17:00:00+01:00","nid":"17765","type":"Sendereihe"}},{"node":{"title":"Musikmagazin","body":"Montag bis Freitag immer um 17 Uhr aktuelles Konzertgeschehen, Interviews und Neuheiten. Dazu genre-\u00fcbergreifend Musik.","series_nid":"2,384","series_start":"2022-10-31T17:00:00+01:00","series_end":"2022-10-31T18:00:00+01:00","nid":"766","type":"Sendereihe"}},{"node":{"title":"Infomagazin","body":"Eine Auswahl aktueller Beitr\u00e4ge zu politischen und gesellschaftlichen Themen aus Freiburg und der Welt. Montags, mittwochs und freitags um 18 Uhr.","series_nid":"1,171","series_start":"2022-10-31T18:00:00+01:00","series_end":"2022-10-31T19:00:00+01:00","nid":"21867","type":"Sendereihe"}},{"node":{"title":" Chaosradio Freiburg","body":"Mitmachen und Feedback,\u00a0live hier oder\u00a0anachronistisch\u00a0im Archiv \u2026","series_nid":"155","series_start":"2022-10-31T19:00:00+01:00","series_end":"2022-10-31T20:00:00+01:00","nid":"35236","type":"Sendereihe"}},{"node":{"title":"Babylon Calling","body":"Sendezeit: jeden Montag von 21 - 22.30 UhrDJs: Wolf, Thomas, Werner und J\u00fcrgen","series_nid":"476","series_start":"2022-10-31T21:00:00+01:00","series_end":"2022-10-31T22:30:00+01:00","nid":"17144","type":"Sendereihe"}},{"node":{"title":"Midnight BBQ","body":"Sizzlin \u00b4Hoz\u00a0 & Soulful funkin\u00b4\nSendezeit: alle 2 Wochen Montags 22.30 - 24 Uhr\n\u00a0","series_nid":"237","series_start":"2022-10-31T22:30:00+01:00","series_end":"2022-10-31T23:55:00+01:00","nid":"17167","type":"Sendereihe"}},{"node":{"title":"Kritik der M\u00e4nnlichkeit statt \"Kritische M\u00e4nnlichkeit\"","body":"M\u00e4nnlichkeit und deren Auslebung spielt eine wichtige Rolle im aktuellen patriarchalen System und den vielf\u00e4ltigen daraus folgenden Machtstrukturen.","series_nid":"","series_start":"","series_end":"","nid":"63802","type":"Beitrag"}},{"node":{"title":"Zombies als politisches Ph\u00e4nomen","body":"Zombies tauchen in vielf\u00e4ltigen Weisen auf den Kinoleinw\u00e4nden auf und das bereits seit einiger Zeit. Der vielleicht erste Zombiefilm \"White Zombie\" stammt aus dem Jahre 1932.","series_nid":"","series_start":"","series_end":"","nid":"63790","type":"Beitrag"}},{"node":{"title":"Tagesinfo von Mittwoch, 30.Oktober 2002","body":"\n\n\n\n\n\n\nMi\n30.10.02\nTI","series_nid":"","series_start":"","series_end":"","nid":"63778","type":"Beitrag"}},{"node":{"title":"Knastfunk 30.10.2022","body":"","series_nid":"","series_start":"","series_end":"","nid":"63786","type":"Beitrag"}},{"node":{"title":"Antisemitismus im deutschen Kulturbetrieb","body":"Nachdem wir im ersten Teil mit einer kulturschaffenden J\u00fcdin \u00fcber das Fehlen j\u00fcdischer Perspektiven in der deutschen Kultu","series_nid":"","series_start":"","series_end":"","nid":"63824","type":"Beitrag"}},{"node":{"title":"Zombies als politisches Ph\u00e4nomen","body":"Zombies tauchen in vielf\u00e4ltigen Weisen auf den Kinoleinw\u00e4nden auf und das bereits seit einiger Zeit. Der vielleicht erste Zombiefilm \"White Zombie\" stammt aus dem Jahre 1932.","series_nid":"","series_start":"","series_end":"","nid":"63790","type":"Beitrag"}},{"node":{"title":"Espaco Aberto (brasilianisch) 30.10.2022","body":"","series_nid":"","series_start":"","series_end":"","nid":"63784","type":"Beitrag"}},{"node":{"title":"Esperanto Magazin' (Montag) 31.10.2022","body":"","series_nid":"","series_start":"","series_end":"","nid":"63791","type":"Beitrag"}},{"node":{"title":"Musikmagazin 31.10.22 Various Artists","body":"Yo!\n\u00a0\nFrische Ware reingekommen...\n\u00a0\nHeute gro\u00dfes Thema Hubert und Mehmet - A Common Third","series_nid":"","series_start":"","series_end":"","nid":"63792","type":"Beitrag"}},{"node":{"title":"Infomagazin 31.10.2022","body":"","series_nid":"","series_start":"","series_end":"","nid":"63794","type":"Beitrag"}}]}