{"nodes":[{"node":{"title":"Lautsprecher","body":"Sendezeit: Alle 4 Wochen samstags von 22-0 Uhr\nDJs: Mc Krom und B-kwem","series_nid":"32","series_start":"2022-12-03T22:00:00+01:00","series_end":"2022-12-04T00:00:00+01:00","nid":"1075","type":"Sendereihe"}},{"node":{"title":"Jazz Matinee","body":"Sendezeit: jeden Sonntag von 09 - 11 Uhr\nDJ: Michael van Gee","series_nid":"481","series_start":"2022-12-04T09:00:00+01:00","series_end":"2022-12-04T11:00:00+01:00","nid":"765","type":"Sendereihe"}},{"node":{"title":"Espaco Aberto (brasilianisch)","body":"Espa\u00e7o Aberto \u00e9 o programa brasileiro na r\u00e1dio Dreyeckland.\u00a0No Espa\u00e7o Aberto voc\u00ea escuta not\u00edcias atuais sobre o Brasil, dicas culturais e muita m\u00fasica.","series_nid":"476","series_start":"2022-12-04T11:00:00+01:00","series_end":"2022-12-04T12:00:00+01:00","nid":"17192","type":"Sendereihe"}},{"node":{"title":"Esperanto Magazin' (Sonntag)","body":"Die Sonntagsausgabe des Esperanto Magazin'\nSendezeit: Sonntags 1./3./5. im Monat 13-14 Uhr","series_nid":"183","series_start":"2022-12-04T13:00:00+01:00","series_end":"2022-12-04T14:00:00+01:00","nid":"30730","type":"Sendereihe"}},{"node":{"title":"African Roots Music","body":"Sendezeit: jeden Sonntag von 14 - 16 UhrDJ: Jon-Jon","series_nid":"477","series_start":"2022-12-04T14:00:00+01:00","series_end":"2022-12-04T16:00:00+01:00","nid":"17166","type":"Sendereihe"}},{"node":{"title":"Freistunde FM - Jugendradio","body":"Sendezeit: Jeden Sonntag von 17-18 Uhr (Wiederholung Montag 13-14 Uhr)\nJung, motiviert und voller toller Ideen.","series_nid":"478","series_start":"2022-12-04T17:00:00+01:00","series_end":"2022-12-04T18:00:00+01:00","nid":"781","type":"Sendereihe"}},{"node":{"title":"Musik Spezial","body":"Jeden Sonntag 18-20 Uhr","series_nid":"477","series_start":"2022-12-04T18:00:00+01:00","series_end":"2022-12-04T20:00:00+01:00","nid":"17156","type":"Sendereihe"}},{"node":{"title":"Knastfunk","body":"Ein Magazin aus dem Reich des B\u00f6sen: \u00dcber Justiz, Gef\u00e4ngnisse, Verbrechen und Verbrecher\nJeden 1., 3. und 5. Sonntag im Monat um 21 Uhr (Wiederholung montags um 11 Uhr)","series_nid":"261","series_start":"2022-12-04T21:00:00+01:00","series_end":"2022-12-04T22:00:00+01:00","nid":"1049","type":"Sendereihe"}},{"node":{"title":"Metal-Demenz-Aeon","body":"Sendezeit: jeden 1. und 4. Sonntag von 22 \u2013 24 Uhr\nDJ's:Hubert, Ole, Sandor, Ozzi und Sturm","series_nid":"221","series_start":"2022-12-04T22:00:00+01:00","series_end":"2022-12-05T00:00:00+01:00","nid":"1064","type":"Sendereihe"}},{"node":{"title":"Jazz Matinee am Sonntag, den 04.12.2022, 9 Uhr bis 11 Uhr","body":"Jazz Matinee am Sonntag, den 04.12.2022, 9 Uhr bis 11 Uhr\nLiebe Jazzfreundinnen und Jazzfreunde,","series_nid":"","series_start":"","series_end":"","nid":"64186","type":"Beitrag"}},{"node":{"title":"Jazz Matinee 04.12.2022","body":"Jazz Matinee am Sonntag, den 04.12.2022, 9 Uhr bis 11 Uhr\nLiebe Jazzfreundinnen und Jazzfreunde,","series_nid":"","series_start":"","series_end":"","nid":"64223","type":"Beitrag"}},{"node":{"title":"Espaco Aberto (brasilianisch) 04.12.2022","body":"","series_nid":"","series_start":"","series_end":"","nid":"64224","type":"Beitrag"}},{"node":{"title":"Stadt Freiburg: Verwendung von 20 Millionen \u20ac Mehreinnahmen in 2022","body":"Im Vorgriff auf potentielle Verluste in 2023 und 2024 soll die Holding Stadtwerke Gmbh -Badenova/VAG/Regio B\u00e4der - 10 Millionen\u20ac aus Mehreinahmen der Stadt\u00a0 in 2022 erhalten.","series_nid":"","series_start":"","series_end":"","nid":"64229","type":"Beitrag"}},{"node":{"title":"Freistunde FM - Jugendradio 04.12.2022","body":"","series_nid":"","series_start":"","series_end":"","nid":"64230","type":"Beitrag"}},{"node":{"title":"Musik Spezial 04.12.2022","body":"","series_nid":"","series_start":"","series_end":"","nid":"64233","type":"Beitrag"}},{"node":{"title":"Komisch bis befremdlich: Geheimsache Stadtfinanzen","body":"Die Verwaltung wei\u00df schon weshalb sie den 2.","series_nid":"","series_start":"","series_end":"","nid":"64231","type":"Beitrag"}},{"node":{"title":"Knastfunk 05.12.2022","body":"","series_nid":"","series_start":"","series_end":"","nid":"64235","type":"Beitrag"}}]}