{"nodes":[{"node":{"title":"Morgenradio","body":"Das Morgenradio unterh\u00e4lt und informiert \u00fcber politische, gesellschaftliche kulturelle Themen aus Freiburg und dem Umland, aus Europa und weltweit. Jeden Morgen, Montag bis Freitag von 8-10.","series_nid":"1,004","series_start":"2023-04-17T08:00:00+02:00","series_end":"2023-04-17T10:00:00+02:00","nid":"44809","type":"Sendereihe"}},{"node":{"title":"Historisches Tagesinfo","body":"Das Tagesinfo war bei Radio Dreyeckland \u00fcber Jahrzehnte bis in die sp\u00e4ten 90er Jahre regelm\u00e4\u00dfig um 18 Uhr zu h\u00f6ren.","series_nid":"1,748","series_start":"2023-04-17T10:00:00+02:00","series_end":"2023-04-17T11:00:00+02:00","nid":"21096","type":"Sendereihe"}},{"node":{"title":"Knastfunk (Wdh.)","body":"","series_nid":"269","series_start":"2023-04-17T11:00:00+02:00","series_end":"2023-04-17T12:00:00+02:00","nid":"17227","type":"Sendereihen-Wiederholung"}},{"node":{"title":"punkt12","body":"Mittagsmagazin mit Veranstaltungshinweisen f\u00fcr das Dreyeckland. Sendezeit: Montag bis Freitag von 12 bis 13 Uhr Fokussiert auf unser Sendegebiet h\u00f6rt ihr mittags zwischen 12:00 und 13:00 Uhr aktuelle Interviews und Portraits, Beitr\u00e4ge, Nachrichten und Rezensionen sowie Veranstaltungs- und Programmhinweise aus und f\u00fcr die subkulturellen Szenen des Dreyecklandes.","series_nid":"2,360","series_start":"2023-04-17T12:00:00+02:00","series_end":"2023-04-17T13:00:00+02:00","nid":"588","type":"Sendereihe"}},{"node":{"title":"Freistunde FM - Jugendradio (Wdh.)","body":"","series_nid":"491","series_start":"2023-04-17T13:00:00+02:00","series_end":"2023-04-17T14:00:00+02:00","nid":"17219","type":"Sendereihen-Wiederholung"}},{"node":{"title":"Espaco Aberto (wdh.)","body":"","series_nid":"257","series_start":"2023-04-17T14:00:00+02:00","series_end":"2023-04-17T15:00:00+02:00","nid":"40724","type":"Sendereihen-Wiederholung"}},{"node":{"title":"IndieRe","body":"Jeden Montag um 15 Uhr:","series_nid":"9","series_start":"2023-04-17T15:00:00+02:00","series_end":"2023-04-17T16:00:00+02:00","nid":"65144","type":"Sendereihe"}},{"node":{"title":"Gruppenradio Montag 3","body":"Neben den regelm\u00e4\u00dfigen Sendungen verschiedener Gruppen im Gruppenradio, gibt es dort auch noch Platz f\u00fcr einmalige oder gelegentliche Sendungen f\u00fcr Gruppen oder Einzelpersonen.","series_nid":"128","series_start":"2023-04-17T16:00:00+02:00","series_end":"2023-04-17T17:00:00+02:00","nid":"47801","type":"Sendereihe"}},{"node":{"title":"Musikmagazin","body":"Montag bis Freitag immer um 17 Uhr aktuelles Konzertgeschehen, Interviews und Neuheiten. Dazu genre-\u00fcbergreifend Musik.","series_nid":"2,504","series_start":"2023-04-17T17:00:00+02:00","series_end":"2023-04-17T18:00:00+02:00","nid":"766","type":"Sendereihe"}},{"node":{"title":"Infomagazin","body":"Eine Auswahl aktueller Beitr\u00e4ge zu politischen und gesellschaftlichen Themen aus Freiburg und der Welt. Montags, mittwochs und freitags um 18 Uhr.","series_nid":"1,241","series_start":"2023-04-17T18:00:00+02:00","series_end":"2023-04-17T19:00:00+02:00","nid":"21867","type":"Sendereihe"}},{"node":{"title":"17 Grad - Medien f\u00fcr den Rest","body":"Sendezeit: Jeden 3. Montag des Monats um 20 Uhr (Wiederholung: Dienstag 13 Uhr)\nhttp://www.17grad.net/\n\u00a0","series_nid":"114","series_start":"2023-04-17T20:00:00+02:00","series_end":"2023-04-17T21:00:00+02:00","nid":"17179","type":"Sendereihe"}},{"node":{"title":"Babylon Calling","body":"Sendezeit: jeden Montag von 21 - 22.30 UhrDJs: Wolf, Thomas, Werner und J\u00fcrgen","series_nid":"500","series_start":"2023-04-17T21:00:00+02:00","series_end":"2023-04-17T22:30:00+02:00","nid":"17144","type":"Sendereihe"}},{"node":{"title":"Midnight BBQ","body":"Sizzlin \u00b4Hoz\u00a0 & Soulful funkin\u00b4\nSendezeit: alle 2 Wochen Montags 22.30 - 24 Uhr\n\u00a0","series_nid":"249","series_start":"2023-04-17T22:30:00+02:00","series_end":"2023-04-17T23:55:00+02:00","nid":"17167","type":"Sendereihe"}},{"node":{"title":"Kundgebung f\u00fcr zivile Seenotrettung und gegen das Sterben im Mittelmeer","body":"\"Die Festung Europa t\u00f6tet noch immer - Wir sind traurig und wir sind w\u00fctend.\", so warb die Seebr\u00fccke gemeinsam mit Resqship und \"r42-SailAndRescue\" zu einer Kundgebung, am 14.4.23, auf den Freiburg","series_nid":"","series_start":"","series_end":"","nid":"65889","type":"Beitrag"}},{"node":{"title":"Tagesinfo von Freitag 18.04.2003","body":"\n\n\n\n\n\n\nFr\n18.04.03\nTI","series_nid":"","series_start":"","series_end":"","nid":"65908","type":"Beitrag"}},{"node":{"title":"Kundgebung f\u00fcr zivile Seenotrettung und gegen das Sterben im Mittelmeer","body":"\"Die Festung Europa t\u00f6tet noch immer - Wir sind traurig und wir sind w\u00fctend.\", so warb die Seebr\u00fccke gemeinsam mit Resqship und \"r42-SailAndRescue\" zu einer Kundgebung, am 14.4.23, auf den Freiburg","series_nid":"","series_start":"","series_end":"","nid":"65889","type":"Beitrag"}},{"node":{"title":"Politischer Verfassungsrat versch\u00e4rft Rentenreform, Mehrheit f\u00fcr fortgesetzten Widerstand ","body":"Emmanuel Macron hat das Gesetz zur Rentenreform unterschrieben, nachdem der Verfassungsrat am Freitag Gr\u00fcnes Licht gegeben hat und das Gesetz sogar mit der Entscheidung noch versch\u00e4rft hat.","series_nid":"","series_start":"","series_end":"","nid":"65912","type":"Beitrag"}},{"node":{"title":"Freistunde FM - Jugendradio 16.04.2023","body":"","series_nid":"","series_start":"","series_end":"","nid":"65903","type":"Beitrag"}},{"node":{"title":"Espaco Aberto: Mulheres negras no samba - (brasilianisch) 16.04.2023","body":"Programa musical: mulheres negras no samba. -> O programa fica dispon\u00edvel durante uma semana aqui no\u00a0site da rdl.","series_nid":"","series_start":"","series_end":"","nid":"65901","type":"Beitrag"}},{"node":{"title":"IndieRe #10","body":"In the Hungarian edition of the Indiere Radio Show, the two hosts \u00c1kos Cserh\u00e1ti and D\u00e1niel Kem\u00e9ny will present a selection of the last few months' releases.","series_nid":"","series_start":"","series_end":"","nid":"65831","type":"Beitrag"}},{"node":{"title":"Gepflegter Blick auf die steirische Krankenhauslandschaft aus Gewerkschaftssicht","body":"In dieser Sendung richten wir den Fokus auf die Pflegekr\u00e4fte in den steirischen Spit\u00e4lern. Wie ist dem Mangel an Pflegekr\u00e4ften entgegenzukommen?","series_nid":"","series_start":"","series_end":"","nid":"65910","type":"Beitrag"}},{"node":{"title":"Musikmagazin 17.04.23 Various Artists 17 Uhr","body":"Yo!\nEs ist wieder soweit...","series_nid":"","series_start":"","series_end":"","nid":"65909","type":"Beitrag"}},{"node":{"title":"Infomagazin 17.04.2023","body":"","series_nid":"","series_start":"","series_end":"","nid":"65915","type":"Beitrag"}},{"node":{"title":"Petition an den Bundestag fordert erleichterte Installation von Balkonsolaranlagen","body":"Die Installation von Balkonsolaranlagen soll erleichtert werden, so will es eine Petition an den Bundestag, die noch bis zum 27.","series_nid":"","series_start":"","series_end":"","nid":"65878","type":"Beitrag"}},{"node":{"title":"Kundgebung f\u00fcr zivile Seenotrettung und gegen das Sterben im Mittelmeer","body":"\"Die Festung Europa t\u00f6tet noch immer - Wir sind traurig und wir sind w\u00fctend.\", so warb die Seebr\u00fccke gemeinsam mit Resqship und \"r42-SailAndRescue\" zu einer Kundgebung, am 14.4.23, auf den Freiburg","series_nid":"","series_start":"","series_end":"","nid":"65889","type":"Beitrag"}},{"node":{"title":"Hinaus und Hinein zum Tag des kleinb\u00e4uerlichen Widerstands!","body":"Am 17. April ist weltweit der Tag des kleinb\u00e4uerlichen Widerstands. \nAm 16. April gab es eine Critical Mass, Saatgut-B\u00f6rse, Pflanz- und Plakataktionen, Musik und Redebeitr\u00e4ge:","series_nid":"","series_start":"","series_end":"","nid":"65905","type":"Beitrag"}},{"node":{"title":"Politischer Verfassungsrat versch\u00e4rft Rentenreform, Mehrheit f\u00fcr fortgesetzten Widerstand ","body":"Emmanuel Macron hat das Gesetz zur Rentenreform unterschrieben, nachdem der Verfassungsrat am Freitag Gr\u00fcnes Licht gegeben hat und das Gesetz sogar mit der Entscheidung noch versch\u00e4rft hat.","series_nid":"","series_start":"","series_end":"","nid":"65912","type":"Beitrag"}},{"node":{"title":"B\u00fcchersendung - 8Grad-Verlag","body":"Der Freiburger Verleger Matthias Gr\u00fcb erz\u00e4hlt in der B\u00fcchersendung von Sabine G\u00e4rttling im Freien Radio Stuttgart, warum er einen neuen Verlag gegr\u00fcndet hat - dazu Ausschnitte aus dem Verlagsprogra","series_nid":"","series_start":"","series_end":"","nid":"65911","type":"Beitrag"}},{"node":{"title":"Greenpeace Radio Freiburg 17.04.2023","body":"","series_nid":"","series_start":"","series_end":"","nid":"65916","type":"Beitrag"}},{"node":{"title":"17 Grad - Medien f\u00fcr den Rest 17.04.2023","body":"","series_nid":"","series_start":"","series_end":"","nid":"65917","type":"Beitrag"}}]}