{"nodes":[{"node":{"title":"Bluesclubradio","body":"Jeden Donnerstag 23:30-0:30 Uhr\nModeration: ArneHomepage: www.bluesclubradio.de","series_nid":"342","series_start":"2023-04-20T23:30:00+02:00","series_end":"2023-04-21T00:30:00+02:00","nid":"32270","type":"Sendereihe"}},{"node":{"title":"Democracy Now (US-Magazin)","body":"Aktueller Hinweis (17.10.2023) von der RDL Betriebsgruppe","series_nid":"2,486","series_start":"2023-04-21T07:00:00+02:00","series_end":"2023-04-21T08:00:00+02:00","nid":"17238","type":"Sendereihe"}},{"node":{"title":"Morgenradio","body":"Das Morgenradio unterh\u00e4lt und informiert \u00fcber politische, gesellschaftliche kulturelle Themen aus Freiburg und dem Umland, aus Europa und weltweit. Jeden Morgen, Montag bis Freitag von 8-10.","series_nid":"1,008","series_start":"2023-04-21T08:00:00+02:00","series_end":"2023-04-21T10:00:00+02:00","nid":"44809","type":"Sendereihe"}},{"node":{"title":"Historisches Tagesinfo","body":"Das Tagesinfo war bei Radio Dreyeckland \u00fcber Jahrzehnte bis in die sp\u00e4ten 90er Jahre regelm\u00e4\u00dfig um 18 Uhr zu h\u00f6ren.","series_nid":"1,751","series_start":"2023-04-21T10:00:00+02:00","series_end":"2023-04-21T11:00:00+02:00","nid":"21096","type":"Sendereihe"}},{"node":{"title":"Historische Linke Presseschau","body":"","series_nid":"262","series_start":"2023-04-21T11:00:00+02:00","series_end":"2023-04-21T12:00:00+02:00","nid":"17267","type":"Sendereihe"}},{"node":{"title":"punkt12","body":"Mittagsmagazin mit Veranstaltungshinweisen f\u00fcr das Dreyeckland. Sendezeit: Montag bis Freitag von 12 bis 13 Uhr Fokussiert auf unser Sendegebiet h\u00f6rt ihr mittags zwischen 12:00 und 13:00 Uhr aktuelle Interviews und Portraits, Beitr\u00e4ge, Nachrichten und Rezensionen sowie Veranstaltungs- und Programmhinweise aus und f\u00fcr die subkulturellen Szenen des Dreyecklandes.","series_nid":"2,364","series_start":"2023-04-21T12:00:00+02:00","series_end":"2023-04-21T13:00:00+02:00","nid":"588","type":"Sendereihe"}},{"node":{"title":"Ech, Oida (deutsch) (Wdh.)","body":"","series_nid":"68","series_start":"2023-04-21T13:00:00+02:00","series_end":"2023-04-21T13:30:00+02:00","nid":"57549","type":"Sendereihen-Wiederholung"}},{"node":{"title":"Schwule Welle (Wdh.)","body":"","series_nid":"496","series_start":"2023-04-21T13:30:00+02:00","series_end":"2023-04-21T15:00:00+02:00","nid":"17178","type":"Sendereihen-Wiederholung"}},{"node":{"title":"Zweite Heimat","body":"Sendezeit: jeden Freitag von 15 - 16 Uhr\nDJ: Christian Rath","series_nid":"497","series_start":"2023-04-21T15:00:00+02:00","series_end":"2023-04-21T16:00:00+02:00","nid":"17163","type":"Sendereihe"}},{"node":{"title":"Musikmagazin","body":"Montag bis Freitag immer um 17 Uhr aktuelles Konzertgeschehen, Interviews und Neuheiten. Dazu genre-\u00fcbergreifend Musik.","series_nid":"2,508","series_start":"2023-04-21T17:00:00+02:00","series_end":"2023-04-21T18:00:00+02:00","nid":"766","type":"Sendereihe"}},{"node":{"title":"Infomagazin","body":"Eine Auswahl aktueller Beitr\u00e4ge zu politischen und gesellschaftlichen Themen aus Freiburg und der Welt. Montags, mittwochs und freitags um 18 Uhr.","series_nid":"1,243","series_start":"2023-04-21T18:00:00+02:00","series_end":"2023-04-21T19:00:00+02:00","nid":"21867","type":"Sendereihe"}},{"node":{"title":"O-Ton Playback","body":"Sendezeit: Jeden Freitag im Monat um 19 Uhr (Wiederholung: Dienstag um 14 Uhr)","series_nid":"490","series_start":"2023-04-21T19:00:00+02:00","series_end":"2023-04-21T20:00:00+02:00","nid":"17182","type":"Sendereihe"}},{"node":{"title":"Sountastic","body":"Sendezeit: Alle 4 Wochen freitags von 20-21 Uhr\nSountastic ist der Nachfolger der beliebten Sendung Voice of HipHop.","series_nid":"123","series_start":"2023-04-21T20:00:00+02:00","series_end":"2023-04-21T20:00:00+02:00","nid":"17161","type":"Sendereihe"}},{"node":{"title":"Die Welt ist eine Scheibe ","body":"Sendezeit: jeden zweiten Freitag von 21 - 23 Uhr\nDJ: G\u00f6tz Adler","series_nid":"249","series_start":"2023-04-21T21:00:00+02:00","series_end":"2023-04-21T23:00:00+02:00","nid":"767","type":"Sendereihe"}},{"node":{"title":"R\u00e4umung im R\u00fcmlanger Wald - Kampf geht weiter","body":"Heute Morgen hat die Polizei mit einem gro\u00dfen Aufgebot den R\u00fcmlanger Wald, von den Aktist*innen ger\u00e4umt, die ihn besch\u00fctzen wollten.","series_nid":"","series_start":"","series_end":"","nid":"65944","type":"Beitrag"}},{"node":{"title":"Es braucht Verkehrskonzepte mit der Variante \"ohne Stadttunnel\"","body":"Wir haben bei Radio Dreyeckland immer wieder \u00fcber die Diskussion um den geplanten Stadttunnel, der eine Stadtautobahn mit sich bringen w\u00fcrde, berichtet.","series_nid":"","series_start":"","series_end":"","nid":"65961","type":"Beitrag"}},{"node":{"title":"\"Der AfD geht es nicht um einen Frieden zwischen Russland und der Ukraine\"","body":"Am Samstag m\u00f6chte sich die AfD im Zuge ihrer bundesweiten Imagekampagne auch in Freiburg als Friedenspartei inszenieren. U.a. kommt der AfD Bundesvorsitzende Tino Chrupalla nach Freiburg.","series_nid":"","series_start":"","series_end":"","nid":"65960","type":"Beitrag"}},{"node":{"title":"Tagesinfo von Donnerstag 24. April 2003","body":"\n\n\n\n\n\n\nDo\n24.04.03\nTI","series_nid":"","series_start":"","series_end":"","nid":"65959","type":"Beitrag"}},{"node":{"title":"Ein Gespr\u00e4ch mit den Frauen aus der Initiative \u201eEngagiertes Freiburg\u201c","body":"Die Initiative \u201eEngagiertes Freiburg\u201c hat sich seit Kriegsbeginn am aktivsten f\u00fcr ukrainische gefl\u00fcchtete Menschen in Freiburg eingesetzt.","series_nid":"","series_start":"","series_end":"","nid":"65952","type":"Beitrag"}},{"node":{"title":"GayWatch - Filmwoche, Queerscope und Theater der Immoralisten","body":"Im Studio erwarten wir u.a.\u00a0Gen\u00eds\u00a0und\u00a0Martin\u00a0vom Team der Filmwoche, die uns das Programm vorstellen.","series_nid":"","series_start":"","series_end":"","nid":"65953","type":"Beitrag"}},{"node":{"title":"Die Ehemaligen","body":"Zwischen 1940 und 1985 waren tausende Kinder im Waisenhaus G\u00fcnterstal untergebracht. Viele haben das Erlebte ihr ganzes Leben mit sich herumgetragen, ohne je dar\u00fcber zu sprechen.","series_nid":"","series_start":"","series_end":"","nid":"65941","type":"Beitrag"}},{"node":{"title":"radio rap fatale","body":"","series_nid":"","series_start":"","series_end":"","nid":"66012","type":"Beitrag"}},{"node":{"title":"Infomagazin 21.04.2023","body":"","series_nid":"","series_start":"","series_end":"","nid":"65962","type":"Beitrag"}},{"node":{"title":"R\u00e4umung im R\u00fcmlanger Wald - Kampf geht weiter","body":"Heute Morgen hat die Polizei mit einem gro\u00dfen Aufgebot den R\u00fcmlanger Wald, von den Aktist*innen ger\u00e4umt, die ihn besch\u00fctzen wollten.","series_nid":"","series_start":"","series_end":"","nid":"65944","type":"Beitrag"}},{"node":{"title":"\"Europa und die UN haben sicher zur Verschlechterung der Lage beigetragen\"","body":"Am 15.","series_nid":"","series_start":"","series_end":"","nid":"65945","type":"Beitrag"}},{"node":{"title":"\"Der AfD geht es nicht um einen Frieden zwischen Russland und der Ukraine\"","body":"Am Samstag m\u00f6chte sich die AfD im Zuge ihrer bundesweiten Imagekampagne auch in Freiburg als Friedenspartei inszenieren. U.a. kommt der AfD Bundesvorsitzende Tino Chrupalla nach Freiburg.","series_nid":"","series_start":"","series_end":"","nid":"65960","type":"Beitrag"}},{"node":{"title":"Es braucht Verkehrskonzepte mit der Variante \"ohne Stadttunnel\"","body":"Wir haben bei Radio Dreyeckland immer wieder \u00fcber die Diskussion um den geplanten Stadttunnel, der eine Stadtautobahn mit sich bringen w\u00fcrde, berichtet.","series_nid":"","series_start":"","series_end":"","nid":"65961","type":"Beitrag"}},{"node":{"title":"Kreolische Konstellationen: Zur Aktualit\u00e4t und Neubestimmung von Antikolonialismus, Antiimperialismus und Internationalismus","body":"\"Das Verh\u00e4ltnis der Linken in den kapitalistischen Zentren zur Peripherie war immer zwiesp\u00e4ltig: Einerseits wurde antikolonialer und antiimperialistischer Widerstand begr\u00fc\u00dft und unterst\u00fctzt, andere","series_nid":"","series_start":"","series_end":"","nid":"65879","type":"Beitrag"}},{"node":{"title":"Pressefreiheit quo vadis? Podiumsdiskussion mit gefl\u00fcchteten Journalist:innen","body":"Die Hausdurchsuchung im Freien Radio Dreyeckland am 17. Januar 2023 hatte f\u00fcr gefl\u00fcchtete Journalist*innen eine besondere Bedeutung.","series_nid":"","series_start":"","series_end":"","nid":"65964","type":"Beitrag"}},{"node":{"title":"Frantic Freakshow, Freitag 21.April 2023, 21 - 22.30 h","body":"Indierock 2.0 mit Musik von neuen Alben des britischen Trios Daughter (\u201eStereo Mind Game\u201c), von\u00a0Ulrika Spacek im \"Compact Trauma\", von der Australierin Jen","series_nid":"","series_start":"","series_end":"","nid":"65965","type":"Beitrag"}},{"node":{"title":"* SOLID PLEASURE * 21.04.2023 * Playlist *","body":"RADIOHEAD - Meeting In The Aisle - Ok Computer OKNotOK 1997 2017 - DCD - XL bandcamp","series_nid":"","series_start":"","series_end":"","nid":"65967","type":"Beitrag"}}]}