{"nodes":[{"node":{"title":"Morgenradio","body":"Das Morgenradio unterh\u00e4lt und informiert \u00fcber politische, gesellschaftliche kulturelle Themen aus Freiburg und dem Umland, aus Europa und weltweit. Jeden Morgen, Montag bis Freitag von 8-10.","series_nid":"1,159","series_start":"2023-11-20T08:00:00+01:00","series_end":"2023-11-20T10:00:00+01:00","nid":"44809","type":"Sendereihe"}},{"node":{"title":"Historisches Tagesinfo","body":"Das Tagesinfo war bei Radio Dreyeckland \u00fcber Jahrzehnte bis in die sp\u00e4ten 90er Jahre regelm\u00e4\u00dfig um 18 Uhr zu h\u00f6ren.","series_nid":"1,872","series_start":"2023-11-20T10:00:00+01:00","series_end":"2023-11-20T11:00:00+01:00","nid":"21096","type":"Sendereihe"}},{"node":{"title":"Knastfunk (Wdh.)","body":"","series_nid":"286","series_start":"2023-11-20T11:00:00+01:00","series_end":"2023-11-20T12:00:00+01:00","nid":"17227","type":"Sendereihen-Wiederholung"}},{"node":{"title":"punkt12","body":"Mittagsmagazin mit Veranstaltungshinweisen f\u00fcr das Dreyeckland. Sendezeit: Montag bis Freitag von 12 bis 13 Uhr Fokussiert auf unser Sendegebiet h\u00f6rt ihr mittags zwischen 12:00 und 13:00 Uhr aktuelle Interviews und Portraits, Beitr\u00e4ge, Nachrichten und Rezensionen sowie Veranstaltungs- und Programmhinweise aus und f\u00fcr die subkulturellen Szenen des Dreyecklandes.","series_nid":"2,515","series_start":"2023-11-20T12:00:00+01:00","series_end":"2023-11-20T13:00:00+01:00","nid":"588","type":"Sendereihe"}},{"node":{"title":"Freistunde FM - Jugendradio (Wdh.)","body":"","series_nid":"522","series_start":"2023-11-20T13:00:00+01:00","series_end":"2023-11-20T14:00:00+01:00","nid":"17219","type":"Sendereihen-Wiederholung"}},{"node":{"title":"Espaco Aberto (wdh.)","body":"","series_nid":"288","series_start":"2023-11-20T14:00:00+01:00","series_end":"2023-11-20T15:00:00+01:00","nid":"40724","type":"Sendereihen-Wiederholung"}},{"node":{"title":"IndieRe","body":"Jeden Montag um 15 Uhr:","series_nid":"40","series_start":"2023-11-20T15:00:00+01:00","series_end":"2023-11-20T16:00:00+01:00","nid":"65144","type":"Sendereihe"}},{"node":{"title":"Gruppenradio Montag 3","body":"Neben den regelm\u00e4\u00dfigen Sendungen verschiedener Gruppen im Gruppenradio, gibt es dort auch noch Platz f\u00fcr einmalige oder gelegentliche Sendungen f\u00fcr Gruppen oder Einzelpersonen.","series_nid":"135","series_start":"2023-11-20T16:00:00+01:00","series_end":"2023-11-20T17:00:00+01:00","nid":"47801","type":"Sendereihe"}},{"node":{"title":"Musikmagazin","body":"Montag bis Freitag immer um 17 Uhr aktuelles Konzertgeschehen, Interviews und Neuheiten. Dazu genre-\u00fcbergreifend Musik.","series_nid":"2,659","series_start":"2023-11-20T17:00:00+01:00","series_end":"2023-11-20T18:00:00+01:00","nid":"766","type":"Sendereihe"}},{"node":{"title":"Infomagazin","body":"Eine Auswahl aktueller Beitr\u00e4ge zu politischen und gesellschaftlichen Themen aus Freiburg und der Welt. Montags, mittwochs und freitags um 18 Uhr.","series_nid":"1,334","series_start":"2023-11-20T18:00:00+01:00","series_end":"2023-11-20T19:00:00+01:00","nid":"21867","type":"Sendereihe"}},{"node":{"title":"17 Grad - Medien f\u00fcr den Rest","body":"Sendezeit: Jeden 3. Montag des Monats um 20 Uhr (Wiederholung: Dienstag 13 Uhr)\nhttp://www.17grad.net/\n\u00a0","series_nid":"121","series_start":"2023-11-20T20:00:00+01:00","series_end":"2023-11-20T21:00:00+01:00","nid":"17179","type":"Sendereihe"}},{"node":{"title":"Babylon Calling","body":"Sendezeit: jeden Montag von 21 - 22.30 UhrDJs: Wolf, Thomas, Werner und J\u00fcrgen","series_nid":"531","series_start":"2023-11-20T21:00:00+01:00","series_end":"2023-11-20T22:30:00+01:00","nid":"17144","type":"Sendereihe"}},{"node":{"title":"Demonstration gegen Sozialk\u00fcrzungen im Bundeshaushalt 2024 in Freiburg","body":"Mehr als 150 Menschen demonstrierten am Samstag, den 18.11.23, gegen die geplanten K\u00fcrzungen im sozialen Bereich im Bundeshaushalt 2024.","series_nid":"","series_start":"","series_end":"","nid":"68613","type":"Beitrag"}},{"node":{"title":"Massive Kritik an badenovas Umgang mit Solar und Wind Anschl\u00fcssen in das Netz ","body":"Verschiedene R\u00e4t*innen \u00e4u\u00dferten bei der gemeinsamen Debatte von PV- und Windstrom heftige Kritik an den badenova netze.","series_nid":"","series_start":"","series_end":"","nid":"68560","type":"Beitrag"}},{"node":{"title":"Wie umgehen mit AfD und anderen Rechten in den Medien?","body":"Der Bundeskongress der Neuen deutschen Medienmacher*innen am 7.","series_nid":"","series_start":"","series_end":"","nid":"68565","type":"Beitrag"}},{"node":{"title":"Tagesinfo von Freitag, 21.November 2003","body":"\n\n\n\n\n\n\nFr\n21.11.03\nZip-FM","series_nid":"","series_start":"","series_end":"","nid":"68608","type":"Beitrag"}},{"node":{"title":"Knastfunk 20.11.2023","body":"","series_nid":"","series_start":"","series_end":"","nid":"68617","type":"Beitrag"}},{"node":{"title":"Demonstration gegen Sozialk\u00fcrzungen im Bundeshaushalt 2024 in Freiburg","body":"Mehr als 150 Menschen demonstrierten am Samstag, den 18.11.23, gegen die geplanten K\u00fcrzungen im sozialen Bereich im Bundeshaushalt 2024.","series_nid":"","series_start":"","series_end":"","nid":"68613","type":"Beitrag"}},{"node":{"title":"Polizeigewalt bei kurdischer Demonstration in Berlin im Kontext Erdogans Staatsbesuchs","body":"Am vergangenen 18.11.23 demonstrierten nach Angaben des Kurdischen Zentrum f\u00fcr \u00d6ffentlichkeit Civaka Azad e.V., 6000 Menschen in Berlin gegen das Verbot der kurdischen Arbeiterpartei PKK.","series_nid":"","series_start":"","series_end":"","nid":"68621","type":"Beitrag"}},{"node":{"title":"Sex Education von jungen Menschen - wie ist die Lage?! ","body":"Die Netflixserie \"Sex Education\" ist gerade sehr beliebt, aber wie sieht es mit der Sexualaufkl\u00e4rung von Jugendlichen und jungen Erwachsenen denn wirklich aus?","series_nid":"","series_start":"","series_end":"","nid":"68593","type":"Beitrag"}},{"node":{"title":"Espaco Aberto (brasilianisch) 20.11.2023","body":"","series_nid":"","series_start":"","series_end":"","nid":"68622","type":"Beitrag"}},{"node":{"title":"Espaco Aberto (brasilianisch) 19.11.2023","body":"","series_nid":"","series_start":"","series_end":"","nid":"68626","type":"Beitrag"}},{"node":{"title":"IndieRe#41","body":"Radio \u0160tudent aus Ljubljana bringt euch mit zu den Kl\u00e4ngen von SsmKOSKs Glitchcore zum Schwingen.","series_nid":"","series_start":"","series_end":"","nid":"68542","type":"Beitrag"}},{"node":{"title":"von der Unsch\u00e4rfe der W\u00e4lder - Gedichte","body":"Jutta v. Ochsenstein und Wolfgang Haenle stellen im Gespr\u00e4ch mit Sabine G\u00e4rttling ihren Gedichtband vor.","series_nid":"","series_start":"","series_end":"","nid":"68623","type":"Beitrag"}},{"node":{"title":"Musikmagazin 20.11.2023","body":"","series_nid":"","series_start":"","series_end":"","nid":"68624","type":"Beitrag"}},{"node":{"title":"Infomagazin 20.11.2023","body":"","series_nid":"","series_start":"","series_end":"","nid":"68625","type":"Beitrag"}},{"node":{"title":"Demonstration gegen Sozialk\u00fcrzungen im Bundeshaushalt 2024 in Freiburg","body":"Mehr als 150 Menschen demonstrierten am Samstag, den 18.11.23, gegen die geplanten K\u00fcrzungen im sozialen Bereich im Bundeshaushalt 2024.","series_nid":"","series_start":"","series_end":"","nid":"68613","type":"Beitrag"}},{"node":{"title":"Polizeigewalt bei kurdischer Demonstration in Berlin im Kontext Erdogans Staatsbesuchs","body":"Am vergangenen 18.11.23 demonstrierten nach Angaben des Kurdischen Zentrum f\u00fcr \u00d6ffentlichkeit Civaka Azad e.V., 6000 Menschen in Berlin gegen das Verbot der kurdischen Arbeiterpartei PKK.","series_nid":"","series_start":"","series_end":"","nid":"68621","type":"Beitrag"}},{"node":{"title":"Verfassungsschutz beobachtet Anti-Putinproteste","body":"Mit dem Zers\u00e4gen einer Papp-Pipeline vor der Gazprom-Zentrale in Berlin und dem satirischen Ablegen von Leichens\u00e4cken vor der russischen Botschaft protestierte die Antimilitaristische Aktion Berlin","series_nid":"","series_start":"","series_end":"","nid":"68590","type":"Beitrag"}},{"node":{"title":"Pflaster Vielfalt drauf und alles ist gut?","body":"Am 7. Oktober fand in Berlin die Bundeskonferenz der Neuen Deutschen Medienmacher*innen statt.","series_nid":"","series_start":"","series_end":"","nid":"68564","type":"Beitrag"}},{"node":{"title":"Amtsgericht verurteilt 35-j\u00e4hrigen zu Geldstrafe","body":"Am 09.11.2023 besuchte RDL einen Strafprozess vor dem Amtsgericht Freiburg.","series_nid":"","series_start":"","series_end":"","nid":"68589","type":"Beitrag"}},{"node":{"title":"#76 Internationaler Tag gegen patriarchale Gewalt - Anarchistischer H\u00f6rfunk Dresden","body":"Die Novembersendung des Anarchistischen H\u00f6rfunks aus Dresden bezieht sich auf den internationalen Tag gegen patriarchale Gewalt (25.11.).","series_nid":"","series_start":"","series_end":"","nid":"68618","type":"Beitrag"}},{"node":{"title":"Greenpeace Radio Freiburg 20.11.2023","body":"","series_nid":"","series_start":"","series_end":"","nid":"68627","type":"Beitrag"}},{"node":{"title":"17 Grad - Medien f\u00fcr den Rest 20.11.2023","body":"","series_nid":"","series_start":"","series_end":"","nid":"68628","type":"Beitrag"}}]}