{"nodes":[{"node":{"title":"Bluesclubradio","body":"Jeden Donnerstag 23:30-0:30 Uhr\nModeration: ArneHomepage: www.bluesclubradio.de","series_nid":"373","series_start":"2023-11-23T23:30:00+01:00","series_end":"2023-11-24T00:30:00+01:00","nid":"32270","type":"Sendereihe"}},{"node":{"title":"Democracy Now (US-Magazin)","body":"Aktueller Hinweis (17.10.2023) von der RDL Betriebsgruppe","series_nid":"2,640","series_start":"2023-11-24T07:00:00+01:00","series_end":"2023-11-24T08:00:00+01:00","nid":"17238","type":"Sendereihe"}},{"node":{"title":"Morgenradio","body":"Das Morgenradio unterh\u00e4lt und informiert \u00fcber politische, gesellschaftliche kulturelle Themen aus Freiburg und dem Umland, aus Europa und weltweit. Jeden Morgen, Montag bis Freitag von 8-10.","series_nid":"1,163","series_start":"2023-11-24T08:00:00+01:00","series_end":"2023-11-24T10:00:00+01:00","nid":"44809","type":"Sendereihe"}},{"node":{"title":"Historisches Tagesinfo","body":"Das Tagesinfo war bei Radio Dreyeckland \u00fcber Jahrzehnte bis in die sp\u00e4ten 90er Jahre regelm\u00e4\u00dfig um 18 Uhr zu h\u00f6ren.","series_nid":"1,875","series_start":"2023-11-24T10:00:00+01:00","series_end":"2023-11-24T11:00:00+01:00","nid":"21096","type":"Sendereihe"}},{"node":{"title":"Historische Linke Presseschau","body":"","series_nid":"278","series_start":"2023-11-24T11:00:00+01:00","series_end":"2023-11-24T12:00:00+01:00","nid":"17267","type":"Sendereihe"}},{"node":{"title":"punkt12","body":"Mittagsmagazin mit Veranstaltungshinweisen f\u00fcr das Dreyeckland. Sendezeit: Montag bis Freitag von 12 bis 13 Uhr Fokussiert auf unser Sendegebiet h\u00f6rt ihr mittags zwischen 12:00 und 13:00 Uhr aktuelle Interviews und Portraits, Beitr\u00e4ge, Nachrichten und Rezensionen sowie Veranstaltungs- und Programmhinweise aus und f\u00fcr die subkulturellen Szenen des Dreyecklandes.","series_nid":"2,519","series_start":"2023-11-24T12:00:00+01:00","series_end":"2023-11-24T13:00:00+01:00","nid":"588","type":"Sendereihe"}},{"node":{"title":"Ech, Oida (deutsch) (Wdh.)","body":"","series_nid":"82","series_start":"2023-11-24T13:00:00+01:00","series_end":"2023-11-24T13:30:00+01:00","nid":"57549","type":"Sendereihen-Wiederholung"}},{"node":{"title":"Schwule Welle (Wdh.)","body":"","series_nid":"526","series_start":"2023-11-24T13:30:00+01:00","series_end":"2023-11-24T15:00:00+01:00","nid":"17178","type":"Sendereihen-Wiederholung"}},{"node":{"title":"Zweite Heimat","body":"Sendezeit: jeden Freitag von 15 - 16 Uhr\nDJ: Christian Rath","series_nid":"528","series_start":"2023-11-24T15:00:00+01:00","series_end":"2023-11-24T16:00:00+01:00","nid":"17163","type":"Sendereihe"}},{"node":{"title":"Musikmagazin","body":"Montag bis Freitag immer um 17 Uhr aktuelles Konzertgeschehen, Interviews und Neuheiten. Dazu genre-\u00fcbergreifend Musik.","series_nid":"2,663","series_start":"2023-11-24T17:00:00+01:00","series_end":"2023-11-24T18:00:00+01:00","nid":"766","type":"Sendereihe"}},{"node":{"title":"Infomagazin","body":"Eine Auswahl aktueller Beitr\u00e4ge zu politischen und gesellschaftlichen Themen aus Freiburg und der Welt. Montags, mittwochs und freitags um 18 Uhr.","series_nid":"1,336","series_start":"2023-11-24T18:00:00+01:00","series_end":"2023-11-24T19:00:00+01:00","nid":"21867","type":"Sendereihe"}},{"node":{"title":"O-Ton Playback","body":"Sendezeit: Jeden Freitag im Monat um 19 Uhr (Wiederholung: Dienstag um 14 Uhr)","series_nid":"521","series_start":"2023-11-24T19:00:00+01:00","series_end":"2023-11-24T20:00:00+01:00","nid":"17182","type":"Sendereihe"}},{"node":{"title":"funkdefekt","body":"Freitags alle 4 Wochen um 20 Uhr auf Radio Dreyeckland. Ebenfalls zu h\u00f6ren auf Radio Corax und FSK Hamburg.","series_nid":"59","series_start":"2023-11-24T20:00:00+01:00","series_end":"2023-11-24T21:00:00+01:00","nid":"46052","type":"Sendereihe"}},{"node":{"title":"Schr\u00e4gfunk","body":"Alle vier Wochen Freitags zwischen 21 Uhr und 22 Uhr.","series_nid":"22","series_start":"2023-11-24T21:00:00+01:00","series_end":"2023-11-24T22:00:00+01:00","nid":"61075","type":"Sendereihe"}},{"node":{"title":"BRETTERFUNK","body":"Alle 4 Wochen Freitags um 22:30 gibt es Techno von der Bretterbude. Freut Euch auf ein vielseitiges Programm und Beats aus den Subgenres der elektronischen Musik.\u00a0","series_nid":"33","series_start":"2023-11-24T22:30:00+01:00","series_end":"2023-11-25T02:00:00+01:00","nid":"57008","type":"Sendereihe"}},{"node":{"title":"Freiburger Polizei ver\u00f6ffentlicht rassistische Fahndungsmeldung","body":"K\u00fcrzlich fahndete die Freiburger Polizei nach einem aus der Forensischen Psychiatrie in Emmendingen gefl\u00fcchteten jungen Mann.","series_nid":"","series_start":"","series_end":"","nid":"68677","type":"Beitrag"}},{"node":{"title":"Freiheitsfonds plant Gefangenenbefreiung","body":"\n","series_nid":"","series_start":"","series_end":"","nid":"68678","type":"Beitrag"}},{"node":{"title":"Theaterst\u00fcck \"Planet B\" bewegt zum Handeln","body":"Seit zwei Jahren f\u00fchrt die Schauspielerin und Aktivistin Margrita Wahrer das Theaterst\u00fcck \"Planet B\" auf. Auf der B\u00fchne spielt sie die Florentina, die im Jahr 2048 in Freiburg lebt.","series_nid":"","series_start":"","series_end":"","nid":"68717","type":"Beitrag"}},{"node":{"title":"Erhalt und Kritik des unverpacktladens \"Glaskiste\" Freiburg ","body":"Seit April 2017 gibt es in Freiburg in der Moltkestrasse die \u201eGlaskiste\u201c, nach eigenen Angaben der erste Unverpacktladen hier in der Stadt.","series_nid":"","series_start":"","series_end":"","nid":"68676","type":"Beitrag"}},{"node":{"title":"Tagesinfo von Donnerstag, 27.11.2003","body":"\n\n\n\n\n\n\nDo\n27.11.03\nZip-FM","series_nid":"","series_start":"","series_end":"","nid":"68614","type":"Beitrag"}},{"node":{"title":"Fahraddemo zum Dietenbachwald, auch gegen \u00c4nderung des Fl\u00e4chennutzungsplans","body":"Am Dienstag den 28.11. 2023 will der Gemeinderat die Rodung von 4,4 ha, also \u00fcber einem Viertel des Dietenbachwaldes, im Zuge einer 26. \u00c4nderung des Fl\u00e4chennutzungsplan 2020 durchwinken.","series_nid":"","series_start":"","series_end":"","nid":"68681","type":"Beitrag"}},{"node":{"title":"Einige Anmerkungen zum medialen Wirrwarr um einen OLG Beschluss zu den rechtswidrigen Hausdurchsuchungen und Beschlagnahmen bei RDL am 17.1.2023","body":"Nein das OLG Stuttgart hat nicht die Feststellung der Rechtswidrigkeit der Durchsuchung bei RDL am 17.Januar 2023 aufgehoben.","series_nid":"","series_start":"","series_end":"","nid":"68683","type":"Beitrag"}},{"node":{"title":"42 Floristinnen nach Villingen, 17 Medientechnologen nach Lahr, 17 Hauswirtschaflerinnen nach Kehl- Wie Beh\u00f6rden planen","body":"Knapp 3 Stunden dauerte die vierte Sitzung des Ausschu\u00df f\u00fcr Schule und Weiterbildung an diesem 23. November 23 .","series_nid":"","series_start":"","series_end":"","nid":"68684","type":"Beitrag"}},{"node":{"title":"Worauf bezieht sich historisch der Tag gegen Gewalt an Frauen","body":"Im Jahre 2003 macht sich die Autorinnen im ZIP-FM daran den Spuren in der Dominikanischen Republik und dem Kampf gegen den Diktator Truijllo 1960.","series_nid":"","series_start":"","series_end":"","nid":"68685","type":"Beitrag"}},{"node":{"title":"Ech, Oida (deutsch) 23.11.2023","body":"","series_nid":"","series_start":"","series_end":"","nid":"68669","type":"Beitrag"}},{"node":{"title":"Ein Kessel Pinkes History: Zum Jubil\u00e4um der Schwulen Welle","body":"Seit dem 24. November 1988 sendet die Schwule Welle legal. Und doch sendet sie bereits schon l\u00e4nger. Ab wann genau, ist in den Wirren der Piratensenderei untergegangen.","series_nid":"","series_start":"","series_end":"","nid":"68659","type":"Beitrag"}},{"node":{"title":"Zusammenstehen gegen Mieterh\u00f6hungen bei der Freiburger Stadtbau","body":"Explodierende Mietpreise sind in quasi allen deutschen Gro\u00dfst\u00e4dten ein hochaktuelles Thema - vor allem in Freiburg.","series_nid":"","series_start":"","series_end":"","nid":"68706","type":"Beitrag"}},{"node":{"title":"Theaterst\u00fcck \"Planet B\" bewegt zum Handeln","body":"Seit zwei Jahren f\u00fchrt die Schauspielerin und Aktivistin Margrita Wahrer das Theaterst\u00fcck \"Planet B\" auf. Auf der B\u00fchne spielt sie die Florentina, die im Jahr 2048 in Freiburg lebt.","series_nid":"","series_start":"","series_end":"","nid":"68717","type":"Beitrag"}},{"node":{"title":"50 Jahre Putsch in Chile - 50 Jahre Solidarit\u00e4tsbewegung: Frauen in Chile: Vom \u00bbMarsch der leeren T\u00f6pfe\u00ab zum \u00bbfeministischen Verfassungsentwurf\u00ab","body":"Am 11. September j\u00e4hrte sich der chilenische Milit\u00e4rputsch gegen die demokratisch gew\u00e4hlte Regierung Allende zum 50. Mal. Das Archiv Soziale Bewegungen, das Informationszentrum 3.","series_nid":"","series_start":"","series_end":"","nid":"68686","type":"Beitrag"}},{"node":{"title":"Meeresfr\u00fcchte an Freiburger K\u00fcste","body":"Zum Jubil\u00e4umskonzert der Seafood Shows am 25. November 2023. Vegane Perspektiven auf die Freiburger Meeresfr\u00fcchte unter R\u00fcckbezug auf den neuen Seafood-Sampler.","series_nid":"","series_start":"","series_end":"","nid":"68687","type":"Beitrag"}},{"node":{"title":"November 2023 / \u201e,Erfolgskonzepte\u201d","body":"Voller Gemeinsamkeiten, Kollaborationen und erfolgsorientiert ist diese Sendung. Allerdings zuf\u00e4llig. F\u00fcr Absichtlichkeiten ist Schr\u00e4gfunk viel zu unkoordiniert.","series_nid":"","series_start":"","series_end":"","nid":"68528","type":"Beitrag"}},{"node":{"title":"BRETTERFUNK #34 \u2013 Distant Galaxy","body":"Der Bretterfunk sendet am 24. November live aus der Astral\u00a0Junction in Berlin. Mit patman und grand hifi a.k.a. Aiku und Saumeth.","series_nid":"","series_start":"","series_end":"","nid":"68652","type":"Beitrag"}}]}