{"nodes":[{"node":{"title":"Metal-Demenz-Aeon","body":"Sendezeit: jeden 1. und 4. Sonntag von 22 \u2013 24 Uhr\nDJ's:Hubert, Ole, Sandor, Ozzi und Sturm","series_nid":"244","series_start":"2023-11-26T22:00:00+01:00","series_end":"2023-11-27T00:00:00+01:00","nid":"1064","type":"Sendereihe"}},{"node":{"title":"Morgenradio","body":"Das Morgenradio unterh\u00e4lt und informiert \u00fcber politische, gesellschaftliche kulturelle Themen aus Freiburg und dem Umland, aus Europa und weltweit. Jeden Morgen, Montag bis Freitag von 8-10.","series_nid":"1,164","series_start":"2023-11-27T08:00:00+01:00","series_end":"2023-11-27T10:00:00+01:00","nid":"44809","type":"Sendereihe"}},{"node":{"title":"Historisches Tagesinfo","body":"Das Tagesinfo war bei Radio Dreyeckland \u00fcber Jahrzehnte bis in die sp\u00e4ten 90er Jahre regelm\u00e4\u00dfig um 18 Uhr zu h\u00f6ren.","series_nid":"1,876","series_start":"2023-11-27T10:00:00+01:00","series_end":"2023-11-27T11:00:00+01:00","nid":"21096","type":"Sendereihe"}},{"node":{"title":"Ausbruch - Die Antirepressionswelle (Wdh.)","body":"","series_nid":"66","series_start":"2023-11-27T11:00:00+01:00","series_end":"2023-11-27T12:00:00+01:00","nid":"41002","type":"Sendereihen-Wiederholung"}},{"node":{"title":"punkt12","body":"Mittagsmagazin mit Veranstaltungshinweisen f\u00fcr das Dreyeckland. Sendezeit: Montag bis Freitag von 12 bis 13 Uhr Fokussiert auf unser Sendegebiet h\u00f6rt ihr mittags zwischen 12:00 und 13:00 Uhr aktuelle Interviews und Portraits, Beitr\u00e4ge, Nachrichten und Rezensionen sowie Veranstaltungs- und Programmhinweise aus und f\u00fcr die subkulturellen Szenen des Dreyecklandes.","series_nid":"2,520","series_start":"2023-11-27T12:00:00+01:00","series_end":"2023-11-27T13:00:00+01:00","nid":"588","type":"Sendereihe"}},{"node":{"title":"Freistunde FM - Jugendradio (Wdh.)","body":"","series_nid":"523","series_start":"2023-11-27T13:00:00+01:00","series_end":"2023-11-27T14:00:00+01:00","nid":"17219","type":"Sendereihen-Wiederholung"}},{"node":{"title":"Espaco Aberto (wdh.)","body":"","series_nid":"289","series_start":"2023-11-27T14:00:00+01:00","series_end":"2023-11-27T15:00:00+01:00","nid":"40724","type":"Sendereihen-Wiederholung"}},{"node":{"title":"Esperanto Magazin' (Montag)","body":"Sendezeit:\nMontags 2./4./5. im Monat 16-17 Uhr\nSonnntags 1./3./5. im Monat 13-14 Uhr\nprezentado","series_nid":"280","series_start":"2023-11-27T16:00:00+01:00","series_end":"2023-11-27T17:00:00+01:00","nid":"17765","type":"Sendereihe"}},{"node":{"title":"Musikmagazin","body":"Montag bis Freitag immer um 17 Uhr aktuelles Konzertgeschehen, Interviews und Neuheiten. Dazu genre-\u00fcbergreifend Musik.","series_nid":"2,664","series_start":"2023-11-27T17:00:00+01:00","series_end":"2023-11-27T18:00:00+01:00","nid":"766","type":"Sendereihe"}},{"node":{"title":"Infomagazin","body":"Eine Auswahl aktueller Beitr\u00e4ge zu politischen und gesellschaftlichen Themen aus Freiburg und der Welt. Montags, mittwochs und freitags um 18 Uhr.","series_nid":"1,337","series_start":"2023-11-27T18:00:00+01:00","series_end":"2023-11-27T19:00:00+01:00","nid":"21867","type":"Sendereihe"}},{"node":{"title":" Chaosradio Freiburg","body":"Mitmachen und Feedback,\u00a0live hier oder\u00a0anachronistisch\u00a0im Archiv \u2026","series_nid":"185","series_start":"2023-11-27T19:00:00+01:00","series_end":"2023-11-27T20:00:00+01:00","nid":"35236","type":"Sendereihe"}},{"node":{"title":"Restrisiko","body":"Sendezeit: Jeden 4. Montag des Monats um 20 Uhr (Wiederholung am Dienstag um 13 Uhr)","series_nid":"118","series_start":"2023-11-27T20:00:00+01:00","series_end":"2023-11-27T21:00:00+01:00","nid":"19053","type":"Sendereihe"}},{"node":{"title":"Babylon Calling","body":"Sendezeit: jeden Montag von 21 - 22.30 UhrDJs: Wolf, Thomas, Werner und J\u00fcrgen","series_nid":"532","series_start":"2023-11-27T21:00:00+01:00","series_end":"2023-11-27T22:30:00+01:00","nid":"17144","type":"Sendereihe"}},{"node":{"title":"Midnight BBQ","body":"Sizzlin \u00b4Hoz\u00a0 & Soulful funkin\u00b4\nSendezeit: alle 2 Wochen Montags 22.30 - 24 Uhr\n\u00a0","series_nid":"265","series_start":"2023-11-27T22:30:00+01:00","series_end":"2023-11-27T23:55:00+01:00","nid":"17167","type":"Sendereihe"}},{"node":{"title":"Demo gegen Gewalt an Frauen und Queers in Freiburg","body":"Anl\u00e4sslich des Internationalen Tags gegen Gewalt an Frauen und Queers demonstrierten am 25.11.23 in Freiburg rund 230 Menschen vom Augustinerplatz zum Konrad-Adenauer-Platz.","series_nid":"","series_start":"","series_end":"","nid":"68700","type":"Beitrag"}},{"node":{"title":"Fahraddemo zum Dietenbachwald, auch gegen \u00c4nderung des Fl\u00e4chennutzungsplans","body":"Am Dienstag den 28.11. 2023 will der Gemeinderat die Rodung von 4,4 ha, also \u00fcber einem Viertel des Dietenbachwaldes, im Zuge einer 26. \u00c4nderung des Fl\u00e4chennutzungsplan 2020 durchwinken.","series_nid":"","series_start":"","series_end":"","nid":"68681","type":"Beitrag"}},{"node":{"title":"R\u00fcckblick auf das revolution\u00e4re Kiew","body":"Vor 10 Jahren begann in Kiew die Maidan-Revolution.","series_nid":"","series_start":"","series_end":"","nid":"68665","type":"Beitrag"}},{"node":{"title":"Polizeigewalt bei kurdischer Demonstration in Berlin im Kontext Erdogans Staatsbesuchs","body":"Am vergangenen 18.11.23 demonstrierten nach Angaben des Kurdischen Zentrum f\u00fcr \u00d6ffentlichkeit Civaka Azad e.V., 6000 Menschen in Berlin gegen das Verbot der kurdischen Arbeiterpartei PKK.","series_nid":"","series_start":"","series_end":"","nid":"68621","type":"Beitrag"}},{"node":{"title":"Tagesinfo von Freitag, 28 November 2003","body":"\n\n\n\n\n\n\nFR\n28.11.03\nZIP-FM","series_nid":"","series_start":"","series_end":"","nid":"68702","type":"Beitrag"}},{"node":{"title":"Demo gegen Gewalt an Frauen und Queers in Freiburg","body":"Anl\u00e4sslich des Internationalen Tags gegen Gewalt an Frauen und Queers demonstrierten am 25.11.23 in Freiburg rund 230 Menschen vom Augustinerplatz zum Konrad-Adenauer-Platz.","series_nid":"","series_start":"","series_end":"","nid":"68700","type":"Beitrag"}},{"node":{"title":"Nebelb\u00e4nke und brauner Schaum um 16,5 Prozent Abfallgeb\u00fchrensteigerung in 2024. Warum ist eigentlich nur die Remondis Dividende sicher?","body":"Eine reine Zumutung f\u00fcr B\u00fcrgerinnen sind die Geb\u00fchrenerh\u00f6hungspl\u00e4ne, die der Gemeinderat billigen soll.","series_nid":"","series_start":"","series_end":"","nid":"68644","type":"Beitrag"}},{"node":{"title":"Verhaftungen von drei Journalist*innen in Aserbaidschan","body":"In dem autokratischen Staat Aserbaidschan wurden j\u00fcngst drei Journalist*innen inhaftiert, denen nun mehrj\u00e4hrige Haftstrafen drohen, darunter eine Auszeit-Stipendiatin von Reporter ohne Grenzen.","series_nid":"","series_start":"","series_end":"","nid":"68715","type":"Beitrag"}},{"node":{"title":"Weltkrieg2 Granatsplitter heute Nachmittag in Freiburg-Littenweiler zu erwarten","body":"Weil eine WK-II NS-Flagabwehrgranate , die bei Erdarbeiten in der Sudentenstr. aufgefunden wurde, nicht transportf\u00e4hig ist, muss sie heute nachmittag kontrolliert gesprengt werden.\u00a0","series_nid":"","series_start":"","series_end":"","nid":"68707","type":"Beitrag"}},{"node":{"title":"Espaco Aberto (brasilianisch) 26.11.2023","body":"","series_nid":"","series_start":"","series_end":"","nid":"68699","type":"Beitrag"}},{"node":{"title":"Indie#42","body":"Von Civil Radio aus Budapest erreicht uns eine Auswahl an tiefgehenden ungarischen Underground Songs. Die Show beginnt zun\u00e4chst mit \u201eMeztelen diplomat\u00e1k\u201c, einer Indie Band aus Budapest.","series_nid":"","series_start":"","series_end":"","nid":"68648","type":"Beitrag"}},{"node":{"title":"Esperanto Magazin' (Montag) 27.11.2023","body":"","series_nid":"","series_start":"","series_end":"","nid":"68710","type":"Beitrag"}},{"node":{"title":"Infomagazin 27.11.2023","body":"","series_nid":"","series_start":"","series_end":"","nid":"68714","type":"Beitrag"}},{"node":{"title":"Polizeigewalt bei kurdischer Demonstration in Berlin im Kontext Erdogans Staatsbesuchs","body":"Am vergangenen 18.11.23 demonstrierten nach Angaben des Kurdischen Zentrum f\u00fcr \u00d6ffentlichkeit Civaka Azad e.V., 6000 Menschen in Berlin gegen das Verbot der kurdischen Arbeiterpartei PKK.","series_nid":"","series_start":"","series_end":"","nid":"68621","type":"Beitrag"}},{"node":{"title":"Demo gegen Gewalt an Frauen und Queers in Freiburg","body":"Anl\u00e4sslich des Internationalen Tags gegen Gewalt an Frauen und Queers demonstrierten am 25.11.23 in Freiburg rund 230 Menschen vom Augustinerplatz zum Konrad-Adenauer-Platz.","series_nid":"","series_start":"","series_end":"","nid":"68700","type":"Beitrag"}},{"node":{"title":"Fahraddemo zum Dietenbachwald, auch gegen \u00c4nderung des Fl\u00e4chennutzungsplans","body":"Am Dienstag den 28.11. 2023 will der Gemeinderat die Rodung von 4,4 ha, also \u00fcber einem Viertel des Dietenbachwaldes, im Zuge einer 26. \u00c4nderung des Fl\u00e4chennutzungsplan 2020 durchwinken.","series_nid":"","series_start":"","series_end":"","nid":"68681","type":"Beitrag"}},{"node":{"title":"Verhaftungen von drei Journalist*innen in Aserbaidschan","body":"In dem autokratischen Staat Aserbaidschan wurden j\u00fcngst drei Journalist*innen inhaftiert, denen nun mehrj\u00e4hrige Haftstrafen drohen, darunter eine Auszeit-Stipendiatin von Reporter ohne Grenzen.","series_nid":"","series_start":"","series_end":"","nid":"68715","type":"Beitrag"}},{"node":{"title":"R\u00fcckblick auf das revolution\u00e4re Kiew","body":"Vor 10 Jahren begann in Kiew die Maidan-Revolution.","series_nid":"","series_start":"","series_end":"","nid":"68665","type":"Beitrag"}},{"node":{"title":"Bundesweite Streiktage im Gesundheitswesen","body":"Warnstreiks In Emmendingen und anderen Orten von Baden-W\u00fcrttemberg.\u00a0\u00a0","series_nid":"","series_start":"","series_end":"","nid":"68673","type":"Beitrag"}},{"node":{"title":"chaosradio Freiburg 0x8c","body":"Mitmachen und Feedback,\u00a0live hier oder\u00a0anachronistisch\u00a0im Archiv \u2026","series_nid":"","series_start":"","series_end":"","nid":"68812","type":"Beitrag"}},{"node":{"title":"restrisiko (Ausgabe November 2023)","body":"Die Themen: Beginnen wir diesmal mit dem AKW Olkiluoto in Finnland.","series_nid":"","series_start":"","series_end":"","nid":"68711","type":"Beitrag"}},{"node":{"title":"EPR-Atom-Reaktor Olkiluoto III abgeschaltet | Von Anfang an Schrott","body":"Als einer von wenigen neuen Atom-Reaktoren ging Olkiluoto III im April 2023 in Betrieb.","series_nid":"","series_start":"","series_end":"","nid":"68712","type":"Beitrag"}},{"node":{"title":"Schacht Konrad | \u00dcber 6 Milliarden Euro f\u00fcr Atomm\u00fcll-Luftschlo\u00df?","body":"Das seit 1982 verfolgte Projekt eines Lagers f\u00fcr schwach- und mittelradioaktiven M\u00fcll im ehemaligen Eisenerzbergwerk Schacht Konrad wird immer grotesker.","series_nid":"","series_start":"","series_end":"","nid":"68713","type":"Beitrag"}}]}