{"nodes":[{"node":{"title":"Democracy Now (US-Magazin)","body":"Aktueller Hinweis (17.10.2023) von der RDL Betriebsgruppe","series_nid":"2,644","series_start":"2023-11-30T07:00:00+01:00","series_end":"2023-11-30T08:00:00+01:00","nid":"17238","type":"Sendereihe"}},{"node":{"title":"Morgenradio","body":"Das Morgenradio unterh\u00e4lt und informiert \u00fcber politische, gesellschaftliche kulturelle Themen aus Freiburg und dem Umland, aus Europa und weltweit. Jeden Morgen, Montag bis Freitag von 8-10.","series_nid":"1,167","series_start":"2023-11-30T08:00:00+01:00","series_end":"2023-11-30T10:00:00+01:00","nid":"44809","type":"Sendereihe"}},{"node":{"title":"Historisches Tagesinfo","body":"Das Tagesinfo war bei Radio Dreyeckland \u00fcber Jahrzehnte bis in die sp\u00e4ten 90er Jahre regelm\u00e4\u00dfig um 18 Uhr zu h\u00f6ren.","series_nid":"1,878","series_start":"2023-11-30T10:00:00+01:00","series_end":"2023-11-30T11:00:00+01:00","nid":"21096","type":"Sendereihe"}},{"node":{"title":"Arbeitsweltradio (Wdh.)","body":"","series_nid":"284","series_start":"2023-11-30T11:00:00+01:00","series_end":"2023-11-30T12:00:00+01:00","nid":"17176","type":"Sendereihen-Wiederholung"}},{"node":{"title":"punkt12","body":"Mittagsmagazin mit Veranstaltungshinweisen f\u00fcr das Dreyeckland. Sendezeit: Montag bis Freitag von 12 bis 13 Uhr Fokussiert auf unser Sendegebiet h\u00f6rt ihr mittags zwischen 12:00 und 13:00 Uhr aktuelle Interviews und Portraits, Beitr\u00e4ge, Nachrichten und Rezensionen sowie Veranstaltungs- und Programmhinweise aus und f\u00fcr die subkulturellen Szenen des Dreyecklandes.","series_nid":"2,523","series_start":"2023-11-30T12:00:00+01:00","series_end":"2023-11-30T13:00:00+01:00","nid":"588","type":"Sendereihe"}},{"node":{"title":"Feature (Wh)","body":"","series_nid":"138","series_start":"2023-11-30T13:00:00+01:00","series_end":"2023-11-30T14:00:00+01:00","nid":"27192","type":"Sendereihen-Wiederholung"}},{"node":{"title":"Our voice \u2013 Die Stimme der Unsichtbaren (Wdh.)","body":"","series_nid":"26","series_start":"2023-11-30T14:00:00+01:00","series_end":"2023-11-30T15:00:00+01:00","nid":"66426","type":"Sendereihen-Wiederholung"}},{"node":{"title":"Raices Nomades Wdhg. (spanisch)","body":"","series_nid":"4","series_start":"2023-11-30T15:00:00+01:00","series_end":"2023-11-30T16:00:00+01:00","nid":"68400","type":"Sendereihen-Wiederholung"}},{"node":{"title":"Gruppenradio Donnerstag 4","body":"Es gibt immer mal einen freien Sendeplatz im Gruppenradio.","series_nid":"51","series_start":"2023-11-30T16:00:00+01:00","series_end":"2023-11-30T17:00:00+01:00","nid":"53643","type":"Sendereihe"}},{"node":{"title":"Musikmagazin","body":"Montag bis Freitag immer um 17 Uhr aktuelles Konzertgeschehen, Interviews und Neuheiten. Dazu genre-\u00fcbergreifend Musik.","series_nid":"2,667","series_start":"2023-11-30T17:00:00+01:00","series_end":"2023-11-30T18:00:00+01:00","nid":"766","type":"Sendereihe"}},{"node":{"title":"Fokus S\u00fcdwest","body":"Landespolitik Baden-W\u00fcrttemberg","series_nid":"448","series_start":"2023-11-30T18:00:00+01:00","series_end":"2023-11-30T18:30:00+01:00","nid":"769","type":"Sendereihe"}},{"node":{"title":"Focus International","body":"Alle 2 Wochen am Donnerstag von 18.30-19 Uhr (im Wechsel mit onda-info). Wiederholung am Freitag um 10.30 Uhr.","series_nid":"229","series_start":"2023-11-30T18:30:00+01:00","series_end":"2023-11-30T19:00:00+01:00","nid":"18786","type":"Sendereihe"}},{"node":{"title":"Oida (deutsch)","body":"Oida (auf Deutsch)\n\n\n\n\n\n\n\n\n\n\n\nSendezeit: Jeden 3, 4. und 5. Donnerstag des Monats 19-19:30 Uhr, \u00a0Wiederholung am Freitag 13 Uhr)","series_nid":"256","series_start":"2023-11-30T19:00:00+01:00","series_end":"2023-11-30T19:30:00+01:00","nid":"23347","type":"Sendereihe"}},{"node":{"title":"Schwule Welle","body":"Die Schwule Welle ist seit dem Radio Fr\u00fchling 1985 on Air\n19.30 - 21.00 Uhr: Schwule Welle\n\"Donnerstags habe ich nichts an... nur das Radio auf 102,3!\"","series_nid":"530","series_start":"2023-11-30T19:30:00+01:00","series_end":"2023-11-30T21:00:00+01:00","nid":"17177","type":"Sendereihe"}},{"node":{"title":"Black Channel","body":"Sendezeit: Jeden zweiten Donnerstag von 21 - 22 Uhr\nDJ: Tobias","series_nid":"265","series_start":"2023-11-30T21:00:00+01:00","series_end":"2023-11-30T22:00:00+01:00","nid":"1060","type":"Sendereihe"}},{"node":{"title":"Laut und Deutlich","body":"Sendezeit: jeden zweiten Donnerstag von 22 - 23.30 Uhr\nDJ: Henning","series_nid":"265","series_start":"2023-11-30T22:00:00+01:00","series_end":"2023-11-30T23:30:00+01:00","nid":"17154","type":"Sendereihe"}},{"node":{"title":"Bluesclubradio","body":"Jeden Donnerstag 23:30-0:30 Uhr\nModeration: ArneHomepage: www.bluesclubradio.de","series_nid":"374","series_start":"2023-11-30T23:30:00+01:00","series_end":"2023-12-01T00:30:00+01:00","nid":"32270","type":"Sendereihe"}},{"node":{"title":"Link-Extremismus in Freiburg? \u2013 Das Strafverfahren gegen Radio Dreyeckland als Testfall f\u00fcr die Presse- und Rundfunkfreiheit","body":"Im Januar 2023 kam es zu Durchsuchungen unserer Redaktionsr\u00e4ume sowie der Wohnungen zweier Journalisten.","series_nid":"","series_start":"","series_end":"","nid":"68397","type":"Beitrag"}},{"node":{"title":"Haushaltskrise des Bundes - Risiko und Chance auf L\u00f6sung  f\u00fcr die Bahn","body":"Die Finanzprobleme des Bundes sollen nicht zu lasten der Bahn gel\u00f6st werden.Mit Geld f\u00fcr kleine erfoglsversprechenden Ma\u00dfnahmen kann die Bahn wieder","series_nid":"","series_start":"","series_end":"","nid":"68760","type":"Beitrag"}},{"node":{"title":"Historisches Tagesinfo 30.11.2023","body":"","series_nid":"","series_start":"","series_end":"","nid":"68736","type":"Beitrag"}},{"node":{"title":"Tagesinfo von Mittwoch, 3.Dezember 2003","body":"\n\n\n\n\n\n\nMi\n03.12.03\nZIP-FM","series_nid":"","series_start":"","series_end":"","nid":"68729","type":"Beitrag"}},{"node":{"title":"Arbeitsweltradio 30.11.2023","body":"","series_nid":"","series_start":"","series_end":"","nid":"68738","type":"Beitrag"}},{"node":{"title":"Knapp  2.900 Ukraine Fl\u00fcchlinge aktuell in Freiburg","body":"Am Rande der Bau-Ausschu\u00df Sitzung am 29.11.2023 gab im Rahmen der Debatte um die Verl\u00e4ngerung der Nutzung der Fl\u00fcchtlingsunterbringung an der Merzhauserstr. auf dem Gel\u00e4nde der Sti","series_nid":"","series_start":"","series_end":"","nid":"68739","type":"Beitrag"}},{"node":{"title":"Wie kann der Freiburger Ausl\u00e4nderbeh\u00f6rde geholfen werden?","body":"Darum ging es in einer Diskussion nach einem ebenso lebhaften wie anschaulichen Referat von Souad Lamroubal.","series_nid":"","series_start":"","series_end":"","nid":"68745","type":"Beitrag"}},{"node":{"title":"Our voice \u2013 Die Stimme der Unsichtbaren 30.11.2023","body":"","series_nid":"","series_start":"","series_end":"","nid":"68741","type":"Beitrag"}},{"node":{"title":"Raices Nomades (spanisch) 30.11.2023","body":"","series_nid":"","series_start":"","series_end":"","nid":"68743","type":"Beitrag"}},{"node":{"title":"Eine Beh\u00f6rde inmitten des Dschungels des deutschen Ausl\u00e4nderrechts","body":"W\u00e4hrend sich alle um die Probleme der Kommunen zu sorgen scheinen wird \u00f6ffentlich kaum thematisiert, dass die Ausl\u00e4nderbeh\u00f6rden in Deutschland v\u00f6llig \u00fcberlastet sind.","series_nid":"","series_start":"","series_end":"","nid":"68746","type":"Beitrag"}},{"node":{"title":"Quergelesen November - Dienstleister des transnationalen Antisemitismus","body":"- Dienstleister des transnationalen Antisemitismus. Die Hamas ist eine Terrororganisation, die den Gaza-Streifen weniger regiert denn als Ressource f\u00fcr ihre permanente Kriegsf\u00fchrung verwendet.","series_nid":"","series_start":"","series_end":"","nid":"68722","type":"Beitrag"}},{"node":{"title":"Marian Kleebaum","body":"Marian Kleebaum ist ein \u201epiano based\u201c Singer-Songwriter aus dem Rhein-Main-Gebiet.","series_nid":"","series_start":"","series_end":"","nid":"68749","type":"Beitrag"}},{"node":{"title":"Fokus S\u00fcdwest 30.11.2023","body":"# \u00a0Anmerkungen zum medialen Wirrwarr um einen OLG Beschluss zu den\u00a0rechtswidrigen Hausdurchsuchungen und Beschlagnahmen bei RDL am 17.1.2023","series_nid":"","series_start":"","series_end":"","nid":"68751","type":"Beitrag"}},{"node":{"title":"Focus International 30.11.2023","body":"","series_nid":"","series_start":"","series_end":"","nid":"68753","type":"Beitrag"}},{"node":{"title":"Zehn Jahre Maidan-Revolution: Das Leben unter dem eisernen Tannenbaum","body":"Vor 10 Jahren wollten viele Menschen in der Ukraine keine Ann\u00e4herung an das immer unheimlicher werdende russische Model.\u00a0Schon damals hatten sie wenig Illusionen \u00fcber die EU, wollten aber dennoch b","series_nid":"","series_start":"","series_end":"","nid":"68822","type":"Beitrag"}},{"node":{"title":"Schwule Welle - Das Magazin vom 30. November 2023","body":"Das\u00a0MAGAZIN\u00a0ist eine bunte Sendung mit einer Mischung spannender und informativer Themen, wir laden uns interessante G\u00e4ste ein und spielen auch viel Musik.","series_nid":"","series_start":"","series_end":"","nid":"68742","type":"Beitrag"}},{"node":{"title":"Black Channel 30.11.2023","body":"","series_nid":"","series_start":"","series_end":"","nid":"68754","type":"Beitrag"}},{"node":{"title":"Laut und Deutlich 30.11.2023","body":"","series_nid":"","series_start":"","series_end":"","nid":"68755","type":"Beitrag"}},{"node":{"title":"Bluesclubradio 30.11.2023","body":"","series_nid":"","series_start":"","series_end":"","nid":"68757","type":"Beitrag"}},{"node":{"title":"Wenn tote Fische im mainstream flussabw\u00e4rts  m\u00e4andern \u2013 Wie JUPI sich selbst zu einem Kratzfu\u00df-Anh\u00e4ngsel der Stadtoberen degeneriert","body":"Auch nach dem Abgang von Simon Sumbert an die Fraktionsspitze der Gr\u00fcnen, fehlt es der Fraktionsgemeinschaft JUPI an jedem politischen Gestaltungswillen ausser ein paar hingeschmissenen Brosamen wi","series_nid":"","series_start":"","series_end":"","nid":"68744","type":"Beitrag"}}]}