{"nodes":[{"node":{"title":"Democracy Now (US-Magazin)","body":"Aktueller Hinweis (17.10.2023) von der RDL Betriebsgruppe","series_nid":"2,648","series_start":"2023-12-06T07:00:00+01:00","series_end":"2023-12-06T08:00:00+01:00","nid":"17238","type":"Sendereihe"}},{"node":{"title":"Morgenradio","body":"Das Morgenradio unterh\u00e4lt und informiert \u00fcber politische, gesellschaftliche kulturelle Themen aus Freiburg und dem Umland, aus Europa und weltweit. Jeden Morgen, Montag bis Freitag von 8-10.","series_nid":"1,171","series_start":"2023-12-06T08:00:00+01:00","series_end":"2023-12-06T10:00:00+01:00","nid":"44809","type":"Sendereihe"}},{"node":{"title":"Focus Kultur (Wdh.)","body":"","series_nid":"485","series_start":"2023-12-06T10:00:00+01:00","series_end":"2023-12-06T11:00:00+01:00","nid":"21863","type":"Sendereihen-Wiederholung"}},{"node":{"title":"radio%attac (Wdh.)","body":"","series_nid":"398","series_start":"2023-12-06T11:00:00+01:00","series_end":"2023-12-06T12:00:00+01:00","nid":"17759","type":"Sendereihen-Wiederholung"}},{"node":{"title":"punkt12","body":"Mittagsmagazin mit Veranstaltungshinweisen f\u00fcr das Dreyeckland. Sendezeit: Montag bis Freitag von 12 bis 13 Uhr Fokussiert auf unser Sendegebiet h\u00f6rt ihr mittags zwischen 12:00 und 13:00 Uhr aktuelle Interviews und Portraits, Beitr\u00e4ge, Nachrichten und Rezensionen sowie Veranstaltungs- und Programmhinweise aus und f\u00fcr die subkulturellen Szenen des Dreyecklandes.","series_nid":"2,527","series_start":"2023-12-06T12:00:00+01:00","series_end":"2023-12-06T13:00:00+01:00","nid":"588","type":"Sendereihe"}},{"node":{"title":"La Radio (Wdh.)","body":"","series_nid":"526","series_start":"2023-12-06T13:00:00+01:00","series_end":"2023-12-06T15:00:00+01:00","nid":"17170","type":"Sendereihen-Wiederholung"}},{"node":{"title":"Interkontinentale Musik","body":"Sendezeit: Jeden Mittwoch um 15 Uhr\nSchwerpunkt: Musik aus Asien","series_nid":"528","series_start":"2023-12-06T15:00:00+01:00","series_end":"2023-12-06T16:00:00+01:00","nid":"17164","type":"Sendereihe"}},{"node":{"title":"Our voice \u2013 Die Stimme der Unsichtbaren","body":"\nDeutsch\n\nSendezeit: Jeden Mittwoch um 16 Uhr und nun auch am Donnerstag in der Wiederholung ab 14 Uhr","series_nid":"330","series_start":"2023-12-06T16:00:00+01:00","series_end":"2023-12-06T17:00:00+01:00","nid":"36152","type":"Sendereihe"}},{"node":{"title":"Musikmagazin","body":"Montag bis Freitag immer um 17 Uhr aktuelles Konzertgeschehen, Interviews und Neuheiten. Dazu genre-\u00fcbergreifend Musik.","series_nid":"2,671","series_start":"2023-12-06T17:00:00+01:00","series_end":"2023-12-06T18:00:00+01:00","nid":"766","type":"Sendereihe"}},{"node":{"title":"Infomagazin","body":"Eine Auswahl aktueller Beitr\u00e4ge zu politischen und gesellschaftlichen Themen aus Freiburg und der Welt. Montags, mittwochs und freitags um 18 Uhr.","series_nid":"1,341","series_start":"2023-12-06T18:00:00+01:00","series_end":"2023-12-06T19:00:00+01:00","nid":"21867","type":"Sendereihe"}},{"node":{"title":"Arbeitsunrecht FM","body":"Sendung der Aktion gegen Arbeitsunrecht. Jeden 1. und 3. Mittwoch im Monat um 19 Uhr und in der Wiederholung am Donnerstag um 11 Uhr.","series_nid":"44","series_start":"2023-12-06T19:00:00+01:00","series_end":"2023-12-06T20:00:00+01:00","nid":"60485","type":"Sendereihe"}},{"node":{"title":"35 Millimeter","body":"Jeden 1. Mittwoch um 20 Uhr- 21 Uhr. (Wdh. Donnerstag 13 Uhr)","series_nid":"123","series_start":"2023-12-06T20:00:00+01:00","series_end":"2023-12-06T21:00:00+01:00","nid":"771","type":"Sendereihe"}},{"node":{"title":"Incubus Succubus (extended)","body":"Jeden Mittwoch um 22 Uhr\nNeu ab November 2015: Alle 2 Wochen eine halbe Stunde l\u00e4nger bis 23:30 Uhr!","series_nid":"211","series_start":"2023-12-06T22:00:00+01:00","series_end":"2023-12-06T23:30:00+01:00","nid":"27711","type":"Sendereihe"}},{"node":{"title":"\u00bbWir fordern, dass die internationalen Vertr\u00e4ge respektiert werden\u00ab","body":"Ariana Kana hat die Auswirkungen des Bergbaus in der Provinz Espinosa am eigenen Leib erlebt und sich zur Wehr gesetzt.","series_nid":"","series_start":"","series_end":"","nid":"68806","type":"Beitrag"}},{"node":{"title":"\"Die Behindertenkultur wurde hier sich angeeignet f\u00fcr den eigenen Vorteil !\"","body":"Cripping up bedeutet, dass Schauspieler*innen ohne Behinderung Rollen mit Behinderung spielen.","series_nid":"","series_start":"","series_end":"","nid":"68813","type":"Beitrag"}},{"node":{"title":"Focus Kultur 05.12.2023","body":"","series_nid":"","series_start":"","series_end":"","nid":"68808","type":"Beitrag"}},{"node":{"title":"Rundgang zu Femiziden in der Freiburger Innenstadt","body":"Im Rahmen der weltweiten Kampagne: \"16 Tage gegen Gewalt an Frauen\" lud das Freiburger Aktionsb\u00fcndnis am vergangenen Freitag zu einem Stadtrundgang ein, bei dem Orte in der Freiburger Innenstadt be","series_nid":"","series_start":"","series_end":"","nid":"68794","type":"Beitrag"}},{"node":{"title":"Ohranw\u00e4rmer ArbeitsUNrecht FM","body":"F\u00fcr aktive Betriebsr\u00e4te und renitente Besch\u00e4ftigte wird hier Radio gemacht.In der Sendung am Mittwoch und Donnerstag gehts um Wirtschaftsm\u00e4rchen,\u00a0","series_nid":"","series_start":"","series_end":"","nid":"68815","type":"Beitrag"}},{"node":{"title":"Rechtes, populistisches Geschrei zu Freiburg Finanzen zum 3.Mal  gescheitert","body":"Mensch k\u00f6nnte auch sagen, das \u00fcbliche Gekreische aus \u00fcberkommenen Salomons Zeiten in die Periode Horn verl\u00e4ngert, bei den beiden DHH 19/20 und 21/22 WIE zum DHH 23/24 \u00fcber den sadomasoschistisch be","series_nid":"","series_start":"","series_end":"","nid":"68811","type":"Beitrag"}},{"node":{"title":"Warum es in manchen F\u00e4llen wichtig ist Gerichten in die Akten zu gucken ","body":"\n\n\n\n","series_nid":"","series_start":"","series_end":"","nid":"68814","type":"Beitrag"}},{"node":{"title":"Our voice \u2013 Die Stimme der Unsichtbaren 07.12.2023","body":"","series_nid":"","series_start":"","series_end":"","nid":"68825","type":"Beitrag"}},{"node":{"title":"\"Massiver Eingriff in die Pressefreiheit ist skandal\u00f6s\"","body":"Im Januar dieses Jahres stand bei Radio Dreyeckeland und bei zwei seiner Mitarbeiter pl\u00f6tzlich die Polizei vor der T\u00fcr.","series_nid":"","series_start":"","series_end":"","nid":"68763","type":"Beitrag"}},{"node":{"title":"Ein St\u00fcck unzensierter Geschichte des Antiziganismus","body":"Julia Wolrab, wissenschaftliche Leitung des gerade entstehenden NS-Dokuzentrums Freiburg im Interview \u00fcber die sog.","series_nid":"","series_start":"","series_end":"","nid":"68797","type":"Beitrag"}},{"node":{"title":"Rechtes, populistisches Geschrei zu Freiburg Finanzen zum 3.Mal  gescheitert","body":"Mensch k\u00f6nnte auch sagen, das \u00fcbliche Gekreische aus \u00fcberkommenen Salomons Zeiten in die Periode Horn verl\u00e4ngert, bei den beiden DHH 19/20 und 21/22 WIE zum DHH 23/24 \u00fcber den sadomasoschistisch be","series_nid":"","series_start":"","series_end":"","nid":"68811","type":"Beitrag"}},{"node":{"title":"\"Die Behindertenkultur wurde hier sich angeeignet f\u00fcr den eigenen Vorteil !\"","body":"Cripping up bedeutet, dass Schauspieler*innen ohne Behinderung Rollen mit Behinderung spielen.","series_nid":"","series_start":"","series_end":"","nid":"68813","type":"Beitrag"}},{"node":{"title":"Infomagazin 06.12.2023","body":"","series_nid":"","series_start":"","series_end":"","nid":"68816","type":"Beitrag"}},{"node":{"title":"35 Millimeter 07.12.2023","body":"","series_nid":"","series_start":"","series_end":"","nid":"68824","type":"Beitrag"}},{"node":{"title":"The Quiet Girl","body":"Der irische Film \"The Quiet Girl\" von Colm Bair\u00e9ad nach einer Kurzgeschichte von Claire Keegan demonstriert: Filme mit Kindern im Mittelpunkt k\u00f6nnen, d\u00fcrfen, ja sollen auch von Erwachsenen gesehen wer","series_nid":"","series_start":"","series_end":"","nid":"69019","type":"Beitrag"}}]}