{"nodes":[{"node":{"title":"Democracy Now (US-Magazin)","body":"Aktueller Hinweis (17.10.2023) von der RDL Betriebsgruppe","series_nid":"2,649","series_start":"2023-12-07T07:00:00+01:00","series_end":"2023-12-07T08:00:00+01:00","nid":"17238","type":"Sendereihe"}},{"node":{"title":"Morgenradio","body":"Das Morgenradio unterh\u00e4lt und informiert \u00fcber politische, gesellschaftliche kulturelle Themen aus Freiburg und dem Umland, aus Europa und weltweit. Jeden Morgen, Montag bis Freitag von 8-10.","series_nid":"1,172","series_start":"2023-12-07T08:00:00+01:00","series_end":"2023-12-07T10:00:00+01:00","nid":"44809","type":"Sendereihe"}},{"node":{"title":"Historisches Tagesinfo","body":"Das Tagesinfo war bei Radio Dreyeckland \u00fcber Jahrzehnte bis in die sp\u00e4ten 90er Jahre regelm\u00e4\u00dfig um 18 Uhr zu h\u00f6ren.","series_nid":"1,882","series_start":"2023-12-07T10:00:00+01:00","series_end":"2023-12-07T11:00:00+01:00","nid":"21096","type":"Sendereihe"}},{"node":{"title":"Arbeitsunrecht FM (Wdh.)","body":"","series_nid":"44","series_start":"2023-12-07T11:00:00+01:00","series_end":"2023-12-07T12:00:00+01:00","nid":"60486","type":"Sendereihen-Wiederholung"}},{"node":{"title":"punkt12","body":"Mittagsmagazin mit Veranstaltungshinweisen f\u00fcr das Dreyeckland. Sendezeit: Montag bis Freitag von 12 bis 13 Uhr Fokussiert auf unser Sendegebiet h\u00f6rt ihr mittags zwischen 12:00 und 13:00 Uhr aktuelle Interviews und Portraits, Beitr\u00e4ge, Nachrichten und Rezensionen sowie Veranstaltungs- und Programmhinweise aus und f\u00fcr die subkulturellen Szenen des Dreyecklandes.","series_nid":"2,528","series_start":"2023-12-07T12:00:00+01:00","series_end":"2023-12-07T13:00:00+01:00","nid":"588","type":"Sendereihe"}},{"node":{"title":"35 Millimeter (Wdh.)","body":"","series_nid":"123","series_start":"2023-12-07T13:00:00+01:00","series_end":"2023-12-07T13:00:00+01:00","nid":"15139","type":"Sendereihen-Wiederholung"}},{"node":{"title":"Our voice \u2013 Die Stimme der Unsichtbaren (Wdh.)","body":"","series_nid":"27","series_start":"2023-12-07T14:00:00+01:00","series_end":"2023-12-07T15:00:00+01:00","nid":"66426","type":"Sendereihen-Wiederholung"}},{"node":{"title":"Raices Nomades Wdhg. (spanisch)","body":"","series_nid":"5","series_start":"2023-12-07T15:00:00+01:00","series_end":"2023-12-07T16:00:00+01:00","nid":"68400","type":"Sendereihen-Wiederholung"}},{"node":{"title":"Musikmagazin","body":"Montag bis Freitag immer um 17 Uhr aktuelles Konzertgeschehen, Interviews und Neuheiten. Dazu genre-\u00fcbergreifend Musik.","series_nid":"2,672","series_start":"2023-12-07T17:00:00+01:00","series_end":"2023-12-07T18:00:00+01:00","nid":"766","type":"Sendereihe"}},{"node":{"title":"Fokus S\u00fcdwest","body":"Landespolitik Baden-W\u00fcrttemberg","series_nid":"449","series_start":"2023-12-07T18:00:00+01:00","series_end":"2023-12-07T18:30:00+01:00","nid":"769","type":"Sendereihe"}},{"node":{"title":"Onda-Info","body":"Sendezeit: Alle 2 Wochen am Donnerstag von 18.30 - 19 Uhr (im Wechsel mit focus international). ","series_nid":"229","series_start":"2023-12-07T18:30:00+01:00","series_end":"2023-12-07T19:00:00+01:00","nid":"772","type":"Sendereihe"}},{"node":{"title":"Radio Ech (deutsch)","body":"Das ist die halbst\u00fcndige deutsche Ausgabe der russischen Redaktion.","series_nid":"214","series_start":"2023-12-07T19:00:00+01:00","series_end":"2023-12-07T19:30:00+01:00","nid":"57548","type":"Sendereihe"}},{"node":{"title":"Schwule Welle","body":"Die Schwule Welle ist seit dem Radio Fr\u00fchling 1985 on Air\n19.30 - 21.00 Uhr: Schwule Welle\n\"Donnerstags habe ich nichts an... nur das Radio auf 102,3!\"","series_nid":"531","series_start":"2023-12-07T19:30:00+01:00","series_end":"2023-12-07T21:00:00+01:00","nid":"17177","type":"Sendereihe"}},{"node":{"title":"la vie avant tout","body":"Alle 2 Wochen am Donnerstag um 21 Uhr. 'La vie avant tout' - eine Sendung, die sich einer Musik verschrieben hat, die ber\u00fchrt, begeistert, bewegt - mal t\u00e4nzerisch, mal tr\u00e4umerisch.","series_nid":"220","series_start":"2023-12-07T21:00:00+01:00","series_end":"2023-12-07T22:00:00+01:00","nid":"26237","type":"Sendereihe"}},{"node":{"title":"musiVersity","body":"The Musical Diversity of Europe - Die musikalische und sprachliche Vielfalt Europas","series_nid":"206","series_start":"2023-12-07T22:00:00+01:00","series_end":"2023-12-07T23:00:00+01:00","nid":"28243","type":"Sendereihe"}},{"node":{"title":"Bluesclubradio","body":"Jeden Donnerstag 23:30-0:30 Uhr\nModeration: ArneHomepage: www.bluesclubradio.de","series_nid":"375","series_start":"2023-12-07T23:30:00+01:00","series_end":"2023-12-08T00:30:00+01:00","nid":"32270","type":"Sendereihe"}},{"node":{"title":"Ohranw\u00e4rmer ArbeitsUNrecht FM","body":"F\u00fcr aktive Betriebsr\u00e4te und renitente Besch\u00e4ftigte wird hier Radio gemacht.In der Sendung am Mittwoch und Donnerstag gehts um Wirtschaftsm\u00e4rchen,\u00a0","series_nid":"","series_start":"","series_end":"","nid":"68815","type":"Beitrag"}},{"node":{"title":"Rechtes, populistisches Geschrei zu Freiburg Finanzen zum 3.Mal  gescheitert","body":"Mensch k\u00f6nnte auch sagen, das \u00fcbliche Gekreische aus \u00fcberkommenen Salomons Zeiten in die Periode Horn verl\u00e4ngert, bei den beiden DHH 19/20 und 21/22 WIE zum DHH 23/24 \u00fcber den sadomasoschistisch be","series_nid":"","series_start":"","series_end":"","nid":"68811","type":"Beitrag"}},{"node":{"title":"Tagesinfo vom 10.Dezember 2003","body":"\n\n\n\n\n\n\nMI\n10.12.03\nTI","series_nid":"","series_start":"","series_end":"","nid":"68819","type":"Beitrag"}},{"node":{"title":"\"Gegen den Geist des Sozialismus\"","body":"\"'Gegen den Geist des Sozialismus'.","series_nid":"","series_start":"","series_end":"","nid":"68827","type":"Beitrag"}},{"node":{"title":"Gesch\u00e4ft mit CO2-Zertifikaten wahrscheinliche Ursache f\u00fcr Vertreibung der Ogiek","body":"Die kleine Ethnie der Ogiek in Kenia ist nicht das erste Mal das Opfer von Vertreibung, doch diesmal scheinen die \u00dcbergriffe gegen die Ogiek einen Grund zu haben, den es bisher nicht gab, den Hande","series_nid":"","series_start":"","series_end":"","nid":"68829","type":"Beitrag"}},{"node":{"title":"Polizei attackierte 16-j\u00e4hrigen fast gleichzeitig mit Taser und Maschinenpistole","body":"Am 22. September 2023 t\u00f6tete ein Polizist in Dortmund den jungen Senegalesen Mouhamed Lamine Dram\u00e9 mit mehreren Sch\u00fcssen aus einer Maschinenpistole.","series_nid":"","series_start":"","series_end":"","nid":"68831","type":"Beitrag"}},{"node":{"title":"Der seltsame Mittelweg des Westens bei der Unterst\u00fctzung der Ukraine","body":"Scheibchen f\u00fcr Scheibchen hat der Westen die Ukraine unterst\u00fctzt und so Putin geradezu eine Einladung geschickt, den Krieg in die L\u00e4nge zu ziehen, anstatt aufzugeben.","series_nid":"","series_start":"","series_end":"","nid":"68832","type":"Beitrag"}},{"node":{"title":"35 Millimeter 07.12.2023","body":"","series_nid":"","series_start":"","series_end":"","nid":"68824","type":"Beitrag"}},{"node":{"title":"Our voice \u2013 Die Stimme der Unsichtbaren 07.12.2023","body":"","series_nid":"","series_start":"","series_end":"","nid":"68825","type":"Beitrag"}},{"node":{"title":"Raices Nomades (spanisch) 07.12.2023","body":"","series_nid":"","series_start":"","series_end":"","nid":"68826","type":"Beitrag"}},{"node":{"title":"Kopfstoss FM No.70: Gespr\u00e4ch mit Felix Tamsut ","body":"Welche Folgen hat der terroristische Angriff der Hamas auf Israel vom 7.10.2023? Und was spielt es f\u00fcr eine Rolle, wie Fu\u00dfballfans in Europa darauf reagieren?","series_nid":"","series_start":"","series_end":"","nid":"68821","type":"Beitrag"}},{"node":{"title":"Euroteuro","body":"Eva im Gespr\u00e4ch mit S\u00e4nger Peter.\nN\u00e4chstes Jahr im Fr\u00fchling live im Slow Club.","series_nid":"","series_start":"","series_end":"","nid":"68830","type":"Beitrag"}},{"node":{"title":"Fokus S\u00fcdwest 07.12.2023","body":"# Schweiz: Aktuelle Widerst\u00e4nde gegen Autobahnprojekte\u00a0von Radio LoRa Z\u00fcrich\n# \"so na\" Nachrichtvon Bermudafunk Mannheim","series_nid":"","series_start":"","series_end":"","nid":"68834","type":"Beitrag"}},{"node":{"title":"Onda-Info 07.12.2023","body":"","series_nid":"","series_start":"","series_end":"","nid":"68835","type":"Beitrag"}},{"node":{"title":"GayMusic - Schlager, Schnulzen und Schampagna die Zweite","body":"Eine musikalische Spezialsendung - prickelnd und zum Mitsingen.","series_nid":"","series_start":"","series_end":"","nid":"68836","type":"Beitrag"}},{"node":{"title":"danse.avant.tout - Grether Hoffest Part II","body":"Damit unsere t\u00e4nzerischen Herzen von sommerlichen Freilufterinnerungen erw\u00e4rmt werden, gibt es nun f\u00fcr euch noch den zweiten Teil des danse.avant.tout DJ-Sets vom Grether Hoffest 2023.","series_nid":"","series_start":"","series_end":"","nid":"68838","type":"Beitrag"}},{"node":{"title":"musiVersity 07.12.2023","body":"","series_nid":"","series_start":"","series_end":"","nid":"68839","type":"Beitrag"}},{"node":{"title":"Bluesclubradio 07.12.2023","body":"Sondersendung \u201e100 Jahre Radio\u201c\nTracklist:\n01 Jonas Birthelmer \u2013 Radio\n02 Loverman \u2013 Ballad Of The Songbirds\n03 John Mayall & The Bluesbreakers \u2013 Short Wave Radio","series_nid":"","series_start":"","series_end":"","nid":"68840","type":"Beitrag"}}]}