{"nodes":[{"node":{"title":"Bluesclubradio","body":"Jeden Donnerstag 23:30-0:30 Uhr\nModeration: ArneHomepage: www.bluesclubradio.de","series_nid":"375","series_start":"2023-12-07T23:30:00+01:00","series_end":"2023-12-08T00:30:00+01:00","nid":"32270","type":"Sendereihe"}},{"node":{"title":"Democracy Now (US-Magazin)","body":"Aktueller Hinweis (17.10.2023) von der RDL Betriebsgruppe","series_nid":"2,650","series_start":"2023-12-08T07:00:00+01:00","series_end":"2023-12-08T08:00:00+01:00","nid":"17238","type":"Sendereihe"}},{"node":{"title":"Morgenradio","body":"Das Morgenradio unterh\u00e4lt und informiert \u00fcber politische, gesellschaftliche kulturelle Themen aus Freiburg und dem Umland, aus Europa und weltweit. Jeden Morgen, Montag bis Freitag von 8-10.","series_nid":"1,173","series_start":"2023-12-08T08:00:00+01:00","series_end":"2023-12-08T10:00:00+01:00","nid":"44809","type":"Sendereihe"}},{"node":{"title":"Historisches Tagesinfo","body":"Das Tagesinfo war bei Radio Dreyeckland \u00fcber Jahrzehnte bis in die sp\u00e4ten 90er Jahre regelm\u00e4\u00dfig um 18 Uhr zu h\u00f6ren.","series_nid":"1,883","series_start":"2023-12-08T10:00:00+01:00","series_end":"2023-12-08T11:00:00+01:00","nid":"21096","type":"Sendereihe"}},{"node":{"title":"Das lesew\u00fctige Kaffeekr\u00e4nzchen (Wdh.)","body":"","series_nid":"122","series_start":"2023-12-08T11:00:00+01:00","series_end":"2023-12-08T12:00:00+01:00","nid":"17753","type":"Sendereihen-Wiederholung"}},{"node":{"title":"punkt12","body":"Mittagsmagazin mit Veranstaltungshinweisen f\u00fcr das Dreyeckland. Sendezeit: Montag bis Freitag von 12 bis 13 Uhr Fokussiert auf unser Sendegebiet h\u00f6rt ihr mittags zwischen 12:00 und 13:00 Uhr aktuelle Interviews und Portraits, Beitr\u00e4ge, Nachrichten und Rezensionen sowie Veranstaltungs- und Programmhinweise aus und f\u00fcr die subkulturellen Szenen des Dreyecklandes.","series_nid":"2,529","series_start":"2023-12-08T12:00:00+01:00","series_end":"2023-12-08T13:00:00+01:00","nid":"588","type":"Sendereihe"}},{"node":{"title":"Radio Ech (deutsch) (Wdh.)","body":"","series_nid":"244","series_start":"2023-12-08T13:00:00+01:00","series_end":"2023-12-08T13:30:00+01:00","nid":"17233","type":"Sendereihen-Wiederholung"}},{"node":{"title":"Schwule Welle (Wdh.)","body":"","series_nid":"528","series_start":"2023-12-08T13:30:00+01:00","series_end":"2023-12-08T15:00:00+01:00","nid":"17178","type":"Sendereihen-Wiederholung"}},{"node":{"title":"Zweite Heimat","body":"Sendezeit: jeden Freitag von 15 - 16 Uhr\nDJ: Christian Rath","series_nid":"530","series_start":"2023-12-08T15:00:00+01:00","series_end":"2023-12-08T16:00:00+01:00","nid":"17163","type":"Sendereihe"}},{"node":{"title":"Musikmagazin","body":"Montag bis Freitag immer um 17 Uhr aktuelles Konzertgeschehen, Interviews und Neuheiten. Dazu genre-\u00fcbergreifend Musik.","series_nid":"2,673","series_start":"2023-12-08T17:00:00+01:00","series_end":"2023-12-08T18:00:00+01:00","nid":"766","type":"Sendereihe"}},{"node":{"title":"Infomagazin","body":"Eine Auswahl aktueller Beitr\u00e4ge zu politischen und gesellschaftlichen Themen aus Freiburg und der Welt. Montags, mittwochs und freitags um 18 Uhr.","series_nid":"1,342","series_start":"2023-12-08T18:00:00+01:00","series_end":"2023-12-08T19:00:00+01:00","nid":"21867","type":"Sendereihe"}},{"node":{"title":"O-Ton Playback","body":"Sendezeit: Jeden Freitag im Monat um 19 Uhr (Wiederholung: Dienstag um 14 Uhr)","series_nid":"523","series_start":"2023-12-08T19:00:00+01:00","series_end":"2023-12-08T20:00:00+01:00","nid":"17182","type":"Sendereihe"}},{"node":{"title":"Frequency Sessions","body":"Deine monatliche Dosis Bassmusik!\nFrische Tracks, exklusive Mixe und tiefste Frequenzen. Von Drum & Bass \u00fcber Halftime bis zu Breaks \u2013 alles, was den Bass beben l\u00e4sst.","series_nid":"9","series_start":"2023-12-08T20:00:00+01:00","series_end":"2023-12-08T22:00:00+01:00","nid":"65712","type":"Sendereihe"}},{"node":{"title":"needsome","body":"... is a radioshow on radio dreyeckland broadcasting from freiburg/ germany\nvinyl mixes & selections around the corners of disco / house / techno / other music","series_nid":"124","series_start":"2023-12-08T22:00:00+01:00","series_end":"2023-12-09T00:30:00+01:00","nid":"21397","type":"Sendereihe"}},{"node":{"title":"Tagesinfo von Donnerstag, 11.Dezember 2003","body":"\n\n\n\n\n\n\nDo\n11.12.03\nZIP-Fm","series_nid":"","series_start":"","series_end":"","nid":"68841","type":"Beitrag"}},{"node":{"title":"Das Lesew\u00fctige Kaffeekr\u00e4nzchen - Armut in einem reichen Land","body":"Zwei Romane und eine Graphic novel\u00a0 werfen Licht auf Armutsverh\u00e4ltnisse, die man so in Europa nicht vermutet h\u00e4tte. Eindrucksvoll zeigen sie, dass materielle Armut pr\u00e4gt und Folgen hat.","series_nid":"","series_start":"","series_end":"","nid":"68486","type":"Beitrag"}},{"node":{"title":"Ist das Klima noch zu retten? COP28, das Recht auf Klimaflucht und \"Artivismus\" in Zeiten der Krise","body":"Dubai ist momentan das Zentrum der Welt: Rund 90.000 Menschen sind in die Stadt in den Vereinten Arabischen Emiraten gereist, um an der UN-Weltklimakonferenz teilzunehmen.","series_nid":"","series_start":"","series_end":"","nid":"68786","type":"Beitrag"}},{"node":{"title":" \u00bbEs gibt kein gr\u00fcnes Klima in Europa ohne Afrika\u00ab","body":"Der Klimawandel und seine Auswirkungen zeigen sich zum Beispiel in der Flucht von Menschen vor \u00dcberschwemmungen - so aktuell auch in Somalia.","series_nid":"","series_start":"","series_end":"","nid":"68801","type":"Beitrag"}},{"node":{"title":"\u00bbDer Klima\u00adgipfel wird uns keinen seis\u00admischen, trans\u00adforma\u00adtiven System\u00adwechsel bescheren\u00ab","body":"\n","series_nid":"","series_start":"","series_end":"","nid":"68802","type":"Beitrag"}},{"node":{"title":"Nach dem Hauptausschu\u00df ist vor dem Gemeinderat am 12.12.23","body":"Quer durch eine technokratische Bildungszentralisierung, Stadionverordnung Bebauungspl\u00e4ne mit investorenfreundlichen Regelungen , einem Koop Vertrag mit dem Sinti-Verein,Redaktionstatut, dem Corpor","series_nid":"","series_start":"","series_end":"","nid":"68844","type":"Beitrag"}},{"node":{"title":"Der Veranstaltungskalender am Wochende","body":"Freitag 8.12.2023 5:41","series_nid":"","series_start":"","series_end":"","nid":"68845","type":"Beitrag"}},{"node":{"title":"\"Das Amt f\u00fcr Migration und Integration bleibt als Ausl\u00e4nderbeh\u00f6rde auch eine Polizeibeh\u00f6rde\"","body":"Bundesweit sind die Ausl\u00e4nderbeh\u00f6rden auch ganz ohne die Abschiebeank\u00fcndigungen der nach rechtsdriftenden, ja galoppierenden Politik und ihrem unverhohlenen Rechtspopulismus in Richtung Abschottung","series_nid":"","series_start":"","series_end":"","nid":"68846","type":"Beitrag"}},{"node":{"title":"Was erwartet die afrikanische Klimagerechtigkeitsbewegung von dem Weltklimagipfel - und was von der Klimafinanzierung?","body":"Die Weltklimakonferenz in Dubai steht unter dem Motto der weltweitenBestandsaufnahme. Ein Streitpunkt: Geld f\u00fcr Klimaschutz und Anpassung.","series_nid":"","series_start":"","series_end":"","nid":"68804","type":"Beitrag"}},{"node":{"title":"Letzte Generation-Aktivistin erh\u00e4lt Verwarnung mit Strafvorbehalt","body":"Am 8.12.2023 erhielt Sina v., Aktivistin bei der Letzten Generation, nach einem zweiteiligen Verhandlungsprozess im Landgericht Freiburg eine Verwarnung mit Strafvorbehalt: 30 Tagess\u00e4tze \u00e0 10 Euro,","series_nid":"","series_start":"","series_end":"","nid":"68977","type":"Beitrag"}},{"node":{"title":"Revolution\u00e4rer Syndikalismus in der Praxis - Die Betriebsarbeit der Freien-Arbeiter-Union Deutschlands (FAU-D)","body":"Mit der Freien Arbeiter-Union Deutschlands (FAU-D) gr\u00fcndete sich im Dezember 1919 die erste anarcho-syndikalistische Gewerkschaft im deutschen Raum.","series_nid":"","series_start":"","series_end":"","nid":"68847","type":"Beitrag"}}]}