{"nodes":[{"node":{"title":"Democracy Now (US-Magazin)","body":"Aktueller Hinweis (17.10.2023) von der RDL Betriebsgruppe","series_nid":"2,829","series_start":"2024-08-15T07:00:00+02:00","series_end":"2024-08-15T08:00:00+02:00","nid":"17238","type":"Sendereihe"}},{"node":{"title":"Morgenradio","body":"Das Morgenradio unterh\u00e4lt und informiert \u00fcber politische, gesellschaftliche kulturelle Themen aus Freiburg und dem Umland, aus Europa und weltweit. Jeden Morgen, Montag bis Freitag von 8-10.","series_nid":"1,352","series_start":"2024-08-15T08:00:00+02:00","series_end":"2024-08-15T10:00:00+02:00","nid":"44809","type":"Sendereihe"}},{"node":{"title":"Historisches Tagesinfo","body":"Das Tagesinfo war bei Radio Dreyeckland \u00fcber Jahrzehnte bis in die sp\u00e4ten 90er Jahre regelm\u00e4\u00dfig um 18 Uhr zu h\u00f6ren.","series_nid":"2,026","series_start":"2024-08-15T10:00:00+02:00","series_end":"2024-08-15T11:00:00+02:00","nid":"21096","type":"Sendereihe"}},{"node":{"title":"Arbeitsunrecht FM (Wdh.)","body":"","series_nid":"61","series_start":"2024-08-15T11:00:00+02:00","series_end":"2024-08-15T12:00:00+02:00","nid":"60486","type":"Sendereihen-Wiederholung"}},{"node":{"title":"punkt12","body":"Mittagsmagazin mit Veranstaltungshinweisen f\u00fcr das Dreyeckland. Sendezeit: Montag bis Freitag von 12 bis 13 Uhr Fokussiert auf unser Sendegebiet h\u00f6rt ihr mittags zwischen 12:00 und 13:00 Uhr aktuelle Interviews und Portraits, Beitr\u00e4ge, Nachrichten und Rezensionen sowie Veranstaltungs- und Programmhinweise aus und f\u00fcr die subkulturellen Szenen des Dreyecklandes.","series_nid":"2,708","series_start":"2024-08-15T12:00:00+02:00","series_end":"2024-08-15T13:00:00+02:00","nid":"588","type":"Sendereihe"}},{"node":{"title":"Feature (Wh)","body":"","series_nid":"151","series_start":"2024-08-15T13:00:00+02:00","series_end":"2024-08-15T14:00:00+02:00","nid":"27192","type":"Sendereihen-Wiederholung"}},{"node":{"title":"Our voice \u2013 Die Stimme der Unsichtbaren (Wdh.)","body":"","series_nid":"63","series_start":"2024-08-15T14:00:00+02:00","series_end":"2024-08-15T15:00:00+02:00","nid":"66426","type":"Sendereihen-Wiederholung"}},{"node":{"title":"Raices Nomades Wdhg. (spanisch)","body":"","series_nid":"41","series_start":"2024-08-15T15:00:00+02:00","series_end":"2024-08-15T16:00:00+02:00","nid":"68400","type":"Sendereihen-Wiederholung"}},{"node":{"title":"Auftakte","body":"Ein bunt gew\u00fcrfeltes Magazin. Die Schnuppersendung bei Radio Dreyeckland f\u00fcr Neu-Einsteiger und Neu-Einsteigerinnen.\u00a0 Einf\u00fchrungsworkshop machen und los gehts.","series_nid":"124","series_start":"2024-08-15T16:00:00+02:00","series_end":"2024-08-15T17:00:00+02:00","nid":"20401","type":"Sendereihe"}},{"node":{"title":"Musikmagazin","body":"Montag bis Freitag immer um 17 Uhr aktuelles Konzertgeschehen, Interviews und Neuheiten. Dazu genre-\u00fcbergreifend Musik.","series_nid":"2,852","series_start":"2024-08-15T17:00:00+02:00","series_end":"2024-08-15T18:00:00+02:00","nid":"766","type":"Sendereihe"}},{"node":{"title":"Fokus S\u00fcdwest","body":"Landespolitik Baden-W\u00fcrttemberg","series_nid":"485","series_start":"2024-08-15T18:00:00+02:00","series_end":"2024-08-15T18:30:00+02:00","nid":"769","type":"Sendereihe"}},{"node":{"title":"Onda-Info","body":"Sendezeit: Alle 2 Wochen am Donnerstag von 18.30 - 19 Uhr (im Wechsel mit focus international). ","series_nid":"247","series_start":"2024-08-15T18:30:00+02:00","series_end":"2024-08-15T19:00:00+02:00","nid":"772","type":"Sendereihe"}},{"node":{"title":"Ech, Oida (deutsch)","body":"Ech, Oida (auf Deutsch)\n\n\n\n\n\n\n\n\n\n\n\nSendezeit: Jeden 3, 4. und 5. Donnerstag des Monats 19-19:30 Uhr, \u00a0Wiederholung am Freitag 13 Uhr)","series_nid":"275","series_start":"2024-08-15T19:00:00+02:00","series_end":"2024-08-15T19:30:00+02:00","nid":"23347","type":"Sendereihe"}},{"node":{"title":"Schwule Welle","body":"Die Schwule Welle ist seit dem Radio Fr\u00fchling 1985 on Air\n19.30 - 21.00 Uhr: Schwule Welle\n\"Donnerstags habe ich nichts an... nur das Radio auf 102,3!\"","series_nid":"567","series_start":"2024-08-15T19:30:00+02:00","series_end":"2024-08-15T21:00:00+02:00","nid":"17177","type":"Sendereihe"}},{"node":{"title":"la vie avant tout","body":"Alle 2 Wochen am Donnerstag um 21 Uhr. 'La vie avant tout' - eine Sendung, die sich einer Musik verschrieben hat, die ber\u00fchrt, begeistert, bewegt - mal t\u00e4nzerisch, mal tr\u00e4umerisch.","series_nid":"238","series_start":"2024-08-15T21:00:00+02:00","series_end":"2024-08-15T22:00:00+02:00","nid":"26237","type":"Sendereihe"}},{"node":{"title":"musiVersity","body":"The Musical Diversity of Europe - Die musikalische und sprachliche Vielfalt Europas","series_nid":"224","series_start":"2024-08-15T22:00:00+02:00","series_end":"2024-08-15T23:00:00+02:00","nid":"28243","type":"Sendereihe"}},{"node":{"title":"Bluesclubradio","body":"Jeden Donnerstag 23:30-0:30 Uhr\nModeration: ArneHomepage: www.bluesclubradio.de","series_nid":"411","series_start":"2024-08-15T23:30:00+02:00","series_end":"2024-08-16T00:30:00+02:00","nid":"32270","type":"Sendereihe"}},{"node":{"title":"Tagesinfo von Dienstag, 17. Augaust 2004","body":"\n\n\n\n\n\nDi\n17.08.04\nTI-Spezial","series_nid":"","series_start":"","series_end":"","nid":"71796","type":"Beitrag"}},{"node":{"title":"Sich mit dem \"Gegenrechtsschutz\" gegen autorit\u00e4res Regierungshandeln zur Wehr setzen","body":"Die Gesellschaft f\u00fcr Freiheitsrechte, der Verfassungsblog und Frag den Staat haben mit dem Gegenrechtsschutz ein Projekt gegr\u00fcndet, das die Gegenwehr gegen autorit\u00e4res Regierungshandeln st\u00e4rken m\u00f6c","series_nid":"","series_start":"","series_end":"","nid":"71875","type":"Beitrag"}},{"node":{"title":"Gro\u00dfes Festival in Berlin: Musik, Diskussionen, Film","body":"Radio Dreyeckland berichtete schon im Fr\u00fchjahr \u00fcber den 100.","series_nid":"","series_start":"","series_end":"","nid":"71865","type":"Beitrag"}},{"node":{"title":"Ambossquietschen 15.08.2024","body":"","series_nid":"","series_start":"","series_end":"","nid":"71874","type":"Beitrag"}},{"node":{"title":"Our voice \u2013 Die Stimme der Unsichtbaren 15.08.2024","body":"","series_nid":"","series_start":"","series_end":"","nid":"71876","type":"Beitrag"}},{"node":{"title":"Raices Nomades (spanisch) 10.08.2024","body":"","series_nid":"","series_start":"","series_end":"","nid":"71834","type":"Beitrag"}},{"node":{"title":"Auftakte zu Thema Entschuldigungen","body":"Bei den Augustauftakten vom 15. August 2024 erwartet eine Sendung zum Thema Entschuldigungen.","series_nid":"","series_start":"","series_end":"","nid":"71880","type":"Beitrag"}},{"node":{"title":"Musikmagazin 15.08.2024","body":"","series_nid":"","series_start":"","series_end":"","nid":"71881","type":"Beitrag"}},{"node":{"title":"Sicherheit f\u00fcr wen?!","body":"Im August pausieren die Magazine um 18 Uhr (mit Ausnahme von Focus Kultur). Statt dessen senden wir ausgew\u00e4hlte Sendungsreihen: vom 14. - 26.","series_nid":"","series_start":"","series_end":"","nid":"71810","type":"Beitrag"}},{"node":{"title":"GayMusic - Schlager-Spezial ","body":"Heute wird gayschlagert.","series_nid":"","series_start":"","series_end":"","nid":"71883","type":"Beitrag"}},{"node":{"title":"r\u00eave.avant.tout auf Klangreise mit Hania Rani","body":"Die aktuelle Ausgabe von la.vie.avant.tout widmet sich mit Hania Rani wieder tr\u00e4umerischen Kl\u00e4ngen.","series_nid":"","series_start":"","series_end":"","nid":"71884","type":"Beitrag"}},{"node":{"title":"musiVersity 15.08.2024","body":"","series_nid":"","series_start":"","series_end":"","nid":"71886","type":"Beitrag"}},{"node":{"title":"Bluesclubradio 15.08.2024","body":"","series_nid":"","series_start":"","series_end":"","nid":"71888","type":"Beitrag"}}]}