{"nodes":[{"node":{"title":"Rabenton","body":"Am 2. Sonntag des Monats von 22-24 Uhr\nModerator: Ozzi, Greyff & Rapkalibur","series_nid":"131","series_start":"2024-09-08T22:00:00+02:00","series_end":"2024-09-09T00:00:00+02:00","nid":"17159","type":"Sendereihe"}},{"node":{"title":"Morgenradio","body":"Das Morgenradio unterh\u00e4lt und informiert \u00fcber politische, gesellschaftliche kulturelle Themen aus Freiburg und dem Umland, aus Europa und weltweit. Jeden Morgen, Montag bis Freitag von 8-10.","series_nid":"1,369","series_start":"2024-09-09T08:00:00+02:00","series_end":"2024-09-09T10:00:00+02:00","nid":"44809","type":"Sendereihe"}},{"node":{"title":"Historisches Tagesinfo","body":"Das Tagesinfo war bei Radio Dreyeckland \u00fcber Jahrzehnte bis in die sp\u00e4ten 90er Jahre regelm\u00e4\u00dfig um 18 Uhr zu h\u00f6ren.","series_nid":"2,040","series_start":"2024-09-09T10:00:00+02:00","series_end":"2024-09-09T11:00:00+02:00","nid":"21096","type":"Sendereihe"}},{"node":{"title":"Antirepression (Wdh.)","body":"","series_nid":"75","series_start":"2024-09-09T11:00:00+02:00","series_end":"2024-09-09T12:00:00+02:00","nid":"41166","type":"Sendereihen-Wiederholung"}},{"node":{"title":"punkt12","body":"Mittagsmagazin mit Veranstaltungshinweisen f\u00fcr das Dreyeckland. Sendezeit: Montag bis Freitag von 12 bis 13 Uhr Fokussiert auf unser Sendegebiet h\u00f6rt ihr mittags zwischen 12:00 und 13:00 Uhr aktuelle Interviews und Portraits, Beitr\u00e4ge, Nachrichten und Rezensionen sowie Veranstaltungs- und Programmhinweise aus und f\u00fcr die subkulturellen Szenen des Dreyecklandes.","series_nid":"2,725","series_start":"2024-09-09T12:00:00+02:00","series_end":"2024-09-09T13:00:00+02:00","nid":"588","type":"Sendereihe"}},{"node":{"title":"Freistunde FM - Jugendradio (Wdh.)","body":"","series_nid":"564","series_start":"2024-09-09T13:00:00+02:00","series_end":"2024-09-09T14:00:00+02:00","nid":"17219","type":"Sendereihen-Wiederholung"}},{"node":{"title":"Espaco Aberto (wdh.)","body":"","series_nid":"330","series_start":"2024-09-09T14:00:00+02:00","series_end":"2024-09-09T15:00:00+02:00","nid":"40724","type":"Sendereihen-Wiederholung"}},{"node":{"title":"Esperanto Magazin' (Montag)","body":"Sendezeit:\nMontags 2./4./5. im Monat 16-17 Uhr\nSonnntags 1./3./5. im Monat 13-14 Uhr\nprezentado","series_nid":"302","series_start":"2024-09-09T16:00:00+02:00","series_end":"2024-09-09T17:00:00+02:00","nid":"17765","type":"Sendereihe"}},{"node":{"title":"Musikmagazin","body":"Montag bis Freitag immer um 17 Uhr aktuelles Konzertgeschehen, Interviews und Neuheiten. Dazu genre-\u00fcbergreifend Musik.","series_nid":"2,869","series_start":"2024-09-09T17:00:00+02:00","series_end":"2024-09-09T18:00:00+02:00","nid":"766","type":"Sendereihe"}},{"node":{"title":"Infomagazin","body":"Eine Auswahl aktueller Beitr\u00e4ge zu politischen und gesellschaftlichen Themen aus Freiburg und der Welt. Montags, mittwochs und freitags um 18 Uhr.","series_nid":"1,460","series_start":"2024-09-09T18:00:00+02:00","series_end":"2024-09-09T19:00:00+02:00","nid":"21867","type":"Sendereihe"}},{"node":{"title":" Chaosradio Freiburg","body":"Mitmachen und Feedback,\u00a0live hier oder\u00a0anachronistisch\u00a0im Archiv \u2026","series_nid":"207","series_start":"2024-09-09T19:00:00+02:00","series_end":"2024-09-09T20:00:00+02:00","nid":"35236","type":"Sendereihe"}},{"node":{"title":"burning beds","body":"Das Umweltmagazin bei Radio Dreyeckland\nAm 2. Montag des Monats um 20 Uhr (Wiederholung: Dienstag 13 Uhr)","series_nid":"129","series_start":"2024-09-09T20:00:00+02:00","series_end":"2024-09-09T21:00:00+02:00","nid":"17185","type":"Sendereihe"}},{"node":{"title":"Babylon Calling","body":"Sendezeit: jeden Montag von 21 - 22.30 UhrDJs: Wolf, Thomas, Werner und J\u00fcrgen","series_nid":"573","series_start":"2024-09-09T21:00:00+02:00","series_end":"2024-09-09T22:30:00+02:00","nid":"17144","type":"Sendereihe"}},{"node":{"title":"FBI Exertise wider die Desinformation von Putins Pr\u00e4sidial-Administration","body":"Bereits am 9.April 2024 hat das US-Justizministerium beim US-Bundesgericht f\u00fcr Ost Pennsylvania\u00a0 eine Beschlagnahmeverf\u00fcgung gegen 32 Subdomains, drei Organisationen (STRUCTURA, SDA und\u00a0ANO Dialog)","series_nid":"","series_start":"","series_end":"","nid":"72128","type":"Beitrag"}},{"node":{"title":"Wen die Nazis zum \"Asozialen\" stempelten, der wurde die entsprechende Behandlung auch nach 1945 nicht los","body":"Eher beil\u00e4ufig stie\u00df Alfons Ims auf die entsetzliche Geschichte seiner Familie.","series_nid":"","series_start":"","series_end":"","nid":"72097","type":"Beitrag"}},{"node":{"title":"Tagesinfo von Donnerstag, 9.September 2004","body":"\n\n\n\n\n\nDo\n09.09.04\nTI-Spezial","series_nid":"","series_start":"","series_end":"","nid":"72129","type":"Beitrag"}},{"node":{"title":"Ethnologin Dr.Sieferle zu den Herausforderungen des \u00dcbergangs von Haft in die Freiheit","body":"Auch in diesem Monat gibt es eine Wiederholung: jeden zweiten Sonntag im Monat, spricht Thomas aus der Redaktion AUSBRUCH, an dieser Stelle mit einem Gast.","series_nid":"","series_start":"","series_end":"","nid":"72121","type":"Beitrag"}},{"node":{"title":"Studentischen Proteste in Bangladesch","body":"Nach 15 Jahren an der Macht ist die Pr\u00e4sidentin Sheikh Hasina am 05. August 2024 nach Indien ins Exil geflohen.","series_nid":"","series_start":"","series_end":"","nid":"72084","type":"Beitrag"}},{"node":{"title":"Espaco Aberto (brasilianisch) 08.09.2024","body":"","series_nid":"","series_start":"","series_end":"","nid":"72123","type":"Beitrag"}},{"node":{"title":"IndieRe#83","body":"Diese IndieRE-Ausgabe pr\u00e4sentiert euch frische Sounds aus \u00d6sterreich, moderiert von Lilly Vanilli von Radio Helsinki aus Graz.","series_nid":"","series_start":"","series_end":"","nid":"72083","type":"Beitrag"}},{"node":{"title":"Esperanto Magazin' (Montag) 09.09.2024","body":"","series_nid":"","series_start":"","series_end":"","nid":"72139","type":"Beitrag"}},{"node":{"title":"Musikmagazin 09.09.2024","body":"","series_nid":"","series_start":"","series_end":"","nid":"72137","type":"Beitrag"}},{"node":{"title":"Kraftvolle Demonstration noch am Wahlabend","body":"Am 01.09.2024 wurden in Th\u00fcringen und ","series_nid":"","series_start":"","series_end":"","nid":"72060","type":"Beitrag"}},{"node":{"title":"\"Mit Islamismusbek\u00e4mpfung haben Abschiebungen faktisch nichts zu tun\"","body":"Viel wird nach dem mutma\u00dflich islamistischen Anschlag in Solingen diskutiert, bei dem drei Menschen get\u00f6tet und acht zum Teil schwer verletzt wurden.","series_nid":"","series_start":"","series_end":"","nid":"72071","type":"Beitrag"}},{"node":{"title":"Wen die Nazis zum \"Asozialen\" stempelten, der wurde die entsprechende Behandlung auch nach 1945 nicht los","body":"Eher beil\u00e4ufig stie\u00df Alfons Ims auf die entsetzliche Geschichte seiner Familie.","series_nid":"","series_start":"","series_end":"","nid":"72097","type":"Beitrag"}},{"node":{"title":"Infomagazin 09.09.2024","body":"","series_nid":"","series_start":"","series_end":"","nid":"72140","type":"Beitrag"}},{"node":{"title":"burning beds (Ausgabe September 2024)","body":"Die Themen: Trotz fortschreitendem Artensterben und massiver Vergiftung der Gew\u00e4sser, ist in Deutschland kein Fortschritt bei der Reduktion des Pestizid-Einsatzes zu erkennen.","series_nid":"","series_start":"","series_end":"","nid":"72133","type":"Beitrag"}},{"node":{"title":"Pestizide | Cem \u00d6zdemir f\u00fcr Umweltschutz?","body":"Am 4. September stellte der Pseudo-Gr\u00fcne und Bundes-Agrar-Minister Cem \u00d6zdemir ein \"Zukunftsprogramm Pflanzenschutz\" der \u00d6ffentlichkeit vor.","series_nid":"","series_start":"","series_end":"","nid":"72134","type":"Beitrag"}},{"node":{"title":"Tierqu\u00e4lerei bis 2035 | Cem \u00d6zdemir f\u00fcr Tierschutz?","body":"Die Ampel-Regierung ist seit Dezember 2021 im Amt.","series_nid":"","series_start":"","series_end":"","nid":"72135","type":"Beitrag"}},{"node":{"title":"Fridays for Future kritisiert Genehmigung eines Gasfelds vor Borkum | Robert Habeck f\u00fcr Klimaschutz?","body":"Nachdem 'Fridays for Future' Anfang August mit \u00fcber 2000 Menschen auf Borkum gegen ein geplantes Gasfeld demonstrierte, hat das nieders\u00e4chsische Landesamt f\u00fcr Bergbau, Energie und Geologie am 14.","series_nid":"","series_start":"","series_end":"","nid":"72136","type":"Beitrag"}}]}