{"nodes":[{"node":{"title":"Democracy Now (US-Magazin)","body":"Aktueller Hinweis (17.10.2023) von der RDL Betriebsgruppe","series_nid":"2,873","series_start":"2024-10-16T07:00:00+02:00","series_end":"2024-10-16T08:00:00+02:00","nid":"17238","type":"Sendereihe"}},{"node":{"title":"Morgenradio","body":"Das Morgenradio unterh\u00e4lt und informiert \u00fcber politische, gesellschaftliche kulturelle Themen aus Freiburg und dem Umland, aus Europa und weltweit. Jeden Morgen, Montag bis Freitag von 8-10.","series_nid":"1,396","series_start":"2024-10-16T08:00:00+02:00","series_end":"2024-10-16T10:00:00+02:00","nid":"44809","type":"Sendereihe"}},{"node":{"title":"Focus Kultur (Wdh.)","body":"","series_nid":"530","series_start":"2024-10-16T10:00:00+02:00","series_end":"2024-10-16T11:00:00+02:00","nid":"21863","type":"Sendereihen-Wiederholung"}},{"node":{"title":"radio%attac (Wdh.)","body":"","series_nid":"432","series_start":"2024-10-16T11:00:00+02:00","series_end":"2024-10-16T12:00:00+02:00","nid":"17759","type":"Sendereihen-Wiederholung"}},{"node":{"title":"punkt12","body":"Mittagsmagazin mit Veranstaltungshinweisen f\u00fcr das Dreyeckland. Sendezeit: Montag bis Freitag von 12 bis 13 Uhr Fokussiert auf unser Sendegebiet h\u00f6rt ihr mittags zwischen 12:00 und 13:00 Uhr aktuelle Interviews und Portraits, Beitr\u00e4ge, Nachrichten und Rezensionen sowie Veranstaltungs- und Programmhinweise aus und f\u00fcr die subkulturellen Szenen des Dreyecklandes.","series_nid":"2,752","series_start":"2024-10-16T12:00:00+02:00","series_end":"2024-10-16T13:00:00+02:00","nid":"588","type":"Sendereihe"}},{"node":{"title":"La Radio (Wdh.)","body":"","series_nid":"571","series_start":"2024-10-16T13:00:00+02:00","series_end":"2024-10-16T15:00:00+02:00","nid":"17170","type":"Sendereihen-Wiederholung"}},{"node":{"title":"Interkontinentale Musik","body":"Sendezeit: Jeden Mittwoch um 15 Uhr\nSchwerpunkt: Musik aus Asien","series_nid":"573","series_start":"2024-10-16T15:00:00+02:00","series_end":"2024-10-16T16:00:00+02:00","nid":"17164","type":"Sendereihe"}},{"node":{"title":"Our voice \u2013 Die Stimme der Unsichtbaren","body":"\nDeutsch\n\nSendezeit: Jeden Mittwoch um 16 Uhr und nun auch am Donnerstag in der Wiederholung ab 14 Uhr","series_nid":"375","series_start":"2024-10-16T16:00:00+02:00","series_end":"2024-10-16T17:00:00+02:00","nid":"36152","type":"Sendereihe"}},{"node":{"title":"Musikmagazin","body":"Montag bis Freitag immer um 17 Uhr aktuelles Konzertgeschehen, Interviews und Neuheiten. Dazu genre-\u00fcbergreifend Musik.","series_nid":"2,896","series_start":"2024-10-16T17:00:00+02:00","series_end":"2024-10-16T18:00:00+02:00","nid":"766","type":"Sendereihe"}},{"node":{"title":"Infomagazin","body":"Eine Auswahl aktueller Beitr\u00e4ge zu politischen und gesellschaftlichen Themen aus Freiburg und der Welt. Montags, mittwochs und freitags um 18 Uhr.","series_nid":"1,476","series_start":"2024-10-16T18:00:00+02:00","series_end":"2024-10-16T19:00:00+02:00","nid":"21867","type":"Sendereihe"}},{"node":{"title":"Arbeitsunrecht FM","body":"Sendung der Aktion gegen Arbeitsunrecht. Jeden 1. und 3. Mittwoch im Monat um 19 Uhr und in der Wiederholung am Donnerstag um 11 Uhr.","series_nid":"65","series_start":"2024-10-16T19:00:00+02:00","series_end":"2024-10-16T20:00:00+02:00","nid":"60485","type":"Sendereihe"}},{"node":{"title":"Pride Time ","body":"Jetzt neu, jeden 3. Mittwoch im Monat um 20 Uhr die Pridetime! die Radiosendung der bunten Jugend.","series_nid":"9","series_start":"2024-10-16T20:00:00+02:00","series_end":"2024-10-16T21:00:00+02:00","nid":"69387","type":"Sendereihe"}},{"node":{"title":"Incubus Succubus","body":"Jeden Mittwoch um 22 Uhr\nNeu ab November 2015: Alle 2 Wochen eine halbe Stunde l\u00e4nger bis 23:30 Uhr!","series_nid":"290","series_start":"2024-10-16T22:00:00+02:00","series_end":"2024-10-16T23:00:00+02:00","nid":"1062","type":"Sendereihe"}},{"node":{"title":"Fernw\u00e4rmeausbau als Chance die Schwammstadt Freiburg voranzubringen","body":"Im Rahmen der Wendetische f\u00fcr eine umwelt- und sozialgerechte Zukunft am 13. Oktober stellte Nik Geiler von Regiowasser die Initiative Schwammstadt Freiburg vor.","series_nid":"","series_start":"","series_end":"","nid":"72550","type":"Beitrag"}},{"node":{"title":"Focus Kultur 16.10.2024","body":"","series_nid":"","series_start":"","series_end":"","nid":"72559","type":"Beitrag"}},{"node":{"title":"Technocentre Debatte zwischen Schnittchen und Magenkr\u00e4mpfen ","body":"In Fessenheim gabs eine\u00a0\u00f6ffentlichen Debatte am Montag 14.10.2024, ob Technocentre oder ob kein Technocentre die Nachfolge des AKWs Fessenheim antreten soll.\u00a0Geplant ist das Bearbeiten und Verkaufe","series_nid":"","series_start":"","series_end":"","nid":"72589","type":"Beitrag"}},{"node":{"title":"Ohranw\u00e4rmer: ArbeitsUNrecht FM","body":"Einmal mehr wird der Sendungsinhalt von ArbeitsUNrecht FM aktuell und kurz von Elmar dargestellt. (kg)\nMittwoch 19 Uhr, Donnerstag 11 Uhr\u00a0","series_nid":"","series_start":"","series_end":"","nid":"72565","type":"Beitrag"}},{"node":{"title":"La Radio 15.10.2024","body":"","series_nid":"","series_start":"","series_end":"","nid":"72555","type":"Beitrag"}},{"node":{"title":" Die Abwehr, wenn Diskriminierung angesprochen wird","body":"Unser Anti- Ableismus W\u00f6rterbuch.","series_nid":"","series_start":"","series_end":"","nid":"72560","type":"Beitrag"}},{"node":{"title":"oder Wie geht die Freiburger Stadtgesellschaft mit Menschen in benachteiligten Stadtquartieren um?","body":"Mit einer Auftaktveranstaltung am 18.10. mit dem Titel: WIE ARMUT KRANKMACHT - GESCHICHTEN VON UNTEN am Freitag, 18.10.2024, 19 Uhr im","series_nid":"","series_start":"","series_end":"","nid":"72561","type":"Beitrag"}},{"node":{"title":"Interkontinentale Musik 16.10.2024","body":"","series_nid":"","series_start":"","series_end":"","nid":"72563","type":"Beitrag"}},{"node":{"title":"Our voice \u2013 Die Stimme der Unsichtbaren 17.10.2024","body":"","series_nid":"","series_start":"","series_end":"","nid":"72573","type":"Beitrag"}},{"node":{"title":"T\u00fcrkei: Radio verliert Lizenz wg. \"V\u00f6lkermord an den Armeniern\"","body":"Am heutigen Mittwoch, 16. 10. 24 musste das Acik Radyo (Offenes Radio) nach 29 Jahren seine Sendungen in Istanbul einstellen.","series_nid":"","series_start":"","series_end":"","nid":"72564","type":"Beitrag"}},{"node":{"title":"Eine B\u00fcchse Buntes mit L\u00e4uten der Seele, Manja Risti\u0107 & Mark Vernon, Trigger Object et al.","body":"Arbeitszeugnis","series_nid":"","series_start":"","series_end":"","nid":"72515","type":"Beitrag"}},{"node":{"title":"Musikmagazin 16.10.2024","body":"","series_nid":"","series_start":"","series_end":"","nid":"72566","type":"Beitrag"}},{"node":{"title":"Infomagazin 16.10.2024","body":"","series_nid":"","series_start":"","series_end":"","nid":"72567","type":"Beitrag"}},{"node":{"title":"Statt Autoteile sollen in ex- GKN Fabrik Photovoltaikmodule und Lastenr\u00e4der produziert werden","body":"Seit \u00fcber 3 Jahren wehren sich Arbeiter:Innen in beim ehemaligen Automobilzulieferer GKN nahe Florenz gegen die Schlie\u00dfung ihrer Fabrik.","series_nid":"","series_start":"","series_end":"","nid":"72267","type":"Beitrag"}},{"node":{"title":"Wir wollen zeigen, dass es eine Jahrhunderte lange Tradition der Minderheiten der Sinti, Juden... gibt","body":"Das Freiburger Romab\u00fcro organisiert am Samstag 19.","series_nid":"","series_start":"","series_end":"","nid":"72520","type":"Beitrag"}},{"node":{"title":"\"Wenn es bisher noch keine dicke Domina gab, dann bin ich halt die erste und auch gleich die dickste\"","body":"Die G\u00f6ttin Baroness Babalon ist die Verk\u00f6rperung von F\u00fclle und weiblicher \u00dcberlegenheit.Ihre Dominanz liegt in ihrem Atemberaubenden Anbick und in ihrem \u00fcberm\u00e4chtigen Gewicht.","series_nid":"","series_start":"","series_end":"","nid":"72537","type":"Beitrag"}},{"node":{"title":"oder Wie geht die Freiburger Stadtgesellschaft mit Menschen in benachteiligten Stadtquartieren um?","body":"Mit einer Auftaktveranstaltung am 18.10. mit dem Titel: WIE ARMUT KRANKMACHT - GESCHICHTEN VON UNTEN am Freitag, 18.10.2024, 19 Uhr im","series_nid":"","series_start":"","series_end":"","nid":"72561","type":"Beitrag"}},{"node":{"title":"Pridetime","body":"Hallo Zusammen!","series_nid":"","series_start":"","series_end":"","nid":"72568","type":"Beitrag"}},{"node":{"title":"Italien: harte Strafen wegen Leihmutterschaft","body":"Auf Antrag der post- oder wie man will neofaschistischen Fratelli d'Italia von Ministerpr\u00e4sidentin Giorgia Meloni hat der italienische Senat mit 84 zu 58 Stimmen einem Gesetz zugestimmt, das harte ","series_nid":"","series_start":"","series_end":"","nid":"72569","type":"Beitrag"}}]}