{"nodes":[{"node":{"title":"THE DEAN\u2019S LIST","body":"THE DEAN\u2019S LIST (hosted by Dean) is a music show dedicated to playing some of the best music ever produced, including some you may have never heard before.","series_nid":"26","series_start":"2026-04-20T22:30:00+02:00","series_end":"2026-04-21T00:30:00+02:00","nid":"75593","type":"Sendereihe"}},{"node":{"title":"Democracy Now (US-Magazin)","body":"Aktueller Hinweis (17.10.2023) von der RDL Betriebsgruppe","series_nid":"3,267","series_start":"2026-04-21T07:00:00+02:00","series_end":"2026-04-21T08:00:00+02:00","nid":"17238","type":"Sendereihe"}},{"node":{"title":"Morgenradio","body":"Das Morgenradio unterh\u00e4lt und informiert \u00fcber politische, gesellschaftliche kulturelle Themen aus Freiburg und dem Umland, aus Europa und weltweit. Jeden Morgen, Montag bis Freitag von 8-10.","series_nid":"1,790","series_start":"2026-04-21T08:00:00+02:00","series_end":"2026-04-21T10:00:00+02:00","nid":"44809","type":"Sendereihe"}},{"node":{"title":"Historisches Tagesinfo","body":"Das Tagesinfo war bei Radio Dreyeckland \u00fcber Jahrzehnte bis in die sp\u00e4ten 90er Jahre regelm\u00e4\u00dfig um 18 Uhr zu h\u00f6ren.","series_nid":"2,377","series_start":"2026-04-21T10:00:00+02:00","series_end":"2026-04-21T11:00:00+02:00","nid":"21096","type":"Sendereihe"}},{"node":{"title":"punkt12","body":"Mittagsmagazin mit Veranstaltungshinweisen f\u00fcr das Dreyeckland. Sendezeit: Montag bis Freitag von 12 bis 13 Uhr Fokussiert auf unser Sendegebiet h\u00f6rt ihr mittags zwischen 12:00 und 13:00 Uhr aktuelle Interviews und Portraits, Beitr\u00e4ge, Nachrichten und Rezensionen sowie Veranstaltungs- und Programmhinweise aus und f\u00fcr die subkulturellen Szenen des Dreyecklandes.","series_nid":"3,146","series_start":"2026-04-21T12:00:00+02:00","series_end":"2026-04-21T13:00:00+02:00","nid":"588","type":"Sendereihe"}},{"node":{"title":"17 Grad - Medien f\u00fcr den Rest (Wdh.)","body":"","series_nid":"94","series_start":"2026-04-21T13:00:00+02:00","series_end":"2026-04-21T14:00:00+02:00","nid":"40725","type":"Sendereihen-Wiederholung"}},{"node":{"title":"O-Ton Playback (Wdh.)","body":"","series_nid":"676","series_start":"2026-04-21T14:00:00+02:00","series_end":"2026-04-21T15:00:00+02:00","nid":"17237","type":"Sendereihen-Wiederholung"}},{"node":{"title":"Keine Heimat (Euro Folk)","body":"Sendezeit: jeden Dienstag von 15 - 16 Uhr\nDJ: Christian Rath","series_nid":"654","series_start":"2026-04-21T15:00:00+02:00","series_end":"2026-04-21T16:00:00+02:00","nid":"17151","type":"Sendereihe"}},{"node":{"title":"amnesty.at","body":"Sendezeit: Jeden 3. Dienstag im Monat von 16-17 Uhr\nEine Sendung von Radio Fro (Linz): http://www.fro.at/","series_nid":"151","series_start":"2026-04-21T16:00:00+02:00","series_end":"2026-04-21T17:00:00+02:00","nid":"17250","type":"Sendereihe"}},{"node":{"title":"Musikmagazin","body":"Montag bis Freitag immer um 17 Uhr aktuelles Konzertgeschehen, Interviews und Neuheiten. Dazu genre-\u00fcbergreifend Musik.","series_nid":"3,290","series_start":"2026-04-21T17:00:00+02:00","series_end":"2026-04-21T18:00:00+02:00","nid":"766","type":"Sendereihe"}},{"node":{"title":"Focus Kultur","body":"Focus Kultur ist Eure verl\u00e4ssliche akustische Quelle mit dem lokalen wie internationalen kulturellen Input, hintergr\u00fcndigen Berichten zu Theater, Musik, Kino, Kunst, Literarischem, Kulinarischem un","series_nid":"511","series_start":"2026-04-21T18:00:00+02:00","series_end":"2026-04-21T19:00:00+02:00","nid":"17186","type":"Sendereihe"}},{"node":{"title":"radio%attac","body":"Sendezeit: Jeden 1.,3., 4. und manchmal 5. Dienstag um 19.00 Uhr (Wiederholung am Mittwoch um 11.00 Uhr).\nMagazin von Radio Attac \u00d6sterreich zu Themen des ATTAC-Netzwerkes.\n\u00a0","series_nid":"322","series_start":"2026-04-21T19:00:00+02:00","series_end":"2026-04-21T20:00:00+02:00","nid":"26141","type":"Sendereihe"}},{"node":{"title":"La Radio","body":"LaRadio, fr\u00fcher als FrauenLesbenRadio bekannt, ist das autonome queere und feministische Radio auf der Frequenz von Radio Dreyeckland.","series_nid":"657","series_start":"2026-04-21T20:00:00+02:00","series_end":"2026-04-21T22:00:00+02:00","nid":"776","type":"Sendereihe"}},{"node":{"title":"Magical Mystery Mix","body":"Sendezeit: jeden ersten, dritten (und manchmal f\u00fcnften) Dienstag im Monat von 22 - 23 Uhr. DJ: Kurt Maninouk","series_nid":"351","series_start":"2026-04-21T22:00:00+02:00","series_end":"2026-04-21T23:00:00+02:00","nid":"17758","type":"Sendereihe"}},{"node":{"title":"Staatliche Gewalt bei Abschiebungen \u2013 Nigeria als Beispiel ","body":"Im Rahmen der Veranstaltungsreihe \u201eZwischen Repression und Hoffnung\u201d ging es am 15.","series_nid":"","series_start":"","series_end":"","nid":"79893","type":"Beitrag"}},{"node":{"title":"Utopia Algeria  - Yassmina Liassine","body":"Am Beispiel ihrer eigenen und befreundeten Familien l\u00e4sst Yasmina Liassine Frauen zu Wort kommen, die das Scheitern der Utopie Freies Algerien in pers\u00f6nlichen Berichten schildern.","series_nid":"","series_start":"","series_end":"","nid":"79846","type":"Beitrag"}},{"node":{"title":"Tagesinfo von Freitag, 21.April 2006","body":"\n\n\n\n\n\n\nFr","series_nid":"","series_start":"","series_end":"","nid":"79898","type":"Beitrag"}},{"node":{"title":"Apsilons \"Sommerm\u00e4rchen\": Rap als postmigratischer Widerstand im NSU-Komplex","body":"An was denken wir, wenn wir an die ersten warmen Tage 2006 denken? Die WM 2006, die Welt zu Gast bei Freunden, Deutschlandfahnen im Aldi und \u00fcberall, volle Kneipen und Grillfeste?\u00a0","series_nid":"","series_start":"","series_end":"","nid":"79899","type":"Beitrag"}},{"node":{"title":"17 Grad - Medien f\u00fcr den Rest 20.04.2026","body":"","series_nid":"","series_start":"","series_end":"","nid":"79894","type":"Beitrag"}},{"node":{"title":"Umk\u00e4mpfte Geschlechterverh\u00e4ltnisse: Der lange Schatten des Antifeminismus","body":"Im Rahmen des 50-j\u00e4hrigen Jubil\u00e4ums des Feministischen Zentrum Freiburg, \u00fcber das ","series_nid":"","series_start":"","series_end":"","nid":"79801","type":"Beitrag"}},{"node":{"title":"O-Ton Playback 17.04.2026","body":"","series_nid":"","series_start":"","series_end":"","nid":"79859","type":"Beitrag"}},{"node":{"title":"Amnesty informiert - Menschenrechtsmusik","body":"Eine Reise um die Welt mit Musik, die Haltung beweist und sich f\u00fcr Menschenrechte stark macht.","series_nid":"","series_start":"","series_end":"","nid":"79900","type":"Beitrag"}},{"node":{"title":"Focus Kultur 21.04.2026","body":"","series_nid":"","series_start":"","series_end":"","nid":"79903","type":"Beitrag"}},{"node":{"title":"Erben und Sterben - ein H\u00f6rspiel von Kurt Raubal","body":"Bist du Erbe oder nicht?","series_nid":"","series_start":"","series_end":"","nid":"79897","type":"Beitrag"}},{"node":{"title":"OOPS - Wie im Haupt- und Finanzauschuss der OB Wahlkampf wirkt","body":"Was und wie geht da es eigentlich ab im Hauptausschu\u00df, wenn die Politik durch den OB-Wahlkampf\u00a0 gedimmt ist.","series_nid":"","series_start":"","series_end":"","nid":"79905","type":"Beitrag"}},{"node":{"title":"La Radio 21.04.2026","body":"","series_nid":"","series_start":"","series_end":"","nid":"79906","type":"Beitrag"}},{"node":{"title":"Magical Mystery Mix 21.04.2026 - GFF107","body":"Ger\u00e4usche f\u00fcr Fortgeschrittene, Folge 107\nMusik und Ger\u00e4usche, die perfekte Kombi","series_nid":"","series_start":"","series_end":"","nid":"79907","type":"Beitrag"}}]}