{"nodes":[{"node":{"title":"Democracy Now (US-Magazin)","body":"Aktueller Hinweis (17.10.2023) von der RDL Betriebsgruppe","series_nid":"3,279","series_start":"2026-05-07T07:00:00+02:00","series_end":"2026-05-07T08:00:00+02:00","nid":"17238","type":"Sendereihe"}},{"node":{"title":"Morgenradio","body":"Das Morgenradio unterh\u00e4lt und informiert \u00fcber politische, gesellschaftliche kulturelle Themen aus Freiburg und dem Umland, aus Europa und weltweit. Jeden Morgen, Montag bis Freitag von 8-10.","series_nid":"1,802","series_start":"2026-05-07T08:00:00+02:00","series_end":"2026-05-07T10:00:00+02:00","nid":"44809","type":"Sendereihe"}},{"node":{"title":"Historisches Tagesinfo","body":"Das Tagesinfo war bei Radio Dreyeckland \u00fcber Jahrzehnte bis in die sp\u00e4ten 90er Jahre regelm\u00e4\u00dfig um 18 Uhr zu h\u00f6ren.","series_nid":"2,386","series_start":"2026-05-07T10:00:00+02:00","series_end":"2026-05-07T11:00:00+02:00","nid":"21096","type":"Sendereihe"}},{"node":{"title":"Arbeitsunrecht FM (Wdh.)","body":"","series_nid":"102","series_start":"2026-05-07T11:00:00+02:00","series_end":"2026-05-07T12:00:00+02:00","nid":"60486","type":"Sendereihen-Wiederholung"}},{"node":{"title":"punkt12","body":"Mittagsmagazin mit Veranstaltungshinweisen f\u00fcr das Dreyeckland. Sendezeit: Montag bis Freitag von 12 bis 13 Uhr Fokussiert auf unser Sendegebiet h\u00f6rt ihr mittags zwischen 12:00 und 13:00 Uhr aktuelle Interviews und Portraits, Beitr\u00e4ge, Nachrichten und Rezensionen sowie Veranstaltungs- und Programmhinweise aus und f\u00fcr die subkulturellen Szenen des Dreyecklandes.","series_nid":"3,158","series_start":"2026-05-07T12:00:00+02:00","series_end":"2026-05-07T13:00:00+02:00","nid":"588","type":"Sendereihe"}},{"node":{"title":"35 Millimeter (Wdh.)","body":"","series_nid":"152","series_start":"2026-05-07T13:00:00+02:00","series_end":"2026-05-07T13:00:00+02:00","nid":"15139","type":"Sendereihen-Wiederholung"}},{"node":{"title":"Our voice \u2013 Die Stimme der Unsichtbaren (Wdh.)","body":"","series_nid":"153","series_start":"2026-05-07T14:00:00+02:00","series_end":"2026-05-07T15:00:00+02:00","nid":"66426","type":"Sendereihen-Wiederholung"}},{"node":{"title":"Raices Nomades Wdhg. (spanisch)","body":"","series_nid":"129","series_start":"2026-05-07T15:00:00+02:00","series_end":"2026-05-07T16:00:00+02:00","nid":"68400","type":"Sendereihen-Wiederholung"}},{"node":{"title":"Die gef\u00e4hrliche Alte","body":"\"Die Gef\u00e4hrliche Alte\" ist eine Serie zu und mit \"gef\u00e4hrlichen Alten\": \u00c4ltere und alte Frauen, die nicht den Status quo akzeptieren, die sich in den Weg stellen, die unbequem sind und fordernd.","series_nid":"8","series_start":"2026-05-07T16:00:00+02:00","series_end":"2026-05-07T17:00:00+02:00","nid":"77623","type":"Sendereihe"}},{"node":{"title":"Musikmagazin","body":"Montag bis Freitag immer um 17 Uhr aktuelles Konzertgeschehen, Interviews und Neuheiten. Dazu genre-\u00fcbergreifend Musik.","series_nid":"3,302","series_start":"2026-05-07T17:00:00+02:00","series_end":"2026-05-07T18:00:00+02:00","nid":"766","type":"Sendereihe"}},{"node":{"title":"Fokus S\u00fcdwest","body":"Landespolitik Baden-W\u00fcrttemberg","series_nid":"575","series_start":"2026-05-07T18:00:00+02:00","series_end":"2026-05-07T18:30:00+02:00","nid":"769","type":"Sendereihe"}},{"node":{"title":"Onda-Info","body":"Sendezeit: Alle 2 Wochen am Donnerstag von 18.30 - 19 Uhr (im Wechsel mit focus international). ","series_nid":"292","series_start":"2026-05-07T18:30:00+02:00","series_end":"2026-05-07T19:00:00+02:00","nid":"772","type":"Sendereihe"}},{"node":{"title":"Radio Ech (deutsch)","body":"Das ist die halbst\u00fcndige deutsche Ausgabe der russischen Redaktion.","series_nid":"272","series_start":"2026-05-07T19:00:00+02:00","series_end":"2026-05-07T19:30:00+02:00","nid":"57548","type":"Sendereihe"}},{"node":{"title":"Schwule Welle","body":"Die Schwule Welle ist seit dem Radio Fr\u00fchling 1985 on Air\n19.30 - 21.00 Uhr: Schwule Welle\n\"Donnerstags habe ich nichts an... nur das Radio auf 102,3!\"","series_nid":"657","series_start":"2026-05-07T19:30:00+02:00","series_end":"2026-05-07T21:00:00+02:00","nid":"17177","type":"Sendereihe"}},{"node":{"title":"la vie avant tout","body":"Alle 2 Wochen am Donnerstag um 21 Uhr. 'La vie avant tout' - eine Sendung, die sich einer Musik verschrieben hat, die ber\u00fchrt, begeistert, bewegt - mal t\u00e4nzerisch, mal tr\u00e4umerisch.","series_nid":"283","series_start":"2026-05-07T21:00:00+02:00","series_end":"2026-05-07T22:00:00+02:00","nid":"26237","type":"Sendereihe"}},{"node":{"title":"musiVersity","body":"The Musical Diversity of Europe - Die musikalische und sprachliche Vielfalt Europas","series_nid":"269","series_start":"2026-05-07T22:00:00+02:00","series_end":"2026-05-07T23:00:00+02:00","nid":"28243","type":"Sendereihe"}},{"node":{"title":"Bluesclubradio","body":"Jeden Donnerstag 23:30-0:30 Uhr\nModeration: ArneHomepage: www.bluesclubradio.de","series_nid":"501","series_start":"2026-05-07T23:30:00+02:00","series_end":"2026-05-08T00:30:00+02:00","nid":"32270","type":"Sendereihe"}},{"node":{"title":"Gesamtschule Dietenbach geht in die Baustartl\u00f6cher  f\u00fcr 1.500 Sch\u00fcler*innen","body":"Mit rund 200 Millionen \u20ac (186 Mio.\u20ac reine Bau, 13,7 Mio.\u20ac Schulausstattungkosten) soll der Gemeinderat am 19.Mai 26 das absehbar gr\u00f6\u00dfte st\u00e4dtische Bauprojekt\u00a0 auf die Realisierungs-Reise schicken.","series_nid":"","series_start":"","series_end":"","nid":"80095","type":"Beitrag"}},{"node":{"title":"Kritik am Rechtsstaat geht auch ohne Solidarit\u00e4t mit den sog. Ulm 5","body":"Der Beitrag \u00fcber die sogenannten 'Ulm 5' (https://rdl.de/beitrag/die-ulm-5-hab","series_nid":"","series_start":"","series_end":"","nid":"80096","type":"Beitrag"}},{"node":{"title":"Historisches Tagesinfo 07.05.2026","body":"","series_nid":"","series_start":"","series_end":"","nid":"80097","type":"Beitrag"}},{"node":{"title":"\u00d6ffentliche Reste aus dem BaUSt-Auschuss","body":"Die Sanierung und Neubeplanung der Rempartstr.","series_nid":"","series_start":"","series_end":"","nid":"80098","type":"Beitrag"}},{"node":{"title":"\"Kunstst\u00fcck der Ambitionslosigkeit\"","body":"Der Koalitionsvertrag f\u00fcr Baden-W\u00fcrttemberg ist raus und die Fridays for Future aren't amused wie mit dem Thema Klima in dem Fahrplan f\u00fcr die n\u00e4chsten 5 Jahre Landespolitik umgegangen wird.","series_nid":"","series_start":"","series_end":"","nid":"80105","type":"Beitrag"}},{"node":{"title":"Ob wir es m\u00f6gen oder nicht, diese Regierung wird bleiben","body":"Es wird viel geredet \u00fcber einen Koalitionsbruch, doch der wird nicht kommen.","series_nid":"","series_start":"","series_end":"","nid":"80107","type":"Beitrag"}},{"node":{"title":"35 Millimeter 07.05.2026","body":"","series_nid":"","series_start":"","series_end":"","nid":"80102","type":"Beitrag"}},{"node":{"title":"Our voice \u2013 Die Stimme der Unsichtbaren 07.05.2026","body":"","series_nid":"","series_start":"","series_end":"","nid":"80104","type":"Beitrag"}},{"node":{"title":"Raices Nomades (spanisch) 02.05.2026","body":"","series_nid":"","series_start":"","series_end":"","nid":"80038","type":"Beitrag"}},{"node":{"title":"Die gef\u00e4hrliche Alte #8  Gespr\u00e4ch mit Nora Eckert \u00fcber Gesellschaft, Geschlecht und Gender","body":"Buchempfehlung: Eckert, Nora (2021): Wie alle nur anders. Ein transsexuelles Leben in Berlin, M\u00fcnchen: C.H.","series_nid":"","series_start":"","series_end":"","nid":"79932","type":"Beitrag"}},{"node":{"title":"Musikmagazin 07.05.2026","body":"","series_nid":"","series_start":"","series_end":"","nid":"80108","type":"Beitrag"}},{"node":{"title":"Fokus S\u00fcdwest 07.05.2026","body":"Die Themen:\n## Umpolen im L\u00f6wenbr\u00e4ukeller\n## 40 Jahre Tscherobyl - \"Atomenergie abschalten!\"- fordert Dr. Schmid von der IPPNW","series_nid":"","series_start":"","series_end":"","nid":"80110","type":"Beitrag"}},{"node":{"title":"Onda-Info 07.05.2026","body":"","series_nid":"","series_start":"","series_end":"","nid":"80111","type":"Beitrag"}},{"node":{"title":"Schwule Welle - Das Magazin vom 7. Mai 2026","body":"\u00a0","series_nid":"","series_start":"","series_end":"","nid":"80106","type":"Beitrag"}},{"node":{"title":"musiVersity 07.05.2026","body":"","series_nid":"","series_start":"","series_end":"","nid":"80112","type":"Beitrag"}},{"node":{"title":"Bluesclubradio 07.05.2026","body":"","series_nid":"","series_start":"","series_end":"","nid":"80113","type":"Beitrag"}}]}