{"nodes":[{"node":{"title":"Democracy Now (US-Magazin)","body":"Aktueller Hinweis (17.10.2023) von der RDL Betriebsgruppe","series_nid":"3,289","series_start":"2026-05-21T07:00:00+02:00","series_end":"2026-05-21T08:00:00+02:00","nid":"17238","type":"Sendereihe"}},{"node":{"title":"Morgenradio","body":"Das Morgenradio unterh\u00e4lt und informiert \u00fcber politische, gesellschaftliche kulturelle Themen aus Freiburg und dem Umland, aus Europa und weltweit. Jeden Morgen, Montag bis Freitag von 8-10.","series_nid":"1,812","series_start":"2026-05-21T08:00:00+02:00","series_end":"2026-05-21T10:00:00+02:00","nid":"44809","type":"Sendereihe"}},{"node":{"title":"Historisches Tagesinfo","body":"Das Tagesinfo war bei Radio Dreyeckland \u00fcber Jahrzehnte bis in die sp\u00e4ten 90er Jahre regelm\u00e4\u00dfig um 18 Uhr zu h\u00f6ren.","series_nid":"2,394","series_start":"2026-05-21T10:00:00+02:00","series_end":"2026-05-21T11:00:00+02:00","nid":"21096","type":"Sendereihe"}},{"node":{"title":"Arbeitsunrecht FM (Wdh.)","body":"","series_nid":"103","series_start":"2026-05-21T11:00:00+02:00","series_end":"2026-05-21T12:00:00+02:00","nid":"60486","type":"Sendereihen-Wiederholung"}},{"node":{"title":"punkt12","body":"Mittagsmagazin mit Veranstaltungshinweisen f\u00fcr das Dreyeckland. Sendezeit: Montag bis Freitag von 12 bis 13 Uhr Fokussiert auf unser Sendegebiet h\u00f6rt ihr mittags zwischen 12:00 und 13:00 Uhr aktuelle Interviews und Portraits, Beitr\u00e4ge, Nachrichten und Rezensionen sowie Veranstaltungs- und Programmhinweise aus und f\u00fcr die subkulturellen Szenen des Dreyecklandes.","series_nid":"3,168","series_start":"2026-05-21T12:00:00+02:00","series_end":"2026-05-21T13:00:00+02:00","nid":"588","type":"Sendereihe"}},{"node":{"title":"Pridetime (Wdh.)","body":"","series_nid":"19","series_start":"2026-05-21T13:00:00+02:00","series_end":"2026-05-21T14:00:00+02:00","nid":"72701","type":"Sendereihen-Wiederholung"}},{"node":{"title":"Pride Time Wdhg.","body":"","series_nid":"4","series_start":"2026-05-21T13:00:00+02:00","series_end":"2026-05-21T14:00:00+02:00","nid":"78833","type":"Sendereihen-Wiederholung"}},{"node":{"title":"Our voice \u2013 Die Stimme der Unsichtbaren (Wdh.)","body":"","series_nid":"155","series_start":"2026-05-21T14:00:00+02:00","series_end":"2026-05-21T15:00:00+02:00","nid":"66426","type":"Sendereihen-Wiederholung"}},{"node":{"title":"Raices Nomades Wdhg. (spanisch)","body":"","series_nid":"131","series_start":"2026-05-21T15:00:00+02:00","series_end":"2026-05-21T16:00:00+02:00","nid":"68400","type":"Sendereihen-Wiederholung"}},{"node":{"title":"Auftakte","body":"Ein bunt gew\u00fcrfeltes Magazin. Die Schnuppersendung bei Radio Dreyeckland f\u00fcr Neu-Einsteiger und Neu-Einsteigerinnen.\u00a0 Einf\u00fchrungsworkshop machen und los gehts.","series_nid":"141","series_start":"2026-05-21T16:00:00+02:00","series_end":"2026-05-21T17:00:00+02:00","nid":"20401","type":"Sendereihe"}},{"node":{"title":"Musikmagazin","body":"Montag bis Freitag immer um 17 Uhr aktuelles Konzertgeschehen, Interviews und Neuheiten. Dazu genre-\u00fcbergreifend Musik.","series_nid":"3,312","series_start":"2026-05-21T17:00:00+02:00","series_end":"2026-05-21T18:00:00+02:00","nid":"766","type":"Sendereihe"}},{"node":{"title":"Fokus S\u00fcdwest","body":"Landespolitik Baden-W\u00fcrttemberg","series_nid":"577","series_start":"2026-05-21T18:00:00+02:00","series_end":"2026-05-21T18:30:00+02:00","nid":"769","type":"Sendereihe"}},{"node":{"title":"Onda-Info","body":"Sendezeit: Alle 2 Wochen am Donnerstag von 18.30 - 19 Uhr (im Wechsel mit focus international). ","series_nid":"293","series_start":"2026-05-21T18:30:00+02:00","series_end":"2026-05-21T19:00:00+02:00","nid":"772","type":"Sendereihe"}},{"node":{"title":"Oida (deutsch)","body":"Oida (auf Deutsch)\n\n\n\n\n\n\n\n\n\n\n\nSendezeit: Jeden 3, 4. und 5. Donnerstag des Monats 19-19:30 Uhr, \u00a0Wiederholung am Freitag 13 Uhr)","series_nid":"325","series_start":"2026-05-21T19:00:00+02:00","series_end":"2026-05-21T19:30:00+02:00","nid":"23347","type":"Sendereihe"}},{"node":{"title":"Schwule Welle","body":"Die Schwule Welle ist seit dem Radio Fr\u00fchling 1985 on Air\n19.30 - 21.00 Uhr: Schwule Welle\n\"Donnerstags habe ich nichts an... nur das Radio auf 102,3!\"","series_nid":"659","series_start":"2026-05-21T19:30:00+02:00","series_end":"2026-05-21T21:00:00+02:00","nid":"17177","type":"Sendereihe"}},{"node":{"title":"la vie avant tout","body":"Alle 2 Wochen am Donnerstag um 21 Uhr. 'La vie avant tout' - eine Sendung, die sich einer Musik verschrieben hat, die ber\u00fchrt, begeistert, bewegt - mal t\u00e4nzerisch, mal tr\u00e4umerisch.","series_nid":"284","series_start":"2026-05-21T21:00:00+02:00","series_end":"2026-05-21T22:00:00+02:00","nid":"26237","type":"Sendereihe"}},{"node":{"title":"musiVersity","body":"The Musical Diversity of Europe - Die musikalische und sprachliche Vielfalt Europas","series_nid":"270","series_start":"2026-05-21T22:00:00+02:00","series_end":"2026-05-21T23:00:00+02:00","nid":"28243","type":"Sendereihe"}},{"node":{"title":"Bluesclubradio","body":"Jeden Donnerstag 23:30-0:30 Uhr\nModeration: ArneHomepage: www.bluesclubradio.de","series_nid":"503","series_start":"2026-05-21T23:30:00+02:00","series_end":"2026-05-22T00:30:00+02:00","nid":"32270","type":"Sendereihe"}},{"node":{"title":"Zivile und milit\u00e4rische Atomnutzung:: Technische Zwillinge","body":"Vor der Bombe ist die zivile Nutzung der Atomkraft. Einfach, praktisch immer wieder erlebt. Axel Mayer Mitwelt.org gegen\u00fcber Konrad von RDL zu den Zusammenhang.","series_nid":"","series_start":"","series_end":"","nid":"80276","type":"Beitrag"}},{"node":{"title":"\u00d6PNV-Zugang in Europa schlecht - Deutschland stark abgeh\u00e4ngt.","body":"Fehlende Bus- und Bahnverbindungen sind Realit\u00e4t f\u00fcr bis zu 56 Prozent der Bev\u00f6lkerung in europ\u00e4ischen L\u00e4ndern.","series_nid":"","series_start":"","series_end":"","nid":"80277","type":"Beitrag"}},{"node":{"title":"Mit gr\u00fcngef\u00e4rbten  Brunnen wider Gas-Greenwashing der Bundesregierung und badenova","body":"In einer parallel Aktion sind wie in Freiburg am Brunnen auf dem St\u00fchlinger Kirchplatz\u00a0 in 16 weiteren St\u00e4dten von Aktivistas aus Extintion Rebellion und Ende Gel\u00e4nde bundesweit gegen\u00a0 das\u00a0 Gas-Gre","series_nid":"","series_start":"","series_end":"","nid":"80258","type":"Beitrag"}},{"node":{"title":"Corax hat Stil und Programm, bei AfD steht Corax im Programm","body":"In Sachsen-Anhalt steht die AfD auf dem Sprung in die Regierung. Im Programm: Neuordnung des Rundfunks. Dabei sollen die Freien Radios am Besten verschwinden, .","series_nid":"","series_start":"","series_end":"","nid":"80274","type":"Beitrag"}},{"node":{"title":"Tagesinfo von Dienstag, 23.Mai 2006","body":"\n\n\n\n\n\n\nDi","series_nid":"","series_start":"","series_end":"","nid":"80253","type":"Beitrag"}},{"node":{"title":"Die Taliban-Herrschaft wird immer repressiver aber die Anerkennungsquote in Asylverfahren bei M\u00e4nnern sinkt","body":"Die Unterdr\u00fcckung von Frauen und M\u00e4dchen ist unter den Taliban in Afghanistan weltweit extrem. Schulbildung nur bis maximal zum 12.","series_nid":"","series_start":"","series_end":"","nid":"80263","type":"Beitrag"}},{"node":{"title":"Auch mit Geschw\u00e4tz l\u00e4sst sich die Energiewende sabotieren","body":"Pl\u00f6tzlich redet der Kanzler von der \"deutschen F\u00fchrungsrolle\" (ohnehin eines seiner Lieblingsworte) bei der R\u00fcckholung von CO2 aus der Atmosph\u00e4re, Fraktionschef Spahn will den R\u00fcckbau von AKWs wied","series_nid":"","series_start":"","series_end":"","nid":"80266","type":"Beitrag"}},{"node":{"title":"Our voice \u2013 Die Stimme der Unsichtbaren 20.05.2026","body":"","series_nid":"","series_start":"","series_end":"","nid":"80255","type":"Beitrag"}},{"node":{"title":"Raices Nomades (spanisch) 16.05.2026","body":"","series_nid":"","series_start":"","series_end":"","nid":"80206","type":"Beitrag"}},{"node":{"title":"Swiss Sounds Auftakte","body":"Heute ab 16:00 Uhr erwarten euch Auftakte mit Sounds aus dem kleinen Land der Eidgenossen, das keinen Strand am Meer hat.","series_nid":"","series_start":"","series_end":"","nid":"80262","type":"Beitrag"}},{"node":{"title":"Auftakte 21.05.2026","body":"","series_nid":"","series_start":"","series_end":"","nid":"80264","type":"Beitrag"}},{"node":{"title":"Sophia Kennedy - Squeeze me!","body":"Im Interview mit Eva \u00fcber ihr aktuelles Album Squeeze me.","series_nid":"","series_start":"","series_end":"","nid":"80265","type":"Beitrag"}},{"node":{"title":"Onda-Info 21.05.2026","body":"","series_nid":"","series_start":"","series_end":"","nid":"80268","type":"Beitrag"}},{"node":{"title":"Trickfilm-Festival Stuttgart  feiert  die 33. Ausgabe ","body":"Vom 5. bis 10. Mai feierte das Internationale Trickfilm-Festival Stuttgart (ITFS) seine 33. Ausgabe.","series_nid":"","series_start":"","series_end":"","nid":"80267","type":"Beitrag"}},{"node":{"title":"Entf\u00e4llt wegen Stromausfall: GayCulture - Film, Theater und ESC","body":"In unserer neuen Reihe\u00a0GayCulture\u00a0blicken wir uns um, was es im Bereich \u201eKultur\u201c derzeit zu entdecken gibt und plaudern mit Kulturschaffenden.","series_nid":"","series_start":"","series_end":"","nid":"80257","type":"Beitrag"}},{"node":{"title":"Bluesclubradio 21.05.2026","body":"","series_nid":"","series_start":"","series_end":"","nid":"80269","type":"Beitrag"}}]}