{"nodes":[{"node":{"title":"Metal-Demenz-Aeon","body":"Sendezeit: jeden 1. und 4. Sonntag von 22 \u2013 24 Uhr\nDJ's:Hubert, Ole, Sandor, Ozzi und Sturm","series_nid":"309","series_start":"2026-08-02T22:00:00+02:00","series_end":"2026-08-03T00:00:00+02:00","nid":"1064","type":"Sendereihe"}},{"node":{"title":"Morgenradio","body":"Das Morgenradio unterh\u00e4lt und informiert \u00fcber politische, gesellschaftliche kulturelle Themen aus Freiburg und dem Umland, aus Europa und weltweit. Jeden Morgen, Montag bis Freitag von 8-10.","series_nid":"1,864","series_start":"2026-08-03T08:00:00+02:00","series_end":"2026-08-03T10:00:00+02:00","nid":"44809","type":"Sendereihe"}},{"node":{"title":"Historisches Tagesinfo","body":"Das Tagesinfo war bei Radio Dreyeckland \u00fcber Jahrzehnte bis in die sp\u00e4ten 90er Jahre regelm\u00e4\u00dfig um 18 Uhr zu h\u00f6ren.","series_nid":"2,436","series_start":"2026-08-03T10:00:00+02:00","series_end":"2026-08-03T11:00:00+02:00","nid":"21096","type":"Sendereihe"}},{"node":{"title":"Knastfunk (Wdh.)","body":"","series_nid":"358","series_start":"2026-08-03T11:00:00+02:00","series_end":"2026-08-03T12:00:00+02:00","nid":"17227","type":"Sendereihen-Wiederholung"}},{"node":{"title":"punkt12","body":"Mittagsmagazin mit Veranstaltungshinweisen f\u00fcr das Dreyeckland. Sendezeit: Montag bis Freitag von 12 bis 13 Uhr Fokussiert auf unser Sendegebiet h\u00f6rt ihr mittags zwischen 12:00 und 13:00 Uhr aktuelle Interviews und Portraits, Beitr\u00e4ge, Nachrichten und Rezensionen sowie Veranstaltungs- und Programmhinweise aus und f\u00fcr die subkulturellen Szenen des Dreyecklandes.","series_nid":"3,220","series_start":"2026-08-03T12:00:00+02:00","series_end":"2026-08-03T13:00:00+02:00","nid":"588","type":"Sendereihe"}},{"node":{"title":"Freistunde FM - Jugendradio (Wdh.)","body":"","series_nid":"663","series_start":"2026-08-03T13:00:00+02:00","series_end":"2026-08-03T14:00:00+02:00","nid":"17219","type":"Sendereihen-Wiederholung"}},{"node":{"title":"Espaco Aberto (wdh.)","body":"","series_nid":"429","series_start":"2026-08-03T14:00:00+02:00","series_end":"2026-08-03T15:00:00+02:00","nid":"40724","type":"Sendereihen-Wiederholung"}},{"node":{"title":"Gruppenradio Montag 1","body":"","series_nid":"18","series_start":"2026-08-03T16:00:00+02:00","series_end":"2026-08-03T17:00:00+02:00","nid":"73370","type":"Sendereihe"}},{"node":{"title":"Musikmagazin","body":"Montag bis Freitag immer um 17 Uhr aktuelles Konzertgeschehen, Interviews und Neuheiten. Dazu genre-\u00fcbergreifend Musik.","series_nid":"3,364","series_start":"2026-08-03T17:00:00+02:00","series_end":"2026-08-03T18:00:00+02:00","nid":"766","type":"Sendereihe"}},{"node":{"title":"Infomagazin","body":"Eine Auswahl aktueller Beitr\u00e4ge zu politischen und gesellschaftlichen Themen aus Freiburg und der Welt. Montags, mittwochs und freitags um 18 Uhr.","series_nid":"1,744","series_start":"2026-08-03T18:00:00+02:00","series_end":"2026-08-03T19:00:00+02:00","nid":"21867","type":"Sendereihe"}},{"node":{"title":"Die H\u00f6rspieltruhe","body":"H\u00f6rwerke e.V. ist ein Verein aus Freiburg i.Br., gegr\u00fcndet von einer Gruppe, die seit vielen Jahren gemeinsam H\u00f6rspiele schreibt, inszeniert, spricht, produziert und auff\u00fchrt.","series_nid":"11","series_start":"2026-08-03T19:00:00+02:00","series_end":"2026-08-03T20:00:00+02:00","nid":"78639","type":"Sendereihe"}},{"node":{"title":"'VielFalter' - Magazin f\u00fcr Polyphonie und Selbstbestimmung","body":"Seit Mai 2012 on Air.","series_nid":"67","series_start":"2026-08-03T20:00:00+02:00","series_end":"2026-08-03T21:00:00+02:00","nid":"17253","type":"Sendereihe"}},{"node":{"title":"Babylon Calling","body":"Sendezeit: jeden Montag von 21 - 22.30 UhrDJs: Wolf, Thomas, Werner und J\u00fcrgen","series_nid":"672","series_start":"2026-08-03T21:00:00+02:00","series_end":"2026-08-03T22:30:00+02:00","nid":"17144","type":"Sendereihe"}},{"node":{"title":"Midnight BBQ","body":"Sizzlin \u00b4Hoz\u00a0 & Soulful funkin\u00b4\nSendezeit: alle 2 Wochen Montags 22.30 - 24 Uhr\n\u00a0","series_nid":"335","series_start":"2026-08-03T22:30:00+02:00","series_end":"2026-08-03T23:55:00+02:00","nid":"17167","type":"Sendereihe"}},{"node":{"title":"Tagesinfo von Donnerstag, 3.August 2006","body":"\n\n\n\n\n\n\nDo","series_nid":"","series_start":"","series_end":"","nid":"81116","type":"Beitrag"}},{"node":{"title":"Knastfunk 03.08.2026","body":"","series_nid":"","series_start":"","series_end":"","nid":"81119","type":"Beitrag"}},{"node":{"title":"Sommerpause der Aktuellen Redaktion","body":"Im August springen wir von der Aktuellen Redaktion ins (hoffentlich) k\u00fchle Nass, oder liegen im Schatten, oder... Jedenfalls: Wir senden weniger.\u00a0","series_nid":"","series_start":"","series_end":"","nid":"81118","type":"Beitrag"}},{"node":{"title":"Espaco Aberto (brasilianisch) 02.08.2026","body":"","series_nid":"","series_start":"","series_end":"","nid":"81110","type":"Beitrag"}},{"node":{"title":"Buch: Weil Wegsehen keine Option ist","body":"Gespr\u00e4ch mit dem Leipziger Autor Richard Gauch \u00fcber sein Buch \u201eWeil Wegsehen keine Option ist\u201e, das soeben im Bookraverlag erschienen ist.","series_nid":"","series_start":"","series_end":"","nid":"81046","type":"Beitrag"}},{"node":{"title":"Musikmagazin 03.08.26 Various Artists 17 Uhr","body":"Yo!\n\"Hip Hop rooted in soul, patience, and reflection returns with The Process, the latest collaboration between Awon, producers Confidence, and J. Ferra.\"","series_nid":"","series_start":"","series_end":"","nid":"81121","type":"Beitrag"}},{"node":{"title":"Infomagazin 03.08.2026","body":"","series_nid":"","series_start":"","series_end":"","nid":"81124","type":"Beitrag"}},{"node":{"title":"Erinnerung an Bernd Wagner","body":"Am 8. Juli ist der langj\u00e4hrige DGB-Freiburg Vorsitzender Bernd Wagner im Alter von 83 Jahren nach schwerer Krankheit gestorben. Er war \u00fcber die Jahre in Freiburg in vielen Bereichen aktiv. U.a.","series_nid":"","series_start":"","series_end":"","nid":"81120","type":"Beitrag"}},{"node":{"title":"Tote Zonen Ostsee ","body":"Tote Zonen, in denen weder Fische noch Pflanzen \u00fcberleben k\u00f6nnen, sind an vielen Stellen in der Ostsee zu finden.","series_nid":"","series_start":"","series_end":"","nid":"81073","type":"Beitrag"}},{"node":{"title":"\u00dcber 90% der gr\u00fcnen Basis stimmt gegen Palantir-Gotham","body":"Auf Wunsch von Manuel Hagel hat Ministerpr\u00e4sident \u00d6zdemir die irregul\u00e4re Verpflichtung zur Nutzung von Palantir - Gotham in den Koalitionsvertrag aufgenommen.","series_nid":"","series_start":"","series_end":"","nid":"81097","type":"Beitrag"}},{"node":{"title":"\u201eIn Frankreich ist 90% der Presse von einigen Milliard\u00e4ren besetzt worden\u201c","body":"Interview mit dem Journalisten Donatien Huet, Mitarbeiter von Mediapart, der auch in Freiburg Erfahrungen sammelte und auf angespannte Zeiten im Wahlkampf un","series_nid":"","series_start":"","series_end":"","nid":"81071","type":"Beitrag"}},{"node":{"title":"Die H\u00f6rspieltruhe - Gehirndoping","body":"Im H\u00f6rspiel \u201eGehirndoping\u201c steht die Studentin Sofie unter gro\u00dfem Druck. Die Abgabeihrer Bachelorarbeit steht bevor und ihre Eltern k\u00f6nnen sie nicht mehr finanziell","series_nid":"","series_start":"","series_end":"","nid":"81126","type":"Beitrag"}},{"node":{"title":"'VielFalter' - Magazin f\u00fcr Polyphonie und Selbstbestimmung 03.08.2026","body":"","series_nid":"","series_start":"","series_end":"","nid":"81127","type":"Beitrag"}}]}