{"nodes":[{"node":{"title":"Democracy Now (US-Magazin)","body":"Aktueller Hinweis (17.10.2023) von der RDL Betriebsgruppe","series_nid":"3,343","series_start":"2026-08-05T07:00:00+02:00","series_end":"2026-08-05T08:00:00+02:00","nid":"17238","type":"Sendereihe"}},{"node":{"title":"Morgenradio","body":"Das Morgenradio unterh\u00e4lt und informiert \u00fcber politische, gesellschaftliche kulturelle Themen aus Freiburg und dem Umland, aus Europa und weltweit. Jeden Morgen, Montag bis Freitag von 8-10.","series_nid":"1,866","series_start":"2026-08-05T08:00:00+02:00","series_end":"2026-08-05T10:00:00+02:00","nid":"44809","type":"Sendereihe"}},{"node":{"title":"Focus Kultur (Wdh.)","body":"","series_nid":"624","series_start":"2026-08-05T10:00:00+02:00","series_end":"2026-08-05T11:00:00+02:00","nid":"21863","type":"Sendereihen-Wiederholung"}},{"node":{"title":"punkt12","body":"Mittagsmagazin mit Veranstaltungshinweisen f\u00fcr das Dreyeckland. Sendezeit: Montag bis Freitag von 12 bis 13 Uhr Fokussiert auf unser Sendegebiet h\u00f6rt ihr mittags zwischen 12:00 und 13:00 Uhr aktuelle Interviews und Portraits, Beitr\u00e4ge, Nachrichten und Rezensionen sowie Veranstaltungs- und Programmhinweise aus und f\u00fcr die subkulturellen Szenen des Dreyecklandes.","series_nid":"3,222","series_start":"2026-08-05T12:00:00+02:00","series_end":"2026-08-05T13:00:00+02:00","nid":"588","type":"Sendereihe"}},{"node":{"title":"La Radio (Wdh.)","body":"","series_nid":"665","series_start":"2026-08-05T13:00:00+02:00","series_end":"2026-08-05T15:00:00+02:00","nid":"17170","type":"Sendereihen-Wiederholung"}},{"node":{"title":"Interkontinentale Musik","body":"Sendezeit: Jeden Mittwoch um 15 Uhr\nSchwerpunkt: Musik aus Asien","series_nid":"667","series_start":"2026-08-05T15:00:00+02:00","series_end":"2026-08-05T16:00:00+02:00","nid":"17164","type":"Sendereihe"}},{"node":{"title":"Our voice \u2013 Die Stimme der Unsichtbaren","body":"\nDeutsch\n\nSendezeit: Jeden Mittwoch um 16 Uhr und nun auch am Donnerstag in der Wiederholung ab 14 Uhr","series_nid":"469","series_start":"2026-08-05T16:00:00+02:00","series_end":"2026-08-05T17:00:00+02:00","nid":"36152","type":"Sendereihe"}},{"node":{"title":"Musikmagazin","body":"Montag bis Freitag immer um 17 Uhr aktuelles Konzertgeschehen, Interviews und Neuheiten. Dazu genre-\u00fcbergreifend Musik.","series_nid":"3,366","series_start":"2026-08-05T17:00:00+02:00","series_end":"2026-08-05T18:00:00+02:00","nid":"766","type":"Sendereihe"}},{"node":{"title":"Infomagazin","body":"Eine Auswahl aktueller Beitr\u00e4ge zu politischen und gesellschaftlichen Themen aus Freiburg und der Welt. Montags, mittwochs und freitags um 18 Uhr.","series_nid":"1,745","series_start":"2026-08-05T18:00:00+02:00","series_end":"2026-08-05T19:00:00+02:00","nid":"21867","type":"Sendereihe"}},{"node":{"title":"Arbeitsunrecht FM","body":"Sendung der Aktion gegen Arbeitsunrecht. Jeden 1. und 3. Mittwoch im Monat um 19 Uhr und in der Wiederholung am Donnerstag um 11 Uhr.","series_nid":"108","series_start":"2026-08-05T19:00:00+02:00","series_end":"2026-08-05T20:00:00+02:00","nid":"60485","type":"Sendereihe"}},{"node":{"title":"35 Millimeter","body":"Jeden 1. Mittwoch um 20 Uhr- 21 Uhr. (Wdh. Donnerstag 13 Uhr)","series_nid":"155","series_start":"2026-08-05T20:00:00+02:00","series_end":"2026-08-05T21:00:00+02:00","nid":"771","type":"Sendereihe"}},{"node":{"title":"Slow and Low","body":"Alle vier Wochen Mittwochs von 21 Uhr bis 22 Uhr.","series_nid":"1","series_start":"2026-08-05T21:00:00+02:00","series_end":"2026-08-05T22:00:00+02:00","nid":"80933","type":"Sendereihe"}},{"node":{"title":"Incubus Succubus","body":"Jeden Mittwoch um 22 Uhr\nNeu ab November 2015: Alle 2 Wochen eine halbe Stunde l\u00e4nger bis 23:30 Uhr!","series_nid":"337","series_start":"2026-08-05T22:00:00+02:00","series_end":"2026-08-05T23:00:00+02:00","nid":"1062","type":"Sendereihe"}},{"node":{"title":"Focus Kultur 04.08.2026","body":"","series_nid":"","series_start":"","series_end":"","nid":"81137","type":"Beitrag"}},{"node":{"title":"radio%attac  UTOPIEN &PINGUINE","body":"Ich bin ja der, der bei \u201eOptimismus\u201c an eine Krankheit denkt. Aber Michaela hat die Fakten. Und wir haben die Pinguine: Kaiserpinguine bei -60 Grad in der Finsternis.","series_nid":"","series_start":"","series_end":"","nid":"81122","type":"Beitrag"}},{"node":{"title":"Der Kampf eines Eritreers um seine Einb\u00fcrgerung","body":"Das Verwaltungsgericht Freiburg hat die Klage eines aus Eritrea stammenden Gefl\u00fcchteten auf Einb\u00fcrgerung abgewiesen.","series_nid":"","series_start":"","series_end":"","nid":"81143","type":"Beitrag"}},{"node":{"title":"Ohranw\u00e4rmer Arbeitsunrecht FM am 05.08.2026","body":"Ja, August. Elmar pr\u00e4sentiert wieder den Ohranw\u00e4rmer f\u00fcr heute, Mittwoch 19 Uhr und morgen Donnerstag 11 Uhr.","series_nid":"","series_start":"","series_end":"","nid":"81149","type":"Beitrag"}},{"node":{"title":"La Radio 04.08.2026","body":"","series_nid":"","series_start":"","series_end":"","nid":"81138","type":"Beitrag"}},{"node":{"title":"So wars bei Tristan Brusch am 29.07.2026 beim ZMF","body":"Unsere Konzertreporterin und Brusch-Connaisseurin Anne Schimmerohn im Studio.","series_nid":"","series_start":"","series_end":"","nid":"81147","type":"Beitrag"}},{"node":{"title":"Infomagazin 05.08.2026","body":"","series_nid":"","series_start":"","series_end":"","nid":"81151","type":"Beitrag"}},{"node":{"title":"35 Millimeter 06.08.2026","body":"","series_nid":"","series_start":"","series_end":"","nid":"81161","type":"Beitrag"}},{"node":{"title":"Slow and Low 05.08.2026","body":"","series_nid":"","series_start":"","series_end":"","nid":"81152","type":"Beitrag"}}]}