{"nodes":[{"node":{"title":"Democracy Now (US-Magazin)","body":"Aktueller Hinweis (17.10.2023) von der RDL Betriebsgruppe","series_nid":"3,349","series_start":"2026-08-13T07:00:00+02:00","series_end":"2026-08-13T08:00:00+02:00","nid":"17238","type":"Sendereihe"}},{"node":{"title":"Morgenradio","body":"Das Morgenradio unterh\u00e4lt und informiert \u00fcber politische, gesellschaftliche kulturelle Themen aus Freiburg und dem Umland, aus Europa und weltweit. Jeden Morgen, Montag bis Freitag von 8-10.","series_nid":"1,872","series_start":"2026-08-13T08:00:00+02:00","series_end":"2026-08-13T10:00:00+02:00","nid":"44809","type":"Sendereihe"}},{"node":{"title":"Historisches Tagesinfo","body":"Das Tagesinfo war bei Radio Dreyeckland \u00fcber Jahrzehnte bis in die sp\u00e4ten 90er Jahre regelm\u00e4\u00dfig um 18 Uhr zu h\u00f6ren.","series_nid":"2,442","series_start":"2026-08-13T10:00:00+02:00","series_end":"2026-08-13T11:00:00+02:00","nid":"21096","type":"Sendereihe"}},{"node":{"title":"Arbeitsweltradio (Wdh.)","body":"","series_nid":"360","series_start":"2026-08-13T11:00:00+02:00","series_end":"2026-08-13T12:00:00+02:00","nid":"17176","type":"Sendereihen-Wiederholung"}},{"node":{"title":"punkt12","body":"Mittagsmagazin mit Veranstaltungshinweisen f\u00fcr das Dreyeckland. Sendezeit: Montag bis Freitag von 12 bis 13 Uhr Fokussiert auf unser Sendegebiet h\u00f6rt ihr mittags zwischen 12:00 und 13:00 Uhr aktuelle Interviews und Portraits, Beitr\u00e4ge, Nachrichten und Rezensionen sowie Veranstaltungs- und Programmhinweise aus und f\u00fcr die subkulturellen Szenen des Dreyecklandes.","series_nid":"3,228","series_start":"2026-08-13T12:00:00+02:00","series_end":"2026-08-13T13:00:00+02:00","nid":"588","type":"Sendereihe"}},{"node":{"title":"Feature (Wh)","body":"","series_nid":"183","series_start":"2026-08-13T13:00:00+02:00","series_end":"2026-08-13T14:00:00+02:00","nid":"27192","type":"Sendereihen-Wiederholung"}},{"node":{"title":"Raices Nomades Wdhg. (spanisch)","body":"","series_nid":"143","series_start":"2026-08-13T15:00:00+02:00","series_end":"2026-08-13T16:00:00+02:00","nid":"68400","type":"Sendereihen-Wiederholung"}},{"node":{"title":"Das lesew\u00fctige Kaffeekr\u00e4nzchen","body":"Literatur ist unsere Leidenschaft. Unsere Sendungen widmen wir komplett der Belletristik. Sie bietet uns Blicke auf die Wirklichkeit, die uns die Wirklichkeit verstellt.","series_nid":"155","series_start":"2026-08-13T16:00:00+02:00","series_end":"2026-08-13T17:00:00+02:00","nid":"17181","type":"Sendereihe"}},{"node":{"title":"Musikmagazin","body":"Montag bis Freitag immer um 17 Uhr aktuelles Konzertgeschehen, Interviews und Neuheiten. Dazu genre-\u00fcbergreifend Musik.","series_nid":"3,372","series_start":"2026-08-13T17:00:00+02:00","series_end":"2026-08-13T18:00:00+02:00","nid":"766","type":"Sendereihe"}},{"node":{"title":"Fokus S\u00fcdwest","body":"Landespolitik Baden-W\u00fcrttemberg","series_nid":"589","series_start":"2026-08-13T18:00:00+02:00","series_end":"2026-08-13T18:30:00+02:00","nid":"769","type":"Sendereihe"}},{"node":{"title":"Onda-Info","body":"Sendezeit: Alle 2 Wochen am Donnerstag von 18.30 - 19 Uhr (im Wechsel mit focus international). ","series_nid":"299","series_start":"2026-08-13T18:30:00+02:00","series_end":"2026-08-13T19:00:00+02:00","nid":"772","type":"Sendereihe"}},{"node":{"title":"Radio Ech (deutsch)","body":"Das ist die halbst\u00fcndige deutsche Ausgabe der russischen Redaktion.","series_nid":"279","series_start":"2026-08-13T19:00:00+02:00","series_end":"2026-08-13T19:30:00+02:00","nid":"57548","type":"Sendereihe"}},{"node":{"title":"Schwule Welle","body":"Die Schwule Welle ist seit dem Radio Fr\u00fchling 1985 on Air\n19.30 - 21.00 Uhr: Schwule Welle\n\"Donnerstags habe ich nichts an... nur das Radio auf 102,3!\"","series_nid":"671","series_start":"2026-08-13T19:30:00+02:00","series_end":"2026-08-13T21:00:00+02:00","nid":"17177","type":"Sendereihe"}},{"node":{"title":"la vie avant tout","body":"Alle 2 Wochen am Donnerstag um 21 Uhr. 'La vie avant tout' - eine Sendung, die sich einer Musik verschrieben hat, die ber\u00fchrt, begeistert, bewegt - mal t\u00e4nzerisch, mal tr\u00e4umerisch.","series_nid":"290","series_start":"2026-08-13T21:00:00+02:00","series_end":"2026-08-13T22:00:00+02:00","nid":"26237","type":"Sendereihe"}},{"node":{"title":"musiVersity","body":"The Musical Diversity of Europe - Die musikalische und sprachliche Vielfalt Europas","series_nid":"276","series_start":"2026-08-13T22:00:00+02:00","series_end":"2026-08-13T23:00:00+02:00","nid":"28243","type":"Sendereihe"}},{"node":{"title":"Bluesclubradio","body":"Jeden Donnerstag 23:30-0:30 Uhr\nModeration: ArneHomepage: www.bluesclubradio.de","series_nid":"515","series_start":"2026-08-13T23:30:00+02:00","series_end":"2026-08-14T00:30:00+02:00","nid":"32270","type":"Sendereihe"}},{"node":{"title":"Historisches Tagesinfo 13.08.2026","body":"","series_nid":"","series_start":"","series_end":"","nid":"81224","type":"Beitrag"}},{"node":{"title":"Arbeitsweltradio 12.08.2026","body":"","series_nid":"","series_start":"","series_end":"","nid":"81221","type":"Beitrag"}},{"node":{"title":"die Allianz f\u00fcr Artenvielfalt berichtet","body":"Im Juni 2026 wurden in Baden-W\u00fcrttemberg drastische K\u00fcrzungen der Naturschutz-Mittel f\u00fcr Arten- und Biotopschutzma\u00dfnahmen vorgenommen.\u00a0","series_nid":"","series_start":"","series_end":"","nid":"81228","type":"Beitrag"}},{"node":{"title":"Raices Nomades (spanisch) 08.08.2026","body":"","series_nid":"","series_start":"","series_end":"","nid":"81183","type":"Beitrag"}},{"node":{"title":"Das Lesew\u00fctige Kaffeekr\u00e4nzchen - Flaneusen","body":"Der Flaneur ist eine vorwiegend literarische Figur aus dem 19. Jahrhundert. Bewusst langsam schweifte er beobachtend umher und sinnierte kritisch \u00fcber die st\u00e4dtische Moderne.","series_nid":"","series_start":"","series_end":"","nid":"81226","type":"Beitrag"}},{"node":{"title":"Literarisches Gespr\u00e4ch - Flaneusen ","body":"Flanieren, das bewusst langsame umherschweifen in St\u00e4dten und sinnieren \u00fcber urbane Ph\u00e4nomene, war lange eine M\u00e4nnerdom\u00e4ne. Im 19.","series_nid":"","series_start":"","series_end":"","nid":"81332","type":"Beitrag"}},{"node":{"title":"Bannmeilen - Anne Weber","body":"Vor der Olympiade in Paris sollen die Banlieues, insbesondere Seine-Saint Denis, umgestaltet werden.","series_nid":"","series_start":"","series_end":"","nid":"81336","type":"Beitrag"}},{"node":{"title":"Flexen - Hrsg. von Lea Sauer, Mia M\u00f6hring, \u00d6zlem \u00d6zg\u00fcr D\u00fcndar u.a.","body":"Ausgehend von der Annahme, dass das Flanieren, das Flexen, die bewusste Inbesitznahme von St\u00e4dten durch Frauen auch heute in vielen Orten noch nicht selbstverst\u00e4ndlich ist, hat der Verbrecher Verla","series_nid":"","series_start":"","series_end":"","nid":"81338","type":"Beitrag"}},{"node":{"title":"Am Fluss - Esther Kinsky","body":"Am River Lea flaniert Esther Kinskys Erz\u00e4hlerin.","series_nid":"","series_start":"","series_end":"","nid":"81340","type":"Beitrag"}},{"node":{"title":"Musikmagazin 13.08.2026","body":"","series_nid":"","series_start":"","series_end":"","nid":"81230","type":"Beitrag"}},{"node":{"title":"Fokus S\u00fcdwest 13.08.2026","body":"","series_nid":"","series_start":"","series_end":"","nid":"81231","type":"Beitrag"}},{"node":{"title":"GayMusic am 13.08.2026","body":"Musik von Schwulen, f\u00fcr Schwule und um Schwule herum","series_nid":"","series_start":"","series_end":"","nid":"81232","type":"Beitrag"}},{"node":{"title":"musiVersity 13.08.2026","body":"","series_nid":"","series_start":"","series_end":"","nid":"81233","type":"Beitrag"}},{"node":{"title":"Bluesclubradio 13.08.2026","body":"","series_nid":"","series_start":"","series_end":"","nid":"81234","type":"Beitrag"}}]}