{"nodes":[{"node":{"title":"Bluesclubradio","body":"Jeden Donnerstag 23:30-0:30 Uhr\nModeration: ArneHomepage: www.bluesclubradio.de","series_nid":"518","series_start":"2026-09-03T23:30:00+02:00","series_end":"2026-09-04T00:30:00+02:00","nid":"32270","type":"Sendereihe"}},{"node":{"title":"Democracy Now (US-Magazin)","body":"Aktueller Hinweis (17.10.2023) von der RDL Betriebsgruppe","series_nid":"3,365","series_start":"2026-09-04T07:00:00+02:00","series_end":"2026-09-04T08:00:00+02:00","nid":"17238","type":"Sendereihe"}},{"node":{"title":"Morgenradio","body":"Das Morgenradio unterh\u00e4lt und informiert \u00fcber politische, gesellschaftliche kulturelle Themen aus Freiburg und dem Umland, aus Europa und weltweit. Jeden Morgen, Montag bis Freitag von 8-10.","series_nid":"1,888","series_start":"2026-09-04T08:00:00+02:00","series_end":"2026-09-04T10:00:00+02:00","nid":"44809","type":"Sendereihe"}},{"node":{"title":"Historisches Tagesinfo","body":"Das Tagesinfo war bei Radio Dreyeckland \u00fcber Jahrzehnte bis in die sp\u00e4ten 90er Jahre regelm\u00e4\u00dfig um 18 Uhr zu h\u00f6ren.","series_nid":"2,455","series_start":"2026-09-04T10:00:00+02:00","series_end":"2026-09-04T11:00:00+02:00","nid":"21096","type":"Sendereihe"}},{"node":{"title":"S\u00fcdnordfunk - in Kooperation mit den iz3w (Wdh.)","body":"","series_nid":"133","series_start":"2026-09-04T11:00:00+02:00","series_end":"2026-09-04T12:00:00+02:00","nid":"28236","type":"Sendereihen-Wiederholung"}},{"node":{"title":"punkt12","body":"Mittagsmagazin mit Veranstaltungshinweisen f\u00fcr das Dreyeckland. Sendezeit: Montag bis Freitag von 12 bis 13 Uhr Fokussiert auf unser Sendegebiet h\u00f6rt ihr mittags zwischen 12:00 und 13:00 Uhr aktuelle Interviews und Portraits, Beitr\u00e4ge, Nachrichten und Rezensionen sowie Veranstaltungs- und Programmhinweise aus und f\u00fcr die subkulturellen Szenen des Dreyecklandes.","series_nid":"3,244","series_start":"2026-09-04T12:00:00+02:00","series_end":"2026-09-04T13:00:00+02:00","nid":"588","type":"Sendereihe"}},{"node":{"title":"Schwule Welle (Wdh.)","body":"","series_nid":"671","series_start":"2026-09-04T13:30:00+02:00","series_end":"2026-09-04T15:00:00+02:00","nid":"17178","type":"Sendereihen-Wiederholung"}},{"node":{"title":"Zweite Heimat","body":"Sendezeit: jeden Freitag von 15 - 16 Uhr\nDJ: Christian Rath","series_nid":"673","series_start":"2026-09-04T15:00:00+02:00","series_end":"2026-09-04T16:00:00+02:00","nid":"17163","type":"Sendereihe"}},{"node":{"title":"Musikmagazin","body":"Montag bis Freitag immer um 17 Uhr aktuelles Konzertgeschehen, Interviews und Neuheiten. Dazu genre-\u00fcbergreifend Musik.","series_nid":"3,388","series_start":"2026-09-04T17:00:00+02:00","series_end":"2026-09-04T18:00:00+02:00","nid":"766","type":"Sendereihe"}},{"node":{"title":"Infomagazin","body":"Eine Auswahl aktueller Beitr\u00e4ge zu politischen und gesellschaftlichen Themen aus Freiburg und der Welt. Montags, mittwochs und freitags um 18 Uhr.","series_nid":"1,758","series_start":"2026-09-04T18:00:00+02:00","series_end":"2026-09-04T19:00:00+02:00","nid":"21867","type":"Sendereihe"}},{"node":{"title":"O-Ton Playback","body":"Sendezeit: Jeden Freitag im Monat um 19 Uhr (Wiederholung: Dienstag um 14 Uhr)","series_nid":"666","series_start":"2026-09-04T19:00:00+02:00","series_end":"2026-09-04T20:00:00+02:00","nid":"17182","type":"Sendereihe"}},{"node":{"title":"Sountastic","body":"Sendezeit: Alle 4 Wochen freitags von 20-21 Uhr\nSountastic ist der Nachfolger der beliebten Sendung Voice of HipHop.","series_nid":"167","series_start":"2026-09-04T20:00:00+02:00","series_end":"2026-09-04T20:00:00+02:00","nid":"17161","type":"Sendereihe"}},{"node":{"title":"Die Welt ist eine Scheibe ","body":"Sendezeit: jeden zweiten Freitag von 21 - 23 Uhr\nDJ: G\u00f6tz Adler","series_nid":"337","series_start":"2026-09-04T21:00:00+02:00","series_end":"2026-09-04T23:00:00+02:00","nid":"767","type":"Sendereihe"}},{"node":{"title":"Landgericht erkl\u00e4rt Hausdurchsuchung wegen des Vorwurfs der Vermummung f\u00fcr rechtswidrig","body":"Wir hatten \u00fcber den Fall berichtet: Am 12. Mai fand in Freiburg eine Hausdurchsuchung statt. Der einzige Vorwurf: Vermummung bei Protesten gegen eine AfD-Veranstaltung im Februar 2025.","series_nid":"","series_start":"","series_end":"","nid":"81415","type":"Beitrag"}},{"node":{"title":"\"Die Forderung nach einem AfD Verbot ist das Gemeinn\u00fctzigste, was man gerade tun kann\"","body":"Das Berliner Finanzamt stellt die steuerrechtliche Gemeinn\u00fctzigkeit der \"Vereinigung der Verfolgten des Naziregimes \u2013 Bund der Antifaschist*innen (VVN-BdA)\" infrage.","series_nid":"","series_start":"","series_end":"","nid":"81417","type":"Beitrag"}},{"node":{"title":"Tagesinfo vom 6.September 2006","body":"\n\n\n\n\n\n\nMi","series_nid":"","series_start":"","series_end":"","nid":"81414","type":"Beitrag"}},{"node":{"title":"s\u00fcdnordfunk #148 | Trumps Lateinamerika-Politik |  90 Jahre Spanischer B\u00fcrgerkrieg | Friedensarbeit in Syrien","body":"In der Septemberausgabe des s\u00fcdnordfunk geht es zun\u00e4chst um aktuelle US-Machtpolitik in Lateinamerika: Christian Conde spricht mit Tobias Lambert \u00fcber Trumps\u00a0\u00bbDonroe-Doktrin\u00ab\u00a0und die Fortsetzung im","series_nid":"","series_start":"","series_end":"","nid":"81384","type":"Beitrag"}},{"node":{"title":"Freiwillige aus dem Globalen S\u00fcden im Spanischen B\u00fcrgerkrieg","body":"Vor 90 Jahren, am 17. Juli 1936 putschten rechte Milit\u00e4rs unter Franco gegen die Zweite Spanische Republik \u2013 der Beginn eines Krieges, der zum Vorboten des Zweiten Weltkriegs wurde.","series_nid":"","series_start":"","series_end":"","nid":"81385","type":"Beitrag"}},{"node":{"title":"Gespr\u00e4ch mit Tobias Lambert","body":"Im Sommer 2026 machte die US-Regierung unter Donald Trump noch einmal deutlich, dass sie die Monroe Doktrin fortsetzen will.","series_nid":"","series_start":"","series_end":"","nid":"81386","type":"Beitrag"}},{"node":{"title":"Die Syrische Friedensorganisation Swaadna","body":"Seit dem Sturz des Assad-Regimes im Dezember 2024 befindet sich Syrien in einer fragilen \u00dcbergangsphase.","series_nid":"","series_start":"","series_end":"","nid":"81387","type":"Beitrag"}},{"node":{"title":"Throwback Thursday \u2013 Kaffeeklatsch ohne Fleisch","body":"Es wurde wieder geklatscht im Studio. Wir hatten bei Kaffee und keinem Kuchen \u00fcber die gro\u00dfen und kleinen schwulen Geschichten aus Showbiz, Gesellschaft und Politik geplaudert.","series_nid":"","series_start":"","series_end":"","nid":"81409","type":"Beitrag"}},{"node":{"title":"Infomagazin 04.09.2026","body":"","series_nid":"","series_start":"","series_end":"","nid":"81419","type":"Beitrag"}},{"node":{"title":"\"Die Forderung nach einem AfD Verbot ist das Gemeinn\u00fctzigste, was man gerade tun kann\"","body":"Das Berliner Finanzamt stellt die steuerrechtliche Gemeinn\u00fctzigkeit der \"Vereinigung der Verfolgten des Naziregimes \u2013 Bund der Antifaschist*innen (VVN-BdA)\" infrage.","series_nid":"","series_start":"","series_end":"","nid":"81417","type":"Beitrag"}},{"node":{"title":"Landgericht erkl\u00e4rt Hausdurchsuchung wegen des Vorwurfs der Vermummung f\u00fcr rechtswidrig","body":"Wir hatten \u00fcber den Fall berichtet: Am 12. Mai fand in Freiburg eine Hausdurchsuchung statt. Der einzige Vorwurf: Vermummung bei Protesten gegen eine AfD-Veranstaltung im Februar 2025.","series_nid":"","series_start":"","series_end":"","nid":"81415","type":"Beitrag"}},{"node":{"title":"Razzia gegen Antifaschistin f\u00fcr rechtswidrig erkl\u00e4rt- ein Kommentar!","body":"\u00dcber ein Jahr nach einer friedlichen Anti-AfD-Demonstration durchsuchte die Freiburger Polizei die Wohnung einer un","series_nid":"","series_start":"","series_end":"","nid":"81416","type":"Beitrag"}},{"node":{"title":"Lieber Fahrr\u00e4der als Waffen: Demo gegen geplante R\u00fcstungsfabrik in Sangershausen","body":"Die derzeitige Militarisierung dr\u00fcckt sich bekanntlich nicht nur in der Wiedereinf\u00fchrung der Wehrpflicht aus. Auch erlebt die R\u00fcstungsindustrie einen Boom.","series_nid":"","series_start":"","series_end":"","nid":"81422","type":"Beitrag"}},{"node":{"title":"Gemeinsames Kochen empowert!","body":"Nur rund 5-6% aller Inhaftierten sind FLINTA* Personen. Ihre spezifischen Erfahrungen bleiben deshalb oft unsichtbar.","series_nid":"","series_start":"","series_end":"","nid":"81413","type":"Beitrag"}},{"node":{"title":"O-Ton Playback 04.09.2026","body":"","series_nid":"","series_start":"","series_end":"","nid":"81420","type":"Beitrag"}},{"node":{"title":"Die Welt ist eine Scheibe  04.09.2026","body":"","series_nid":"","series_start":"","series_end":"","nid":"81421","type":"Beitrag"}}]}