{"nodes":[{"node":{"title":"Metal-Demenz-Aeon","body":"Sendezeit: jeden 1. und 4. Sonntag von 22 \u2013 24 Uhr\nDJ's:Hubert, Ole, Sandor, Ozzi und Sturm","series_nid":"320","series_start":"2027-01-24T22:00:00+01:00","series_end":"2027-01-25T00:00:00+01:00","nid":"1064","type":"Sendereihe"}},{"node":{"title":"Historisches Tagesinfo","body":"Das Tagesinfo war bei Radio Dreyeckland \u00fcber Jahrzehnte bis in die sp\u00e4ten 90er Jahre regelm\u00e4\u00dfig um 18 Uhr zu h\u00f6ren.","series_nid":"2,536","series_start":"2027-01-25T10:00:00+01:00","series_end":"2027-01-25T11:00:00+01:00","nid":"21096","type":"Sendereihe"}},{"node":{"title":"Ausbruch - Die Antirepressionswelle (Wdh.)","body":"","series_nid":"104","series_start":"2027-01-25T11:00:00+01:00","series_end":"2027-01-25T12:00:00+01:00","nid":"41002","type":"Sendereihen-Wiederholung"}},{"node":{"title":"Freistunde FM - Jugendradio (Wdh.)","body":"","series_nid":"688","series_start":"2027-01-25T13:00:00+01:00","series_end":"2027-01-25T14:00:00+01:00","nid":"17219","type":"Sendereihen-Wiederholung"}},{"node":{"title":"Espaco Aberto (wdh.)","body":"","series_nid":"454","series_start":"2027-01-25T14:00:00+01:00","series_end":"2027-01-25T15:00:00+01:00","nid":"40724","type":"Sendereihen-Wiederholung"}},{"node":{"title":"Esperanto Magazin' (Montag)","body":"Sendezeit:\nMontags 2./4./5. im Monat 16-17 Uhr\nSonnntags 1./3./5. im Monat 13-14 Uhr\nprezentado","series_nid":"369","series_start":"2027-01-25T16:00:00+01:00","series_end":"2027-01-25T17:00:00+01:00","nid":"17765","type":"Sendereihe"}},{"node":{"title":"Musikmagazin","body":"Montag bis Freitag immer um 17 Uhr aktuelles Konzertgeschehen, Interviews und Neuheiten. Dazu genre-\u00fcbergreifend Musik.","series_nid":"3,489","series_start":"2027-01-25T17:00:00+01:00","series_end":"2027-01-25T18:00:00+01:00","nid":"766","type":"Sendereihe"}},{"node":{"title":"Infomagazin","body":"Eine Auswahl aktueller Beitr\u00e4ge zu politischen und gesellschaftlichen Themen aus Freiburg und der Welt. Montags, mittwochs und freitags um 18 Uhr.","series_nid":"1,819","series_start":"2027-01-25T18:00:00+01:00","series_end":"2027-01-25T19:00:00+01:00","nid":"21867","type":"Sendereihe"}},{"node":{"title":" Chaosradio Freiburg","body":"Mitmachen und Feedback,\u00a0live hier oder\u00a0anachronistisch\u00a0im Archiv \u2026","series_nid":"274","series_start":"2027-01-25T19:00:00+01:00","series_end":"2027-01-25T20:00:00+01:00","nid":"35236","type":"Sendereihe"}},{"node":{"title":"Babylon Calling","body":"Sendezeit: jeden Montag von 21 - 22.30 UhrDJs: Wolf, Thomas, Werner und J\u00fcrgen","series_nid":"697","series_start":"2027-01-25T21:00:00+01:00","series_end":"2027-01-25T22:30:00+01:00","nid":"17144","type":"Sendereihe"}},{"node":{"title":"THE DEAN\u2019S LIST","body":"THE DEAN\u2019S LIST (hosted by Dean) is a music show dedicated to playing some of the best music ever produced, including some you may have never heard before.","series_nid":"46","series_start":"2027-01-25T22:30:00+01:00","series_end":"2027-01-26T00:30:00+01:00","nid":"75593","type":"Sendereihe"}}]}